{"id":31,"date":"2025-01-28T16:47:05","date_gmt":"2025-01-28T15:47:05","guid":{"rendered":"https:\/\/www.fuss-ev.de\/offenburg\/?page_id=31"},"modified":"2026-04-22T16:05:40","modified_gmt":"2026-04-22T14:05:40","slug":"startseite","status":"publish","type":"page","link":"https:\/\/www.fuss-ev.de\/offenburg\/","title":{"rendered":"Startseite"},"content":{"rendered":"<div class=\"wpb-content-wrapper\"><p>[vc_row full_width=&#8221;stretch_row&#8221; css=&#8221;.vc_custom_1738151806191{margin-top: 20px !important;}&#8221;][vc_column][vc_column_text]<\/p>\n<h2 style=\"text-align: center\">FUSS e.V. ist die Stimme f\u00fcr besseren Fu\u00dfverkehr in Deutschland.<\/h2>\n<p>[\/vc_column_text][\/vc_column][\/vc_row][vc_row full_width=&#8221;stretch_row&#8221;][vc_column]<section class=\"ziele-area\"><div class=\"container\">\r\n          <div class=\"row\">\r\n            <div class=\"col-12\">\r\n              <div class=\"width-1040\">\r\n\r\n                <div class=\"article-inner\">\r\n                  <div class=\"article-title title\">\r\n                    <h3>Aktuelles<\/h3>\r\n                  <\/div>\r\n                  <div class=\"article-arrows\">\r\n                    <div class=\"r-left\">\r\n                      <svg width=\"45\" height=\"45\" viewBox=\"0 0 45 45\" fill=\"none\" xmlns=\"http:\/\/www.w3.org\/2000\/svg\">\r\n                        <circle cx=\"22.5\" cy=\"22.5\" r=\"22\" transform=\"rotate(-180 22.5 22.5)\" stroke=\"#858585\" \/>\r\n                        <g clip-path=\"url(#clip0_2_130)\">\r\n                          <path\r\n                            d=\"M16.6233 23.9804L19.3646 26.7499C19.4304 26.8163 19.5088 26.869 19.5951 26.905C19.6814 26.941 19.774 26.9595 19.8675 26.9595C19.961 26.9595 20.0536 26.941 20.1399 26.905C20.2262 26.869 20.3046 26.8163 20.3704 26.7499C20.5023 26.6172 20.5764 26.4377 20.5764 26.2506C20.5764 26.0634 20.5023 25.8839 20.3704 25.7512L17.8487 23.2083L32.2917 23.2083C32.4795 23.2083 32.6597 23.1337 32.7925 23.0008C32.9254 22.868 33 22.6878 33 22.4999V22.4999C33 22.3121 32.9254 22.1319 32.7925 21.9991C32.6597 21.8662 32.4795 21.7916 32.2917 21.7916L17.8062 21.7916L20.3704 19.2345C20.4368 19.1687 20.4895 19.0903 20.5255 19.004C20.5614 18.9177 20.5799 18.8251 20.5799 18.7316C20.5799 18.6381 20.5614 18.5455 20.5255 18.4592C20.4895 18.3729 20.4368 18.2945 20.3704 18.2287C20.3046 18.1623 20.2262 18.1096 20.1399 18.0736C20.0536 18.0377 19.961 18.0192 19.8675 18.0192C19.774 18.0192 19.6814 18.0377 19.5951 18.0736C19.5088 18.1096 19.4304 18.1623 19.3646 18.2287L16.6233 20.977C16.2254 21.3755 16.0019 21.9156 16.0019 22.4787C16.0019 23.0418 16.2254 23.5819 16.6233 23.9804Z\"\r\n                            fill=\"#858585\" \/>\r\n                        <\/g>\r\n                        <defs>\r\n                          <clipPath id=\"clip0_2_130\">\r\n                            <rect width=\"17\" height=\"17\" fill=\"white\" transform=\"translate(33 31) rotate(-180)\" \/>\r\n                          <\/clipPath>\r\n                        <\/defs>\r\n                      <\/svg>\r\n\r\n                    <\/div><!-- \/.r-left -->\r\n                    <div class=\"r-right\">\r\n                      <svg width=\"45\" height=\"45\" viewBox=\"0 0 45 45\" fill=\"none\" xmlns=\"http:\/\/www.w3.org\/2000\/svg\">\r\n                        <circle cx=\"22.5\" cy=\"22.5\" r=\"22\" stroke=\"#858585\" \/>\r\n                        <g clip-path=\"url(#clip0_2_406)\">\r\n                          <path\r\n                            d=\"M28.3767 21.0196L25.6354 18.25C25.5696 18.1836 25.4912 18.1309 25.4049 18.0949C25.3186 18.059 25.226 18.0405 25.1325 18.0405C25.039 18.0405 24.9464 18.059 24.8601 18.0949C24.7738 18.1309 24.6954 18.1836 24.6296 18.25C24.4977 18.3827 24.4236 18.5622 24.4236 18.7494C24.4236 18.9365 24.4977 19.116 24.6296 19.2487L27.1513 21.7917H12.7083C12.5205 21.7917 12.3403 21.8663 12.2075 21.9991C12.0746 22.132 12 22.3121 12 22.5V22.5C12 22.6879 12.0746 22.868 12.2075 23.0009C12.3403 23.1337 12.5205 23.2083 12.7083 23.2083H27.1938L24.6296 25.7654C24.5632 25.8313 24.5105 25.9096 24.4745 25.9959C24.4386 26.0822 24.4201 26.1748 24.4201 26.2683C24.4201 26.3618 24.4386 26.4544 24.4745 26.5407C24.5105 26.627 24.5632 26.7054 24.6296 26.7712C24.6954 26.8376 24.7738 26.8903 24.8601 26.9263C24.9464 26.9622 25.039 26.9808 25.1325 26.9808C25.226 26.9808 25.3186 26.9622 25.4049 26.9263C25.4912 26.8903 25.5696 26.8376 25.6354 26.7712L28.3767 24.0229C28.7746 23.6245 28.9981 23.0844 28.9981 22.5212C28.9981 21.9581 28.7746 21.418 28.3767 21.0196Z\"\r\n                            fill=\"#858585\" \/>\r\n                        <\/g>\r\n                        <defs>\r\n                          <clipPath id=\"clip0_2_406\">\r\n                            <rect width=\"17\" height=\"17\" fill=\"white\" transform=\"translate(12 14)\" \/>\r\n                          <\/clipPath>\r\n                        <\/defs>\r\n                      <\/svg>\r\n\r\n                    <\/div><!-- \/.r-right -->\r\n\r\n                    <\/div>\r\n                  <\/div>\r\n                  <div class=\"ziele-slider\" data-slides=\"3\">\r\n                \r\n<div class=\"article-card\">\r\n  <div class=\"article-inner-card\">\r\n    <div class=\"article-card-img\"><div class=\"single-image-holder\"><img loading=\"lazy\" decoding=\"async\" width=\"2309\" height=\"1299\" src=\"https:\/\/www.fuss-ev.de\/offenburg\/wp-content\/uploads\/sites\/16\/2026\/04\/PXL_20251010_142830298.jpg\" class=\"attachment-full size-full wp-post-image\" alt=\"\" srcset=\"https:\/\/www.fuss-ev.de\/offenburg\/wp-content\/uploads\/sites\/16\/2026\/04\/PXL_20251010_142830298.jpg 2309w, https:\/\/www.fuss-ev.de\/offenburg\/wp-content\/uploads\/sites\/16\/2026\/04\/PXL_20251010_142830298-300x169.jpg 300w, https:\/\/www.fuss-ev.de\/offenburg\/wp-content\/uploads\/sites\/16\/2026\/04\/PXL_20251010_142830298-1024x576.jpg 1024w, https:\/\/www.fuss-ev.de\/offenburg\/wp-content\/uploads\/sites\/16\/2026\/04\/PXL_20251010_142830298-768x432.jpg 768w, https:\/\/www.fuss-ev.de\/offenburg\/wp-content\/uploads\/sites\/16\/2026\/04\/PXL_20251010_142830298-1536x864.jpg 1536w, https:\/\/www.fuss-ev.de\/offenburg\/wp-content\/uploads\/sites\/16\/2026\/04\/PXL_20251010_142830298-2048x1152.jpg 2048w\" sizes=\"auto, (max-width: 2309px) 100vw, 2309px\" \/><\/div><\/div>    <div class=\"article-slider-text\">\r\n      <span>22.04.26<\/span>      <h3>Der Fu\u00dfverkehrs-Check in Offenburg: Gute Analyse \u2013 politisch halbiert<\/h3>\r\n      <p><p>[vc_row][vc_column][vc_column_text css=&#8221;&#8221;]Der Abschlussbericht zum Fu\u00dfverkehrs-Check in Offenburg liegt endlich vor. Und er ist deutlich. Er zeigt, was viele l\u00e4ngst wissen: Unsere Stadt ist nicht auf den Fu\u00dfverkehr ausgelegt \u2013 obwohl genau dieser die Grundlage aller [&hellip;]<\/p>\n<\/p>\r\n      <a href=\"https:\/\/www.fuss-ev.de\/offenburg\/2026\/04\/22\/der-fussverkehrs-check-in-offenburg-gute-analyse-politisch-halbiert\/\" target=\"_blank\">Mehr...<\/a>\r\n    <\/div>\r\n  <\/div>\r\n<\/div>\r\n\r\n<div class=\"article-card\">\r\n  <div class=\"article-inner-card\">\r\n    <div class=\"article-card-img\"><div class=\"single-image-holder\"><img loading=\"lazy\" decoding=\"async\" width=\"1698\" height=\"955\" src=\"https:\/\/www.fuss-ev.de\/offenburg\/wp-content\/uploads\/sites\/16\/2025\/11\/PXL_20251108_084026807.jpg\" class=\"attachment-full size-full wp-post-image\" alt=\"\" srcset=\"https:\/\/www.fuss-ev.de\/offenburg\/wp-content\/uploads\/sites\/16\/2025\/11\/PXL_20251108_084026807.jpg 1698w, https:\/\/www.fuss-ev.de\/offenburg\/wp-content\/uploads\/sites\/16\/2025\/11\/PXL_20251108_084026807-300x169.jpg 300w, https:\/\/www.fuss-ev.de\/offenburg\/wp-content\/uploads\/sites\/16\/2025\/11\/PXL_20251108_084026807-1024x576.jpg 1024w, https:\/\/www.fuss-ev.de\/offenburg\/wp-content\/uploads\/sites\/16\/2025\/11\/PXL_20251108_084026807-768x432.jpg 768w, https:\/\/www.fuss-ev.de\/offenburg\/wp-content\/uploads\/sites\/16\/2025\/11\/PXL_20251108_084026807-1536x864.jpg 1536w\" sizes=\"auto, (max-width: 1698px) 100vw, 1698px\" \/><\/div><\/div>    <div class=\"article-slider-text\">\r\n      <span>28.11.25<\/span>      <h3>Fu\u00dfverkehrs-Check Offenburg: Viele gute Ideen \u2013 jetzt braucht es Mut zur Umsetzung<\/h3>\r\n      <p><p>Offenburg hat heute einen wichtigen Schritt gemacht. Beim Abschluss-Workshop des Fu\u00dfverkehrs-Checks wurden nicht nur Probleme benannt, sondern auch konkrete Ma\u00dfnahmen gesammelt, priorisiert und mit Leben gef\u00fcllt. Und das Beeindruckende: Die Menschen waren sich erstaunlich einig, [&hellip;]<\/p>\n<\/p>\r\n      <a href=\"https:\/\/www.fuss-ev.de\/offenburg\/2025\/11\/28\/fussverkehrs-check-offenburg-viele-gute-ideen-jetzt-braucht-es-mut-zur-umsetzung\/\" target=\"_blank\">Mehr...<\/a>\r\n    <\/div>\r\n  <\/div>\r\n<\/div>\r\n\r\n<div class=\"article-card\">\r\n  <div class=\"article-inner-card\">\r\n    <div class=\"article-card-img\"><div class=\"single-image-holder\"><img loading=\"lazy\" decoding=\"async\" width=\"1152\" height=\"2048\" src=\"https:\/\/www.fuss-ev.de\/offenburg\/wp-content\/uploads\/sites\/16\/2025\/09\/PXL_20250919_143811365-1152x2048-1.jpg\" class=\"attachment-full size-full wp-post-image\" alt=\"Protest muss st\u00f6ren. FUSS e.V. beim ParkingDay in Offenburg\" srcset=\"https:\/\/www.fuss-ev.de\/offenburg\/wp-content\/uploads\/sites\/16\/2025\/09\/PXL_20250919_143811365-1152x2048-1.jpg 1152w, https:\/\/www.fuss-ev.de\/offenburg\/wp-content\/uploads\/sites\/16\/2025\/09\/PXL_20250919_143811365-1152x2048-1-169x300.jpg 169w, https:\/\/www.fuss-ev.de\/offenburg\/wp-content\/uploads\/sites\/16\/2025\/09\/PXL_20250919_143811365-1152x2048-1-576x1024.jpg 576w, https:\/\/www.fuss-ev.de\/offenburg\/wp-content\/uploads\/sites\/16\/2025\/09\/PXL_20250919_143811365-1152x2048-1-768x1365.jpg 768w, https:\/\/www.fuss-ev.de\/offenburg\/wp-content\/uploads\/sites\/16\/2025\/09\/PXL_20250919_143811365-1152x2048-1-864x1536.jpg 864w\" sizes=\"auto, (max-width: 1152px) 100vw, 1152px\" \/><\/div><\/div>    <div class=\"article-slider-text\">\r\n      <span>21.09.25<\/span>      <h3>Menschen schwitzen, Autos chillen \u2013 echt jetzt?<\/h3>\r\n      <p><p>[vc_row][vc_column][vc_column_text css=&#8221;&#8221;]Offenburgs Innenstadt im Sommer: Auf dem Marktplatz sitzen Menschen dicht gedr\u00e4ngt in der prallen Sonne, schwitzen, f\u00e4cheln sich Luft zu. Ein paar hundert Meter weiter, am Gerichtsplatz, stehen Autos unter einem herrlichen gr\u00fcnen Bl\u00e4tterdach, [&hellip;]<\/p>\n<\/p>\r\n      <a href=\"https:\/\/www.fuss-ev.de\/offenburg\/2025\/09\/21\/menschen-schwitzen-autos-chillen-echt-jetzt\/\" target=\"_blank\">Mehr...<\/a>\r\n    <\/div>\r\n  <\/div>\r\n<\/div>\r\n\r\n<div class=\"article-card\">\r\n  <div class=\"article-inner-card\">\r\n    <div class=\"article-card-img\"><div class=\"single-image-holder\"><img loading=\"lazy\" decoding=\"async\" width=\"2560\" height=\"2316\" src=\"https:\/\/www.fuss-ev.de\/offenburg\/wp-content\/uploads\/sites\/16\/2025\/09\/PXL_20250917_181207688-scaled.jpg\" class=\"attachment-full size-full wp-post-image\" alt=\"Pinnwand mit Vorschl\u00e4gen beim Fussverkehrs-Check\" srcset=\"https:\/\/www.fuss-ev.de\/offenburg\/wp-content\/uploads\/sites\/16\/2025\/09\/PXL_20250917_181207688-scaled.jpg 2560w, https:\/\/www.fuss-ev.de\/offenburg\/wp-content\/uploads\/sites\/16\/2025\/09\/PXL_20250917_181207688-300x271.jpg 300w, https:\/\/www.fuss-ev.de\/offenburg\/wp-content\/uploads\/sites\/16\/2025\/09\/PXL_20250917_181207688-1024x926.jpg 1024w, https:\/\/www.fuss-ev.de\/offenburg\/wp-content\/uploads\/sites\/16\/2025\/09\/PXL_20250917_181207688-768x695.jpg 768w, https:\/\/www.fuss-ev.de\/offenburg\/wp-content\/uploads\/sites\/16\/2025\/09\/PXL_20250917_181207688-1536x1389.jpg 1536w, https:\/\/www.fuss-ev.de\/offenburg\/wp-content\/uploads\/sites\/16\/2025\/09\/PXL_20250917_181207688-2048x1853.jpg 2048w\" sizes=\"auto, (max-width: 2560px) 100vw, 2560px\" \/><\/div><\/div>    <div class=\"article-slider-text\">\r\n      <span>21.09.25<\/span>      <h3>Offenburg startet Fu\u00dfverkehrs-Check 2025: Gehwege frei r\u00e4umen!<\/h3>\r\n      <p><p>[vc_row][vc_column][vc_column_text css=&#8221;&#8221;] Am Mittwoch fiel in Offenburg der Startschuss f\u00fcr den Fu\u00dfverkehrs-Check des Landes Baden-W\u00fcrttemberg. Ziel ist es, die Situation f\u00fcr zu Fu\u00df Gehende im Alltag genauer unter die Lupe zu nehmen und gemeinsam Vorschl\u00e4ge [&hellip;]<\/p>\n<\/p>\r\n      <a href=\"https:\/\/www.fuss-ev.de\/offenburg\/2025\/09\/21\/offenburg-startet-fussverkehrs-check-2025-gehwege-frei-raeumen\/\" target=\"_blank\">Mehr...<\/a>\r\n    <\/div>\r\n  <\/div>\r\n<\/div>\r\n\r\n<div class=\"article-card\">\r\n  <div class=\"article-inner-card\">\r\n    <div class=\"article-card-img\"><div class=\"single-image-holder\"><img loading=\"lazy\" decoding=\"async\" width=\"2560\" height=\"1440\" src=\"https:\/\/www.fuss-ev.de\/offenburg\/wp-content\/uploads\/sites\/16\/2025\/07\/Spielraum-Beats-17.05.25-94-von-96-scaled.jpeg\" class=\"attachment-full size-full wp-post-image\" alt=\"\" srcset=\"https:\/\/www.fuss-ev.de\/offenburg\/wp-content\/uploads\/sites\/16\/2025\/07\/Spielraum-Beats-17.05.25-94-von-96-scaled.jpeg 2560w, https:\/\/www.fuss-ev.de\/offenburg\/wp-content\/uploads\/sites\/16\/2025\/07\/Spielraum-Beats-17.05.25-94-von-96-300x169.jpeg 300w, https:\/\/www.fuss-ev.de\/offenburg\/wp-content\/uploads\/sites\/16\/2025\/07\/Spielraum-Beats-17.05.25-94-von-96-1024x576.jpeg 1024w, https:\/\/www.fuss-ev.de\/offenburg\/wp-content\/uploads\/sites\/16\/2025\/07\/Spielraum-Beats-17.05.25-94-von-96-768x432.jpeg 768w, https:\/\/www.fuss-ev.de\/offenburg\/wp-content\/uploads\/sites\/16\/2025\/07\/Spielraum-Beats-17.05.25-94-von-96-1536x864.jpeg 1536w, https:\/\/www.fuss-ev.de\/offenburg\/wp-content\/uploads\/sites\/16\/2025\/07\/Spielraum-Beats-17.05.25-94-von-96-2048x1152.jpeg 2048w\" sizes=\"auto, (max-width: 2560px) 100vw, 2560px\" \/><\/div><\/div>    <div class=\"article-slider-text\">\r\n      <span>28.07.25<\/span>      <h3>Spielraum Beats \u2013 Kinderdisco trifft Stadtwandel!<\/h3>\r\n      <p><p>Offenburg, 17. Juli 2025, 15:00\u201317:00 \u2013 Spielplatz am Platz der Verfassungsfreunde Am Nachmittag des 17. Juli verwandelte sich der Spielplatz in Offenburg f\u00fcr zwei Stunden in einen lebendigen Raum voller Beats, Tanz und politischer Diskussion [&hellip;]<\/p>\n<\/p>\r\n      <a href=\"https:\/\/www.fuss-ev.de\/offenburg\/2025\/07\/28\/spielraum-beats-kinderdisco-trifft-stadtwandel\/\" target=\"_blank\">Mehr...<\/a>\r\n    <\/div>\r\n  <\/div>\r\n<\/div>\r\n\r\n<div class=\"article-card\">\r\n  <div class=\"article-inner-card\">\r\n    <div class=\"article-card-img\"><div class=\"single-image-holder\"><img loading=\"lazy\" decoding=\"async\" width=\"1146\" height=\"1146\" src=\"https:\/\/www.fuss-ev.de\/offenburg\/wp-content\/uploads\/sites\/16\/2025\/07\/PXL_20250726_084011163.RAW-01.COVER2_.jpg\" class=\"attachment-full size-full wp-post-image\" alt=\"\" srcset=\"https:\/\/www.fuss-ev.de\/offenburg\/wp-content\/uploads\/sites\/16\/2025\/07\/PXL_20250726_084011163.RAW-01.COVER2_.jpg 1146w, https:\/\/www.fuss-ev.de\/offenburg\/wp-content\/uploads\/sites\/16\/2025\/07\/PXL_20250726_084011163.RAW-01.COVER2_-300x300.jpg 300w, https:\/\/www.fuss-ev.de\/offenburg\/wp-content\/uploads\/sites\/16\/2025\/07\/PXL_20250726_084011163.RAW-01.COVER2_-1024x1024.jpg 1024w, https:\/\/www.fuss-ev.de\/offenburg\/wp-content\/uploads\/sites\/16\/2025\/07\/PXL_20250726_084011163.RAW-01.COVER2_-150x150.jpg 150w, https:\/\/www.fuss-ev.de\/offenburg\/wp-content\/uploads\/sites\/16\/2025\/07\/PXL_20250726_084011163.RAW-01.COVER2_-768x768.jpg 768w, https:\/\/www.fuss-ev.de\/offenburg\/wp-content\/uploads\/sites\/16\/2025\/07\/PXL_20250726_084011163.RAW-01.COVER2_-100x100.jpg 100w\" sizes=\"auto, (max-width: 1146px) 100vw, 1146px\" \/><\/div><\/div>    <div class=\"article-slider-text\">\r\n      <span>27.07.25<\/span>      <h3>Die Stadt zu F\u00fc\u00dfen \u2013 Gespr\u00e4che \u00fcber eine gerechtere Zukunft<\/h3>\r\n      <p><p>Am Samstag lag unser begehbarer Stadtplan direkt vor dem Rathaus \u2013 und mit ihm die Ideen, W\u00fcnsche und Forderungen der Offenburger:innen. Viele Passant:innen hielten inne, schauten, diskutierten, markierten Orte, an denen sie Ver\u00e4nderungen w\u00fcnschen. Immer [&hellip;]<\/p>\n<\/p>\r\n      <a href=\"https:\/\/www.fuss-ev.de\/offenburg\/2025\/07\/27\/die-stadt-zu-fuessen-gespraeche-ueber-eine-gerechtere-zukunft\/\" target=\"_blank\">Mehr...<\/a>\r\n    <\/div>\r\n  <\/div>\r\n<\/div>\r\n\r\n                  <\/div>\r\n                  <\/div>\r\n                  <\/div>\r\n                  <\/div>\r\n                  <\/div>\r\n                  <\/section>[\/vc_column][\/vc_row][vc_row][vc_column][vc_column_text css=&#8221;.vc_custom_1738151753859{margin-bottom: 0px !important;}&#8221;]<\/p>\n<h1><span style=\"color: #167479\">Wir engagieren uns f\u00fcr&#8230;<\/span><\/h1>\n<p>[\/vc_column_text][vc_separator color=&#8221;custom&#8221; border_width=&#8221;2&#8243; css=&#8221;.vc_custom_1738151747552{margin-top: 0px !important;padding-top: 0px !important;}&#8221; accent_color=&#8221;#167479&#8243;][vc_row_inner][vc_column_inner width=&#8221;1\/3&#8243;]<div class=\"wb-media-link\">\r\n      <div class=\"single-image-holder\"><img loading=\"lazy\" decoding=\"async\" width=\"2503\" height=\"1530\" src=\"https:\/\/www.fuss-ev.de\/offenburg\/wp-content\/uploads\/sites\/16\/2025\/01\/Mobilitaet-fuer-Alle-Kinder-halten-Haende-und-ueberqueren-ein-Zebrastreifen-FUSS-eV.jpg\" class=\"attachment-full size-full\" alt=\"\" srcset=\"https:\/\/www.fuss-ev.de\/offenburg\/wp-content\/uploads\/sites\/16\/2025\/01\/Mobilitaet-fuer-Alle-Kinder-halten-Haende-und-ueberqueren-ein-Zebrastreifen-FUSS-eV.jpg 2503w, https:\/\/www.fuss-ev.de\/offenburg\/wp-content\/uploads\/sites\/16\/2025\/01\/Mobilitaet-fuer-Alle-Kinder-halten-Haende-und-ueberqueren-ein-Zebrastreifen-FUSS-eV-300x183.jpg 300w, https:\/\/www.fuss-ev.de\/offenburg\/wp-content\/uploads\/sites\/16\/2025\/01\/Mobilitaet-fuer-Alle-Kinder-halten-Haende-und-ueberqueren-ein-Zebrastreifen-FUSS-eV-1024x626.jpg 1024w, https:\/\/www.fuss-ev.de\/offenburg\/wp-content\/uploads\/sites\/16\/2025\/01\/Mobilitaet-fuer-Alle-Kinder-halten-Haende-und-ueberqueren-ein-Zebrastreifen-FUSS-eV-768x469.jpg 768w, https:\/\/www.fuss-ev.de\/offenburg\/wp-content\/uploads\/sites\/16\/2025\/01\/Mobilitaet-fuer-Alle-Kinder-halten-Haende-und-ueberqueren-ein-Zebrastreifen-FUSS-eV-1536x939.jpg 1536w, https:\/\/www.fuss-ev.de\/offenburg\/wp-content\/uploads\/sites\/16\/2025\/01\/Mobilitaet-fuer-Alle-Kinder-halten-Haende-und-ueberqueren-ein-Zebrastreifen-FUSS-eV-2048x1252.jpg 2048w\" sizes=\"auto, (max-width: 2503px) 100vw, 2503px\" \/><\/div><div class=\"wb-media-link-text-title\">Mobilit\u00e4t f\u00fcr alle<\/div><\/div>[\/vc_column_inner][vc_column_inner width=&#8221;1\/3&#8243;]<div class=\"wb-media-link\">\r\n      <div class=\"single-image-holder\"><img loading=\"lazy\" decoding=\"async\" width=\"2532\" height=\"1540\" src=\"https:\/\/www.fuss-ev.de\/offenburg\/wp-content\/uploads\/sites\/16\/2025\/01\/Gesunde-Welt-Menschen-laufen-auf-der-Strasse-neben-Natur-FUSS-eV.jpg\" class=\"attachment-full size-full\" alt=\"\" srcset=\"https:\/\/www.fuss-ev.de\/offenburg\/wp-content\/uploads\/sites\/16\/2025\/01\/Gesunde-Welt-Menschen-laufen-auf-der-Strasse-neben-Natur-FUSS-eV.jpg 2532w, https:\/\/www.fuss-ev.de\/offenburg\/wp-content\/uploads\/sites\/16\/2025\/01\/Gesunde-Welt-Menschen-laufen-auf-der-Strasse-neben-Natur-FUSS-eV-300x182.jpg 300w, https:\/\/www.fuss-ev.de\/offenburg\/wp-content\/uploads\/sites\/16\/2025\/01\/Gesunde-Welt-Menschen-laufen-auf-der-Strasse-neben-Natur-FUSS-eV-1024x623.jpg 1024w, https:\/\/www.fuss-ev.de\/offenburg\/wp-content\/uploads\/sites\/16\/2025\/01\/Gesunde-Welt-Menschen-laufen-auf-der-Strasse-neben-Natur-FUSS-eV-768x467.jpg 768w, https:\/\/www.fuss-ev.de\/offenburg\/wp-content\/uploads\/sites\/16\/2025\/01\/Gesunde-Welt-Menschen-laufen-auf-der-Strasse-neben-Natur-FUSS-eV-1536x934.jpg 1536w, https:\/\/www.fuss-ev.de\/offenburg\/wp-content\/uploads\/sites\/16\/2025\/01\/Gesunde-Welt-Menschen-laufen-auf-der-Strasse-neben-Natur-FUSS-eV-2048x1246.jpg 2048w\" sizes=\"auto, (max-width: 2532px) 100vw, 2532px\" \/><\/div><div class=\"wb-media-link-text-title\">eine gesunde Welt<\/div><\/div>[\/vc_column_inner][vc_column_inner width=&#8221;1\/3&#8243;]<div class=\"wb-media-link\">\r\n      <div class=\"single-image-holder\"><img loading=\"lazy\" decoding=\"async\" width=\"1914\" height=\"848\" src=\"https:\/\/www.fuss-ev.de\/offenburg\/wp-content\/uploads\/sites\/16\/2025\/01\/Menschenmenge-laeuft-an-einem-oeffnetlichen-Ort-FUSS-eV.jpg\" class=\"attachment-full size-full\" alt=\"\" srcset=\"https:\/\/www.fuss-ev.de\/offenburg\/wp-content\/uploads\/sites\/16\/2025\/01\/Menschenmenge-laeuft-an-einem-oeffnetlichen-Ort-FUSS-eV.jpg 1914w, https:\/\/www.fuss-ev.de\/offenburg\/wp-content\/uploads\/sites\/16\/2025\/01\/Menschenmenge-laeuft-an-einem-oeffnetlichen-Ort-FUSS-eV-300x133.jpg 300w, https:\/\/www.fuss-ev.de\/offenburg\/wp-content\/uploads\/sites\/16\/2025\/01\/Menschenmenge-laeuft-an-einem-oeffnetlichen-Ort-FUSS-eV-1024x454.jpg 1024w, https:\/\/www.fuss-ev.de\/offenburg\/wp-content\/uploads\/sites\/16\/2025\/01\/Menschenmenge-laeuft-an-einem-oeffnetlichen-Ort-FUSS-eV-768x340.jpg 768w, https:\/\/www.fuss-ev.de\/offenburg\/wp-content\/uploads\/sites\/16\/2025\/01\/Menschenmenge-laeuft-an-einem-oeffnetlichen-Ort-FUSS-eV-1536x681.jpg 1536w\" sizes=\"auto, (max-width: 1914px) 100vw, 1914px\" \/><\/div><div class=\"wb-media-link-text-title\">Lebendige St\u00e4dte<\/div><\/div>[\/vc_column_inner][\/vc_row_inner][\/vc_column][\/vc_row][vc_row css=&#8221;.vc_custom_1738151696823{margin-bottom: 0px !important;padding-bottom: 0px !important;}&#8221;][vc_column][vc_column_text css=&#8221;&#8221;]<\/p>\n<h1>Alles \u00fcber Fu\u00dfverkehr<\/h1>\n<p>[\/vc_column_text][\/vc_column][\/vc_row][vc_row css=&#8221;.vc_custom_1738151704956{margin-top: 0px !important;padding-top: 0px !important;}&#8221;][vc_column width=&#8221;1\/2&#8243;][vc_single_image image=&#8221;59&#8243;][\/vc_column][vc_column width=&#8221;1\/2&#8243;][vc_row_inner][vc_column_inner width=&#8221;3\/4&#8243;][vc_column_text]Warum ist Gehen eine so starke Mobilit\u00e4tsform? Was macht einen guten Weg aus? Wie sichert man den Gang \u00fcber die Fahrbahn? Was tun, wenn einem Auto, Fahrrad und Co. in die Quere kommen?<\/p>\n<p>Hier finden Sie Antworten zu Ihren Fragen rund um das Thema Fu\u00dfverkehr.[\/vc_column_text][\/vc_column_inner][vc_column_inner width=&#8221;1\/4&#8243;][\/vc_column_inner][\/vc_row_inner][vc_btn title=&#8221;Themen&#8221; link=&#8221;url:https%3A%2F%2Ffuss-ev.de%2Falles-ueber-fussverkehr%2F|title:Alles%20%C3%BCber%20Fu%C3%9Fverkehr|target:_blank&#8221;][vc_btn title=&#8221;Unsere Medien&#8221; link=&#8221;url:https%3A%2F%2Ffuss-ev.de%2Fueber-uns%2Funsere-medien%2F|title:Unsere%20Medien|target:_blank&#8221;][\/vc_column][\/vc_row][vc_row][vc_column][vc_column_text css=&#8221;.vc_custom_1738151677784{margin-bottom: 0px !important;}&#8221;]<\/p>\n<h1><span style=\"color: #167479\">Unsere Angebote<\/span><\/h1>\n<p>[\/vc_column_text][vc_separator color=&#8221;custom&#8221; border_width=&#8221;2&#8243; css=&#8221;.vc_custom_1738151681944{margin-top: 0px !important;padding-top: 0px !important;}&#8221; accent_color=&#8221;#167479&#8243;][vc_row_inner][vc_column_inner width=&#8221;1\/3&#8243;]<div class=\"article-card\">\r\n      <div class=\"article-inner-card\">\r\n        <div class=\"article-card-img\">\r\n          <div class=\"single-image-holder\"><img loading=\"lazy\" decoding=\"async\" width=\"800\" height=\"600\" src=\"https:\/\/www.fuss-ev.de\/offenburg\/wp-content\/uploads\/sites\/16\/2025\/01\/MobiLogisch-Zeitung-FUSS-eV.jpg\" class=\"attachment-full size-full\" alt=\"\" srcset=\"https:\/\/www.fuss-ev.de\/offenburg\/wp-content\/uploads\/sites\/16\/2025\/01\/MobiLogisch-Zeitung-FUSS-eV.jpg 800w, https:\/\/www.fuss-ev.de\/offenburg\/wp-content\/uploads\/sites\/16\/2025\/01\/MobiLogisch-Zeitung-FUSS-eV-300x225.jpg 300w, https:\/\/www.fuss-ev.de\/offenburg\/wp-content\/uploads\/sites\/16\/2025\/01\/MobiLogisch-Zeitung-FUSS-eV-768x576.jpg 768w\" sizes=\"auto, (max-width: 800px) 100vw, 800px\" \/><\/div>\r\n        <\/div>\r\n        <div class=\"article-slider-text\"><h3>Immer auf dem Laufenden? MobiLogisch!<\/h3>\r\n          <p>Mit unserer Quartalszeitschrift \u201cMobiLogisch \u2013 f\u00fcr eine nachhaltig bewegte Welt\u201d wissen, wer lenkt, mehr als Bahnhof verstehen und erfahren, wie man(ches) besser gehen kann.<\/p>\r\n          <a href=\"https:\/\/mobilogisch.de\/\" title=\"mobilogisch.de\" target=\"_blank\">Mehr...<\/a>\r\n        <\/div>\r\n      <\/div>\r\n    <\/div>[\/vc_column_inner][vc_column_inner width=&#8221;1\/3&#8243;]<div class=\"article-card\">\r\n      <div class=\"article-inner-card\">\r\n        <div class=\"article-card-img\">\r\n          <div class=\"single-image-holder\"><img loading=\"lazy\" decoding=\"async\" width=\"800\" height=\"600\" src=\"https:\/\/www.fuss-ev.de\/offenburg\/wp-content\/uploads\/sites\/16\/2025\/01\/Newsletter-Repraesentativbild-Quadratisch-FUSS-eV.jpg\" class=\"attachment-full size-full\" alt=\"\" srcset=\"https:\/\/www.fuss-ev.de\/offenburg\/wp-content\/uploads\/sites\/16\/2025\/01\/Newsletter-Repraesentativbild-Quadratisch-FUSS-eV.jpg 800w, https:\/\/www.fuss-ev.de\/offenburg\/wp-content\/uploads\/sites\/16\/2025\/01\/Newsletter-Repraesentativbild-Quadratisch-FUSS-eV-300x225.jpg 300w, https:\/\/www.fuss-ev.de\/offenburg\/wp-content\/uploads\/sites\/16\/2025\/01\/Newsletter-Repraesentativbild-Quadratisch-FUSS-eV-768x576.jpg 768w\" sizes=\"auto, (max-width: 800px) 100vw, 800px\" \/><\/div>\r\n        <\/div>\r\n        <div class=\"article-slider-text\"><h3>Newsletter des FUSS e.V.<\/h3>\r\n          <p>Einmal pro Monat frische Infos aus Welt des Fu\u00dfverkehrs: neue Ver\u00f6ffentlichungen, bevorstehende Veranstaltungen, aktuelle politische Entwicklungen und alles zur Arbeit des FUSS e.V.<\/p>\r\n          <a href=\"https:\/\/fuss-ev.de\/newsletter\/\" title=\"Newsletter FUSS e.V\" target=\"_blank\">Mehr...<\/a>\r\n        <\/div>\r\n      <\/div>\r\n    <\/div>[\/vc_column_inner][vc_column_inner width=&#8221;1\/3&#8243;]<div class=\"article-card\">\r\n      <div class=\"article-inner-card\">\r\n        <div class=\"article-card-img\">\r\n          <div class=\"single-image-holder\"><img loading=\"lazy\" decoding=\"async\" width=\"800\" height=\"600\" src=\"https:\/\/www.fuss-ev.de\/offenburg\/wp-content\/uploads\/sites\/16\/2025\/01\/Stadt-ueber-einen-Filter-sehen-Repraesentativbild-Quadratisch-FUSS-eV.jpg\" class=\"attachment-full size-full\" alt=\"\" srcset=\"https:\/\/www.fuss-ev.de\/offenburg\/wp-content\/uploads\/sites\/16\/2025\/01\/Stadt-ueber-einen-Filter-sehen-Repraesentativbild-Quadratisch-FUSS-eV.jpg 800w, https:\/\/www.fuss-ev.de\/offenburg\/wp-content\/uploads\/sites\/16\/2025\/01\/Stadt-ueber-einen-Filter-sehen-Repraesentativbild-Quadratisch-FUSS-eV-300x225.jpg 300w, https:\/\/www.fuss-ev.de\/offenburg\/wp-content\/uploads\/sites\/16\/2025\/01\/Stadt-ueber-einen-Filter-sehen-Repraesentativbild-Quadratisch-FUSS-eV-768x576.jpg 768w\" sizes=\"auto, (max-width: 800px) 100vw, 800px\" \/><\/div>\r\n        <\/div>\r\n        <div class=\"article-slider-text\"><h3>BUVKO - Bundesweiter Umwelt- und Verkehrskongress<\/h3>\r\n          <p>Jetzt Tickets sichern und beim 25. BUVKO in Karlsruhe dabei sein! Dieses Mal unter dem Motto \u201cGemeinsam cool bleiben \u2013 Auf dem Weg zum urbanen Wohlf\u00fchlklima\u201d.<\/p>\r\n          <a href=\"https:\/\/buvko.de\/\" title=\"BUVKO\" target=\"_blank\">Mehr...<\/a>\r\n        <\/div>\r\n      <\/div>\r\n    <\/div>[\/vc_column_inner][\/vc_row_inner][\/vc_column][\/vc_row][vc_row][vc_column width=&#8221;1\/2&#8243;][vc_row_inner][vc_column_inner width=&#8221;3\/4&#8243;][vc_column_text]<\/p>\n<h2>F\u00fcr Kommunen und Planende<\/h2>\n<p>Vom Fu\u00dfverkehrs-Check, \u00fcber Strategien bis hin zu guten Ma\u00dfnahmenbeispielen \u2013 bei uns finden Kommunen, was sie wissen m\u00fcssen, um den Fu\u00dfverkehr sicher und attraktiv zu machen. F\u00fcr den Einstieg nutzen Sie am besten unseren Handlungsleitfaden und unsere App f\u00fcr Geh-Checks. Mit unseren Projekten bringen wir die Akteure zusammen und unterst\u00fctzen beim Start in die Fu\u00dfverkehrsf\u00f6rderung.[\/vc_column_text][\/vc_column_inner][vc_column_inner width=&#8221;1\/4&#8243;][\/vc_column_inner][\/vc_row_inner][vc_btn title=&#8221;Mehr Infos&#8221; link=&#8221;url:https%3A%2F%2Ffuss-ev.de%2Fstaedte%2F|title:St%C3%A4dte|target:_blank&#8221;][vc_btn title=&#8221;Projekte&#8221; link=&#8221;url:https%3A%2F%2Ffuss-ev.de%2Fueber-uns%2Fprojekte%2F|title:Projekte|target:_blank&#8221;][\/vc_column][vc_column width=&#8221;1\/2&#8243;][vc_row_inner][vc_column_inner width=&#8221;3\/4&#8243;][vc_column_text]<\/p>\n<h2>Online-Seminare f\u00fcr Alle<\/h2>\n<p>Gehen ist einfach \u2013 gutes Planen f\u00fcr den Fu\u00dfverkehr ist eine Wissenschaft f\u00fcr sich. Hintergr\u00fcnde und Know-How vermittelt unsere FUSSverkehrs-Akademie. Sie ist ein Online-Fortbildungsangebot f\u00fcr Vereinsmitglieder und Interessierte. Meist am ersten Donnerstag im Monat referieren Expertinnen und Experten zu unterschiedliche Themen, im Anschluss gibt es die M\u00f6glichkeit zu Austausch und Diskussion.[\/vc_column_text][\/vc_column_inner][vc_column_inner width=&#8221;1\/4&#8243;][\/vc_column_inner][\/vc_row_inner][vc_btn title=&#8221;zum Programm&#8221; link=&#8221;url:https%3A%2F%2Ffuss-ev.de%2Ffussverkehrsakademie%2F|title:FUSSverkehrs-Akademie|target:_blank&#8221;][vc_btn title=&#8221;zur Anmeldung&#8221; link=&#8221;url:https%3A%2F%2Ffuss-ev.de%2Ffussverkehrsakademie%2Fanmeldung%2F|title:Anmeldung%20zur%20FUSSverkehrs-Akademie|target:_blank&#8221;][\/vc_column][\/vc_row][vc_row][vc_column][vc_column_text css=&#8221;.vc_custom_1738151653937{margin-bottom: 0px !important;}&#8221;]<\/p>\n<h1><span style=\"color: #167479\">5 Schritte nach vorn<\/span><\/h1>\n<p>[\/vc_column_text][vc_separator color=&#8221;custom&#8221; border_width=&#8221;2&#8243; css=&#8221;.vc_custom_1738151638939{margin-top: 0px !important;padding-top: 0px !important;}&#8221; accent_color=&#8221;#167479&#8243;][vc_row_inner][vc_column_inner width=&#8221;1\/5&#8243;][vc_hoverbox image=&#8221;69&#8243; primary_title=&#8221;&#8221; hover_title=&#8221;Breite Gehwege&#8221; hover_background_color=&#8221;custom&#8221; hover_custom_background=&#8221;#A6D81C&#8221;]Zum Gehen braucht es Platz:<br \/>\n2,50 Meter sollte die Regel sein, damit alle gut und sicher aneinander vorbeikommen.<\/p>\n<p><a href=\"https:\/\/www.fuss-ev.de\/alles-ueber-fussverkehr\/wege-und-regeln\/gehweg\/\">Mehr Infos<\/a>[\/vc_hoverbox][\/vc_column_inner][vc_column_inner width=&#8221;1\/5&#8243;][vc_hoverbox image=&#8221;68&#8243; primary_title=&#8221;&#8221; hover_title=&#8221;Querungshilfen&#8221; hover_background_color=&#8221;custom&#8221; hover_custom_background=&#8221;#A6D81C&#8221;]Zebrastreifen, Mittelinseln und Gehwegnasen erleichtern Zufu\u00dfgehenden das \u00dcberqueren der Fahrbahn. Es braucht mehr davon!<\/p>\n<p><a href=\"https:\/\/www.fuss-ev.de\/alles-ueber-fussverkehr\/wege-und-regeln\/kreuzen-und-queren-gehen-ueber-fahrbahnen\/\">Mehr Infos<\/a>[\/vc_hoverbox][\/vc_column_inner][vc_column_inner width=&#8221;1\/5&#8243;][vc_hoverbox image=&#8221;67&#8243; primary_title=&#8221;&#8221; hover_title=&#8221;Tempolimits&#8221; hover_background_color=&#8221;custom&#8221; hover_custom_background=&#8221;#A6D81C&#8221;]Tempo 30 schafft nicht nur mehr Sicherheit f\u00fcr alle Verkehrsteilnehmenden, sondern auch Ruhe. Es braucht fl\u00e4chendeckend Tempo 30 in St\u00e4dten!<\/p>\n<p><a href=\"https:\/\/www.fuss-ev.de\/alles-ueber-fussverkehr\/konflikte-und-loesungen\/zebrastreifen-copy-2\/\" target=\"_blank\" rel=\"noopener\">Mehr Infos<\/a>[\/vc_hoverbox][\/vc_column_inner][vc_column_inner width=&#8221;1\/5&#8243;][vc_hoverbox image=&#8221;66&#8243; primary_title=&#8221;&#8221; hover_title=&#8221;Hindernisfreiheit&#8221; hover_background_color=&#8221;custom&#8221; hover_custom_background=&#8221;#A6D81C&#8221;]Fu\u00dfverkehr ist Mobilit\u00e4t f\u00fcr alle. Sie sollte daher auch f\u00fcr alle barrierefrei zug\u00e4nglich sein: f\u00fcr Alte, Blinde, Geh\u00f6rlose und Menschen im Rollstuhl.<\/p>\n<p><a href=\"https:\/\/www.fuss-ev.de\/alles-ueber-fussverkehr\/wege-und-regeln\/barrierefreiheit-senioren\/\" target=\"_blank\" rel=\"noopener\">Mehr Infos<\/a>[\/vc_hoverbox][\/vc_column_inner][vc_column_inner width=&#8221;1\/5&#8243;][vc_hoverbox image=&#8221;65&#8243; primary_title=&#8221;&#8221; hover_title=&#8221;Kinderwege&#8221; hover_background_color=&#8221;custom&#8221; hover_custom_background=&#8221;#A6D81C&#8221;]Kinder brauchen sichere Schulwege, Orte zum Spielen und interessante Wege, die sie dazu ermuntern, oft zu Fu\u00df zu gehen.<\/p>\n<p><a href=\"https:\/\/www.fuss-ev.de\/alles-ueber-fussverkehr\/wege-und-regeln\/kinder-schulwege\/\">Mehr Infos<\/a>[\/vc_hoverbox][\/vc_column_inner][\/vc_row_inner][\/vc_column][\/vc_row][vc_row][vc_column][vc_column_text css=&#8221;.vc_custom_1738151598483{margin-bottom: 0px !important;}&#8221;]<\/p>\n<h1><span style=\"color: #167479\">Aktiv werden<\/span><\/h1>\n<p>[\/vc_column_text][vc_separator color=&#8221;custom&#8221; border_width=&#8221;2&#8243; css=&#8221;.vc_custom_1738151619780{margin-top: 0px !important;padding-top: 0px !important;}&#8221; accent_color=&#8221;#167479&#8243;][vc_row_inner][vc_column_inner width=&#8221;1\/3&#8243;]<a href=\"https:\/\/fuss-ev.de\/ueber-uns\/mitgliedschaft\/\" title=\"Mitgliedschaft\" target=\"_blank\" class=\"wb-media-link\">\r\n      <div class=\"single-image-holder\"><img loading=\"lazy\" decoding=\"async\" width=\"1080\" height=\"1080\" src=\"https:\/\/www.fuss-ev.de\/offenburg\/wp-content\/uploads\/sites\/16\/2025\/01\/Aufruf-Mitglied-zu-werden-FUSS-eV.jpg\" class=\"attachment-full size-full\" alt=\"\" srcset=\"https:\/\/www.fuss-ev.de\/offenburg\/wp-content\/uploads\/sites\/16\/2025\/01\/Aufruf-Mitglied-zu-werden-FUSS-eV.jpg 1080w, https:\/\/www.fuss-ev.de\/offenburg\/wp-content\/uploads\/sites\/16\/2025\/01\/Aufruf-Mitglied-zu-werden-FUSS-eV-300x300.jpg 300w, https:\/\/www.fuss-ev.de\/offenburg\/wp-content\/uploads\/sites\/16\/2025\/01\/Aufruf-Mitglied-zu-werden-FUSS-eV-1024x1024.jpg 1024w, https:\/\/www.fuss-ev.de\/offenburg\/wp-content\/uploads\/sites\/16\/2025\/01\/Aufruf-Mitglied-zu-werden-FUSS-eV-150x150.jpg 150w, https:\/\/www.fuss-ev.de\/offenburg\/wp-content\/uploads\/sites\/16\/2025\/01\/Aufruf-Mitglied-zu-werden-FUSS-eV-768x768.jpg 768w, https:\/\/www.fuss-ev.de\/offenburg\/wp-content\/uploads\/sites\/16\/2025\/01\/Aufruf-Mitglied-zu-werden-FUSS-eV-100x100.jpg 100w\" sizes=\"auto, (max-width: 1080px) 100vw, 1080px\" \/><\/div><\/a>[\/vc_column_inner][vc_column_inner width=&#8221;1\/3&#8243;]<a href=\"https:\/\/fuss-ev.de\/spenden\/\" title=\"Spenden\" target=\"_blank\" class=\"wb-media-link\">\r\n      <div class=\"single-image-holder\"><img loading=\"lazy\" decoding=\"async\" width=\"1080\" height=\"1080\" src=\"https:\/\/www.fuss-ev.de\/offenburg\/wp-content\/uploads\/sites\/16\/2025\/01\/Aufruf-zu-spenden-FUSS-eV.jpg\" class=\"attachment-full size-full\" alt=\"\" srcset=\"https:\/\/www.fuss-ev.de\/offenburg\/wp-content\/uploads\/sites\/16\/2025\/01\/Aufruf-zu-spenden-FUSS-eV.jpg 1080w, https:\/\/www.fuss-ev.de\/offenburg\/wp-content\/uploads\/sites\/16\/2025\/01\/Aufruf-zu-spenden-FUSS-eV-300x300.jpg 300w, https:\/\/www.fuss-ev.de\/offenburg\/wp-content\/uploads\/sites\/16\/2025\/01\/Aufruf-zu-spenden-FUSS-eV-1024x1024.jpg 1024w, https:\/\/www.fuss-ev.de\/offenburg\/wp-content\/uploads\/sites\/16\/2025\/01\/Aufruf-zu-spenden-FUSS-eV-150x150.jpg 150w, https:\/\/www.fuss-ev.de\/offenburg\/wp-content\/uploads\/sites\/16\/2025\/01\/Aufruf-zu-spenden-FUSS-eV-768x768.jpg 768w, https:\/\/www.fuss-ev.de\/offenburg\/wp-content\/uploads\/sites\/16\/2025\/01\/Aufruf-zu-spenden-FUSS-eV-100x100.jpg 100w\" sizes=\"auto, (max-width: 1080px) 100vw, 1080px\" \/><\/div><\/a>[\/vc_column_inner][vc_column_inner width=&#8221;1\/3&#8243;]<a href=\"https:\/\/fuss-ev.de\/ueber-uns\/in-ihrer-stadt\/\" title=\"Mitmachen vor Ort\" target=\"_blank\" class=\"wb-media-link\">\r\n      <div class=\"single-image-holder\"><img loading=\"lazy\" decoding=\"async\" width=\"1080\" height=\"1080\" src=\"https:\/\/www.fuss-ev.de\/offenburg\/wp-content\/uploads\/sites\/16\/2025\/01\/Aufruf-um-Mitzumachen-FUSS-eV.jpg\" class=\"attachment-full size-full\" alt=\"\" srcset=\"https:\/\/www.fuss-ev.de\/offenburg\/wp-content\/uploads\/sites\/16\/2025\/01\/Aufruf-um-Mitzumachen-FUSS-eV.jpg 1080w, https:\/\/www.fuss-ev.de\/offenburg\/wp-content\/uploads\/sites\/16\/2025\/01\/Aufruf-um-Mitzumachen-FUSS-eV-300x300.jpg 300w, https:\/\/www.fuss-ev.de\/offenburg\/wp-content\/uploads\/sites\/16\/2025\/01\/Aufruf-um-Mitzumachen-FUSS-eV-1024x1024.jpg 1024w, https:\/\/www.fuss-ev.de\/offenburg\/wp-content\/uploads\/sites\/16\/2025\/01\/Aufruf-um-Mitzumachen-FUSS-eV-150x150.jpg 150w, https:\/\/www.fuss-ev.de\/offenburg\/wp-content\/uploads\/sites\/16\/2025\/01\/Aufruf-um-Mitzumachen-FUSS-eV-768x768.jpg 768w, https:\/\/www.fuss-ev.de\/offenburg\/wp-content\/uploads\/sites\/16\/2025\/01\/Aufruf-um-Mitzumachen-FUSS-eV-100x100.jpg 100w\" sizes=\"auto, (max-width: 1080px) 100vw, 1080px\" \/><\/div><\/a>[\/vc_column_inner][\/vc_row_inner][\/vc_column][\/vc_row][vc_row full_width=&#8221;stretch_row&#8221; css=&#8221;.vc_custom_1738151582753{background: #F1F7F7 url(https:\/\/www.fuss-ev.de\/offenburg\/wp-content\/uploads\/sites\/16\/2025\/01\/Hintergrund-Ecke.png?id=90) !important;background-position: 0 0 !important;background-repeat: no-repeat !important;}&#8221;][vc_column][vc_row_inner][vc_column_inner width=&#8221;1\/3&#8243;]<div class=\"testimonials-card\">\r\n                  <div class=\"single-image-holder\"><img loading=\"lazy\" decoding=\"async\" width=\"906\" height=\"927\" src=\"https:\/\/www.fuss-ev.de\/offenburg\/wp-content\/uploads\/sites\/16\/2025\/01\/Nora-Olbrisch-Aktivistin-FUSS-eV.png\" class=\"attachment-full size-full\" alt=\"\" srcset=\"https:\/\/www.fuss-ev.de\/offenburg\/wp-content\/uploads\/sites\/16\/2025\/01\/Nora-Olbrisch-Aktivistin-FUSS-eV.png 906w, https:\/\/www.fuss-ev.de\/offenburg\/wp-content\/uploads\/sites\/16\/2025\/01\/Nora-Olbrisch-Aktivistin-FUSS-eV-293x300.png 293w, https:\/\/www.fuss-ev.de\/offenburg\/wp-content\/uploads\/sites\/16\/2025\/01\/Nora-Olbrisch-Aktivistin-FUSS-eV-768x786.png 768w\" sizes=\"auto, (max-width: 906px) 100vw, 906px\" \/><\/div>\r\n                  <p class=\"inner-content\">Ich engagiere mich im FUSS e.V., weil ich ein Bewusstsein schaffen m\u00f6chte f\u00fcr das Allt\u00e4gliche. Schritt f\u00fcr Schritt, einen Fu\u00df vor den anderen &#8211; das kann so viel Positives bewirken f\u00fcr unsere Gesundheit und unser Wohlbefinden.\u201c<\/p>\r\n                  <p class=\"person\">Nora Olbrisch - Aktivistin bei FUSS e.V.<\/p>\r\n                <\/div>[\/vc_column_inner][vc_column_inner width=&#8221;1\/3&#8243;]<div class=\"testimonials-card\">\r\n                  <div class=\"single-image-holder\"><img loading=\"lazy\" decoding=\"async\" width=\"885\" height=\"888\" src=\"https:\/\/www.fuss-ev.de\/offenburg\/wp-content\/uploads\/sites\/16\/2025\/01\/Raul-Krauthausen-FUSS-eV.png\" class=\"attachment-full size-full\" alt=\"\" srcset=\"https:\/\/www.fuss-ev.de\/offenburg\/wp-content\/uploads\/sites\/16\/2025\/01\/Raul-Krauthausen-FUSS-eV.png 885w, https:\/\/www.fuss-ev.de\/offenburg\/wp-content\/uploads\/sites\/16\/2025\/01\/Raul-Krauthausen-FUSS-eV-300x300.png 300w, https:\/\/www.fuss-ev.de\/offenburg\/wp-content\/uploads\/sites\/16\/2025\/01\/Raul-Krauthausen-FUSS-eV-150x150.png 150w, https:\/\/www.fuss-ev.de\/offenburg\/wp-content\/uploads\/sites\/16\/2025\/01\/Raul-Krauthausen-FUSS-eV-768x771.png 768w, https:\/\/www.fuss-ev.de\/offenburg\/wp-content\/uploads\/sites\/16\/2025\/01\/Raul-Krauthausen-FUSS-eV-100x100.png 100w\" sizes=\"auto, (max-width: 885px) 100vw, 885px\" \/><div class=\"img-source\"><span>Foto: Anna Spindelndreier<\/span><\/div><\/div>\r\n                  <p class=\"inner-content\">Barrierefreiheit ist eine Frage des politischen Willens. Deswegen ist FUSS e.V. so wichtig. Unser Land braucht eine starke Lobby f\u00fcr sichere und bequeme Wege zu Fu\u00df, denn Mobilit\u00e4t erm\u00f6glicht gesellschaftliche Teilhabe.\u201c<\/p>\r\n                  <p class=\"person\">Ra\u00fal Krauthausen - Inklusions-Aktivist<\/p>\r\n                <\/div>[\/vc_column_inner][vc_column_inner width=&#8221;1\/3&#8243;]<div class=\"testimonials-card\">\r\n                  <div class=\"single-image-holder\"><img loading=\"lazy\" decoding=\"async\" width=\"930\" height=\"927\" src=\"https:\/\/www.fuss-ev.de\/offenburg\/wp-content\/uploads\/sites\/16\/2025\/01\/Anne-Grose-FUSS-eV.png\" class=\"attachment-full size-full\" alt=\"\" srcset=\"https:\/\/www.fuss-ev.de\/offenburg\/wp-content\/uploads\/sites\/16\/2025\/01\/Anne-Grose-FUSS-eV.png 930w, https:\/\/www.fuss-ev.de\/offenburg\/wp-content\/uploads\/sites\/16\/2025\/01\/Anne-Grose-FUSS-eV-300x300.png 300w, https:\/\/www.fuss-ev.de\/offenburg\/wp-content\/uploads\/sites\/16\/2025\/01\/Anne-Grose-FUSS-eV-150x150.png 150w, https:\/\/www.fuss-ev.de\/offenburg\/wp-content\/uploads\/sites\/16\/2025\/01\/Anne-Grose-FUSS-eV-768x766.png 768w, https:\/\/www.fuss-ev.de\/offenburg\/wp-content\/uploads\/sites\/16\/2025\/01\/Anne-Grose-FUSS-eV-100x100.png 100w\" sizes=\"auto, (max-width: 930px) 100vw, 930px\" \/><\/div>\r\n                  <p class=\"inner-content\">Ich bin Mitglied im FUSS e.V., weil ich mich daf\u00fcr einsetzen m\u00f6chte, den \u00f6ffentlichen Raum f\u00fcr alle Menschen sicher und attraktiv zu gestalten. Das ist f\u00fcr mich ein Beitrag zum sozialen Leben in der Stadt.\u201c<\/p>\r\n                  <p class=\"person\">Anne Grose - Mitglied im FUSS e.V.<\/p>\r\n                <\/div>[\/vc_column_inner][\/vc_row_inner][\/vc_column][\/vc_row]<\/p>\n<\/div>","protected":false},"excerpt":{"rendered":"<p>[vc_row full_width=&#8221;stretch_row&#8221; css=&#8221;.vc_custom_1738151806191{margin-top: 20px !important;}&#8221;][vc_column][vc_column_text] FUSS e.V. ist die Stimme f\u00fcr besseren Fu\u00dfverkehr in Deutschland. [\/vc_column_text][\/vc_column][\/vc_row][vc_row full_width=&#8221;stretch_row&#8221;][vc_column][\/vc_column][\/vc_row][vc_row][vc_column][vc_column_text css=&#8221;.vc_custom_1738151753859{margin-bottom: 0px !important;}&#8221;] Wir engagieren uns f\u00fcr&#8230; [\/vc_column_text][vc_separator color=&#8221;custom&#8221; border_width=&#8221;2&#8243; css=&#8221;.vc_custom_1738151747552{margin-top: 0px !important;padding-top: 0px !important;}&#8221; accent_color=&#8221;#167479&#8243;][vc_row_inner][vc_column_inner width=&#8221;1\/3&#8243;][\/vc_column_inner][vc_column_inner width=&#8221;1\/3&#8243;][\/vc_column_inner][vc_column_inner [&hellip;]<\/p>\n","protected":false},"author":1,"featured_media":4663,"parent":0,"menu_order":0,"comment_status":"closed","ping_status":"closed","template":"","meta":{"_acf_changed":false,"_relevanssi_hide_post":"","_relevanssi_hide_content":"","_relevanssi_pin_for_all":"","_relevanssi_pin_keywords":"","_relevanssi_unpin_keywords":"","_relevanssi_related_keywords":"","_relevanssi_related_include_ids":"","_relevanssi_related_exclude_ids":"","_relevanssi_related_no_append":"","_relevanssi_related_not_related":"","_relevanssi_related_posts":"","_relevanssi_noindex_reason":"","footnotes":""},"class_list":["post-31","page","type-page","status-publish","has-post-thumbnail","hentry"],"acf":[],"yoast_head":"<!-- This site is optimized with the Yoast SEO plugin v27.4 - https:\/\/yoast.com\/product\/yoast-seo-wordpress\/ -->\n<title>Startseite - Offenburg - FUSS e.V.<\/title>\n<meta name=\"robots\" content=\"index, follow, max-snippet:-1, max-image-preview:large, max-video-preview:-1\" \/>\n<link rel=\"canonical\" href=\"https:\/\/www.fuss-ev.de\/offenburg\/\" \/>\n<meta property=\"og:locale\" content=\"de_DE\" \/>\n<meta property=\"og:type\" content=\"article\" \/>\n<meta property=\"og:title\" content=\"Startseite - Offenburg - FUSS e.V.\" \/>\n<meta property=\"og:description\" content=\"[vc_row full_width=&#8221;stretch_row&#8221; css=&#8221;.vc_custom_1738151806191{margin-top: 20px !important;}&#8221;][vc_column][vc_column_text] FUSS e.V. ist die Stimme f\u00fcr besseren Fu\u00dfverkehr in Deutschland. [\/vc_column_text][\/vc_column][\/vc_row][vc_row full_width=&#8221;stretch_row&#8221;][vc_column][\/vc_column][\/vc_row][vc_row][vc_column][vc_column_text css=&#8221;.vc_custom_1738151753859{margin-bottom: 0px !important;}&#8221;] Wir engagieren uns f\u00fcr&#8230; [\/vc_column_text][vc_separator color=&#8221;custom&#8221; border_width=&#8221;2&#8243; css=&#8221;.vc_custom_1738151747552{margin-top: 0px !important;padding-top: 0px !important;}&#8221; accent_color=&#8221;#167479&#8243;][vc_row_inner][vc_column_inner width=&#8221;1\/3&#8243;][\/vc_column_inner][vc_column_inner width=&#8221;1\/3&#8243;][\/vc_column_inner][vc_column_inner [&hellip;]\" \/>\n<meta property=\"og:url\" content=\"https:\/\/www.fuss-ev.de\/offenburg\/\" \/>\n<meta property=\"og:site_name\" content=\"Offenburg - FUSS e.V.\" \/>\n<meta property=\"article:modified_time\" content=\"2026-04-22T14:05:40+00:00\" \/>\n<meta property=\"og:image\" content=\"https:\/\/www.fuss-ev.de\/offenburg\/wp-content\/uploads\/sites\/16\/2025\/03\/PXL_20240917_140726123-2048x1152-1.jpg\" \/>\n\t<meta property=\"og:image:width\" content=\"2048\" \/>\n\t<meta property=\"og:image:height\" content=\"1152\" \/>\n\t<meta property=\"og:image:type\" content=\"image\/jpeg\" \/>\n<meta name=\"twitter:card\" content=\"summary_large_image\" \/>\n<meta name=\"twitter:label1\" content=\"Gesch\u00e4tzte Lesezeit\" \/>\n\t<meta name=\"twitter:data1\" content=\"7\u00a0Minuten\" \/>\n<script type=\"application\/ld+json\" class=\"yoast-schema-graph\">{\"@context\":\"https:\\\/\\\/schema.org\",\"@graph\":[{\"@type\":\"WebPage\",\"@id\":\"https:\\\/\\\/www.fuss-ev.de\\\/offenburg\\\/\",\"url\":\"https:\\\/\\\/www.fuss-ev.de\\\/offenburg\\\/\",\"name\":\"Startseite - Offenburg - FUSS e.V.\",\"isPartOf\":{\"@id\":\"https:\\\/\\\/www.fuss-ev.de\\\/offenburg\\\/#website\"},\"primaryImageOfPage\":{\"@id\":\"https:\\\/\\\/www.fuss-ev.de\\\/offenburg\\\/#primaryimage\"},\"image\":{\"@id\":\"https:\\\/\\\/www.fuss-ev.de\\\/offenburg\\\/#primaryimage\"},\"thumbnailUrl\":\"https:\\\/\\\/www.fuss-ev.de\\\/offenburg\\\/wp-content\\\/uploads\\\/sites\\\/16\\\/2025\\\/03\\\/PXL_20240917_140726123-2048x1152-1.jpg\",\"datePublished\":\"2025-01-28T15:47:05+00:00\",\"dateModified\":\"2026-04-22T14:05:40+00:00\",\"breadcrumb\":{\"@id\":\"https:\\\/\\\/www.fuss-ev.de\\\/offenburg\\\/#breadcrumb\"},\"inLanguage\":\"de\",\"potentialAction\":[{\"@type\":\"ReadAction\",\"target\":[\"https:\\\/\\\/www.fuss-ev.de\\\/offenburg\\\/\"]}]},{\"@type\":\"ImageObject\",\"inLanguage\":\"de\",\"@id\":\"https:\\\/\\\/www.fuss-ev.de\\\/offenburg\\\/#primaryimage\",\"url\":\"https:\\\/\\\/www.fuss-ev.de\\\/offenburg\\\/wp-content\\\/uploads\\\/sites\\\/16\\\/2025\\\/03\\\/PXL_20240917_140726123-2048x1152-1.jpg\",\"contentUrl\":\"https:\\\/\\\/www.fuss-ev.de\\\/offenburg\\\/wp-content\\\/uploads\\\/sites\\\/16\\\/2025\\\/03\\\/PXL_20240917_140726123-2048x1152-1.jpg\",\"width\":2048,\"height\":1152},{\"@type\":\"BreadcrumbList\",\"@id\":\"https:\\\/\\\/www.fuss-ev.de\\\/offenburg\\\/#breadcrumb\",\"itemListElement\":[{\"@type\":\"ListItem\",\"position\":1,\"name\":\"Startseite\",\"item\":\"https:\\\/\\\/www.fuss-ev.de\\\/offenburg\\\/\"},{\"@type\":\"ListItem\",\"position\":2,\"name\":\"Startseite\"}]},{\"@type\":\"WebSite\",\"@id\":\"https:\\\/\\\/www.fuss-ev.de\\\/offenburg\\\/#website\",\"url\":\"https:\\\/\\\/www.fuss-ev.de\\\/offenburg\\\/\",\"name\":\"Offenburg - FUSS e.V.\",\"description\":\"\",\"publisher\":{\"@id\":\"https:\\\/\\\/www.fuss-ev.de\\\/offenburg\\\/#organization\"},\"potentialAction\":[{\"@type\":\"SearchAction\",\"target\":{\"@type\":\"EntryPoint\",\"urlTemplate\":\"https:\\\/\\\/www.fuss-ev.de\\\/offenburg\\\/?s={search_term_string}\"},\"query-input\":{\"@type\":\"PropertyValueSpecification\",\"valueRequired\":true,\"valueName\":\"search_term_string\"}}],\"inLanguage\":\"de\"},{\"@type\":\"Organization\",\"@id\":\"https:\\\/\\\/www.fuss-ev.de\\\/offenburg\\\/#organization\",\"name\":\"Offenburg - FUSS e.V.\",\"url\":\"https:\\\/\\\/www.fuss-ev.de\\\/offenburg\\\/\",\"logo\":{\"@type\":\"ImageObject\",\"inLanguage\":\"de\",\"@id\":\"https:\\\/\\\/www.fuss-ev.de\\\/offenburg\\\/#\\\/schema\\\/logo\\\/image\\\/\",\"url\":\"https:\\\/\\\/www.fuss-ev.de\\\/offenburg\\\/wp-content\\\/uploads\\\/sites\\\/16\\\/2025\\\/01\\\/FUSS_Logo.jpg\",\"contentUrl\":\"https:\\\/\\\/www.fuss-ev.de\\\/offenburg\\\/wp-content\\\/uploads\\\/sites\\\/16\\\/2025\\\/01\\\/FUSS_Logo.jpg\",\"width\":2082,\"height\":979,\"caption\":\"Offenburg - FUSS e.V.\"},\"image\":{\"@id\":\"https:\\\/\\\/www.fuss-ev.de\\\/offenburg\\\/#\\\/schema\\\/logo\\\/image\\\/\"}}]}<\/script>\n<!-- \/ Yoast SEO plugin. -->","yoast_head_json":{"title":"Startseite - Offenburg - FUSS e.V.","robots":{"index":"index","follow":"follow","max-snippet":"max-snippet:-1","max-image-preview":"max-image-preview:large","max-video-preview":"max-video-preview:-1"},"canonical":"https:\/\/www.fuss-ev.de\/offenburg\/","og_locale":"de_DE","og_type":"article","og_title":"Startseite - Offenburg - FUSS e.V.","og_description":"[vc_row full_width=&#8221;stretch_row&#8221; css=&#8221;.vc_custom_1738151806191{margin-top: 20px !important;}&#8221;][vc_column][vc_column_text] FUSS e.V. ist die Stimme f\u00fcr besseren Fu\u00dfverkehr in Deutschland. [\/vc_column_text][\/vc_column][\/vc_row][vc_row full_width=&#8221;stretch_row&#8221;][vc_column][\/vc_column][\/vc_row][vc_row][vc_column][vc_column_text css=&#8221;.vc_custom_1738151753859{margin-bottom: 0px !important;}&#8221;] Wir engagieren uns f\u00fcr&#8230; [\/vc_column_text][vc_separator color=&#8221;custom&#8221; border_width=&#8221;2&#8243; css=&#8221;.vc_custom_1738151747552{margin-top: 0px !important;padding-top: 0px !important;}&#8221; accent_color=&#8221;#167479&#8243;][vc_row_inner][vc_column_inner width=&#8221;1\/3&#8243;][\/vc_column_inner][vc_column_inner width=&#8221;1\/3&#8243;][\/vc_column_inner][vc_column_inner [&hellip;]","og_url":"https:\/\/www.fuss-ev.de\/offenburg\/","og_site_name":"Offenburg - FUSS e.V.","article_modified_time":"2026-04-22T14:05:40+00:00","og_image":[{"width":2048,"height":1152,"url":"https:\/\/www.fuss-ev.de\/offenburg\/wp-content\/uploads\/sites\/16\/2025\/03\/PXL_20240917_140726123-2048x1152-1.jpg","type":"image\/jpeg"}],"twitter_card":"summary_large_image","twitter_misc":{"Gesch\u00e4tzte Lesezeit":"7\u00a0Minuten"},"schema":{"@context":"https:\/\/schema.org","@graph":[{"@type":"WebPage","@id":"https:\/\/www.fuss-ev.de\/offenburg\/","url":"https:\/\/www.fuss-ev.de\/offenburg\/","name":"Startseite - Offenburg - FUSS e.V.","isPartOf":{"@id":"https:\/\/www.fuss-ev.de\/offenburg\/#website"},"primaryImageOfPage":{"@id":"https:\/\/www.fuss-ev.de\/offenburg\/#primaryimage"},"image":{"@id":"https:\/\/www.fuss-ev.de\/offenburg\/#primaryimage"},"thumbnailUrl":"https:\/\/www.fuss-ev.de\/offenburg\/wp-content\/uploads\/sites\/16\/2025\/03\/PXL_20240917_140726123-2048x1152-1.jpg","datePublished":"2025-01-28T15:47:05+00:00","dateModified":"2026-04-22T14:05:40+00:00","breadcrumb":{"@id":"https:\/\/www.fuss-ev.de\/offenburg\/#breadcrumb"},"inLanguage":"de","potentialAction":[{"@type":"ReadAction","target":["https:\/\/www.fuss-ev.de\/offenburg\/"]}]},{"@type":"ImageObject","inLanguage":"de","@id":"https:\/\/www.fuss-ev.de\/offenburg\/#primaryimage","url":"https:\/\/www.fuss-ev.de\/offenburg\/wp-content\/uploads\/sites\/16\/2025\/03\/PXL_20240917_140726123-2048x1152-1.jpg","contentUrl":"https:\/\/www.fuss-ev.de\/offenburg\/wp-content\/uploads\/sites\/16\/2025\/03\/PXL_20240917_140726123-2048x1152-1.jpg","width":2048,"height":1152},{"@type":"BreadcrumbList","@id":"https:\/\/www.fuss-ev.de\/offenburg\/#breadcrumb","itemListElement":[{"@type":"ListItem","position":1,"name":"Startseite","item":"https:\/\/www.fuss-ev.de\/offenburg\/"},{"@type":"ListItem","position":2,"name":"Startseite"}]},{"@type":"WebSite","@id":"https:\/\/www.fuss-ev.de\/offenburg\/#website","url":"https:\/\/www.fuss-ev.de\/offenburg\/","name":"Offenburg - FUSS e.V.","description":"","publisher":{"@id":"https:\/\/www.fuss-ev.de\/offenburg\/#organization"},"potentialAction":[{"@type":"SearchAction","target":{"@type":"EntryPoint","urlTemplate":"https:\/\/www.fuss-ev.de\/offenburg\/?s={search_term_string}"},"query-input":{"@type":"PropertyValueSpecification","valueRequired":true,"valueName":"search_term_string"}}],"inLanguage":"de"},{"@type":"Organization","@id":"https:\/\/www.fuss-ev.de\/offenburg\/#organization","name":"Offenburg - FUSS e.V.","url":"https:\/\/www.fuss-ev.de\/offenburg\/","logo":{"@type":"ImageObject","inLanguage":"de","@id":"https:\/\/www.fuss-ev.de\/offenburg\/#\/schema\/logo\/image\/","url":"https:\/\/www.fuss-ev.de\/offenburg\/wp-content\/uploads\/sites\/16\/2025\/01\/FUSS_Logo.jpg","contentUrl":"https:\/\/www.fuss-ev.de\/offenburg\/wp-content\/uploads\/sites\/16\/2025\/01\/FUSS_Logo.jpg","width":2082,"height":979,"caption":"Offenburg - FUSS e.V."},"image":{"@id":"https:\/\/www.fuss-ev.de\/offenburg\/#\/schema\/logo\/image\/"}}]}},"publishpress_future_action":{"enabled":false,"date":"2026-05-09 08:15:40","action":"change-status","newStatus":"draft","terms":[],"taxonomy":"","extraData":[]},"publishpress_future_workflow_manual_trigger":{"enabledWorkflows":[]},"_links":{"self":[{"href":"https:\/\/www.fuss-ev.de\/offenburg\/wp-json\/wp\/v2\/pages\/31","targetHints":{"allow":["GET"]}}],"collection":[{"href":"https:\/\/www.fuss-ev.de\/offenburg\/wp-json\/wp\/v2\/pages"}],"about":[{"href":"https:\/\/www.fuss-ev.de\/offenburg\/wp-json\/wp\/v2\/types\/page"}],"author":[{"embeddable":true,"href":"https:\/\/www.fuss-ev.de\/offenburg\/wp-json\/wp\/v2\/users\/1"}],"replies":[{"embeddable":true,"href":"https:\/\/www.fuss-ev.de\/offenburg\/wp-json\/wp\/v2\/comments?post=31"}],"version-history":[{"count":23,"href":"https:\/\/www.fuss-ev.de\/offenburg\/wp-json\/wp\/v2\/pages\/31\/revisions"}],"predecessor-version":[{"id":4748,"href":"https:\/\/www.fuss-ev.de\/offenburg\/wp-json\/wp\/v2\/pages\/31\/revisions\/4748"}],"wp:featuredmedia":[{"embeddable":true,"href":"https:\/\/www.fuss-ev.de\/offenburg\/wp-json\/wp\/v2\/media\/4663"}],"wp:attachment":[{"href":"https:\/\/www.fuss-ev.de\/offenburg\/wp-json\/wp\/v2\/media?parent=31"}],"curies":[{"name":"wp","href":"https:\/\/api.w.org\/{rel}","templated":true}]}}