{"id":31,"date":"2025-01-28T16:47:05","date_gmt":"2025-01-28T15:47:05","guid":{"rendered":"https:\/\/www.fuss-ev.de\/neumarkt-sankt-veit\/?page_id=31"},"modified":"2026-01-20T16:45:58","modified_gmt":"2026-01-20T15:45:58","slug":"fussfreundlich-neumarkt-st-veit-sicher-zu-fuss-tempo-30-zebrastreifen","status":"publish","type":"page","link":"https:\/\/www.fuss-ev.de\/neumarkt-sankt-veit\/fussfreundlich-neumarkt-st-veit-sicher-zu-fuss-tempo-30-zebrastreifen\/","title":{"rendered":"Fuss e.V. Neumarkt-Sankt Veit"},"content":{"rendered":"<div class=\"wpb-content-wrapper\"><p>[vc_row full_width=&#8221;stretch_row&#8221; css=&#8221;.vc_custom_1738151806191{margin-top: 20px !important;}&#8221;][vc_column width=&#8221;1\/3&#8243;][\/vc_column][vc_column width=&#8221;1\/3&#8243;][\/vc_column][vc_column width=&#8221;1\/3&#8243;][\/vc_column][\/vc_row][vc_row][vc_column][vc_column_text css=&#8221;.vc_custom_1768741477414{margin-bottom: 0px !important;}&#8221;]<\/p>\n<h1><span style=\"color: #333399;font-size: 36pt\">Wir engagieren uns f\u00fcr ein sicheres Vorankommen <\/span><span style=\"color: #333399;font-size: 36pt\">entlang unserer Stra\u00dfen und Verkehrswege f\u00fcr alle Verkehrsteilnehmer.<\/span><\/h1>\n<p style=\"text-align: center\"><span style=\"font-size: 36pt\"><span style=\"color: #000080\"><strong>Wir freuen uns auf Unterst\u00fctzung von Ihnen-melden\u00a0<\/strong><\/span><span style=\"color: #000080\"><strong>Sie sich gerne bei uns!<\/strong><\/span><\/span><\/p>\n<p>[\/vc_column_text][vc_separator color=&#8221;custom&#8221; border_width=&#8221;2&#8243; css=&#8221;.vc_custom_1738151747552{margin-top: 0px !important;padding-top: 0px !important;}&#8221; accent_color=&#8221;#167479&#8243;][vc_row_inner][vc_column_inner][vc_video link=&#8221;https:\/\/youtu.be\/fob8vpMuPGE?si=u8GidHvkS7QstPwd&#8221; css=&#8221;&#8221; title=&#8221;Tempo 30 vor der Grundschule in Neumarkt-St.Veit- ein jahrelanger Kampf&#8221;][\/vc_column_inner][\/vc_row_inner][\/vc_column][\/vc_row][vc_row full_width=&#8221;stretch_row&#8221;][vc_column][vc_single_image image=&#8221;4702&#8243; style=&#8221;vc_box_circle_2&#8243; css=&#8221;&#8221; title=&#8221;Petition f\u00fcr Tempo 30&#8243;][\/vc_column][\/vc_row][vc_row css=&#8221;.vc_custom_1738151696823{margin-bottom: 0px !important;padding-bottom: 0px !important;}&#8221;][vc_column][vc_column_text css=&#8221;&#8221;]<\/p>\n<h1 style=\"text-align: center\"><span style=\"font-size: 36pt\">Wir stellen uns vor und was wir uns vorstellen:<\/span><\/h1>\n<p>&nbsp;<\/p>\n<p style=\"text-align: center\"><span style=\"font-size: 24pt\"><strong>Wer wir sind<\/strong>:<\/span><\/p>\n<p style=\"text-align: center\"><span style=\"font-size: 24pt\">Wir sind engagierte B\u00fcrgerinnen und B\u00fcrger <strong>in und um<\/strong> Neumarkt- Sankt Veit und setzen uns daf\u00fcr ein, <strong>dass alle Teilnehmer im Verkehr sicher unterwegs sind.<\/strong><\/span><\/p>\n<p>&nbsp;<\/p>\n<p style=\"text-align: center\"><span style=\"font-size: 24pt\">Fu\u00dfg\u00e4nger vom Kindes- bis zum Seniorenalter, mit Stock oder Rollator, zu Fu\u00df oder im Rollstuhl, Fahrradfahrer, Autofahrer, sie alle sollen<strong> sicher<\/strong> von einem Ort zum anderen gelangen.<\/span><\/p>\n<p>&nbsp;<\/p>\n<p style=\"text-align: center\"><span style=\"font-size: 24pt\">Wir versuchen unsere Stadt <strong>fussfreundlicher<\/strong> zu gestalten.<\/span><\/p>\n<p>&nbsp;<\/p>\n<p style=\"text-align: center\"><span style=\"font-size: 24pt\">Dazu geh\u00f6ren vor allem <strong>sichere Fusswege<\/strong> f\u00fcr alle.<\/span><\/p>\n<p style=\"text-align: center\"><span style=\"font-size: 24pt\"><strong>Sichere \u00dcberg\u00e4nge<\/strong> \u00fcber Stra\u00dfen und<\/span><\/p>\n<p style=\"text-align: center\"><span style=\"font-size: 24pt\">die <strong>Verlangsamung<\/strong> des immer schneller werdenden<\/span><\/p>\n<p style=\"text-align: center\"><span style=\"font-size: 24pt\">und st\u00e4rker zunehmenden <strong>Autoverkehrs<\/strong>.<\/span><\/p>\n<p>&nbsp;<\/p>\n<p>&nbsp;<\/p>\n<p style=\"text-align: center\"><span style=\"font-size: 24pt\"><strong>Die Sicherheit vor allem f\u00fcr Kinder und Senioren, aber auch f\u00fcr alle anderen Menschen sollte im Vordergrund stehen.<\/strong><\/span><\/p>\n<p>&nbsp;<\/p>\n<p style=\"text-align: center\"><span style=\"font-size: 24pt\"><strong>Wir setzen uns f\u00fcr die\u00a0 Umsetzung von Tempo 30 ein.<\/strong><\/span><\/p>\n<p>&nbsp;<\/p>\n<p style=\"text-align: center\"><span style=\"font-size: 24pt\"><strong>Seit 2024<\/strong> haben wir es vor unserer<strong> Grund- und Mittelschule<\/strong>, entlang einer <strong>Staatsstra\u00dfe<\/strong>, in Neumarkt- Sankt Veit geschafft, die <strong>Sicherheit f\u00fcr die Kinder entlang ihres Schulweges zu erh\u00f6hen.<\/strong><\/span><\/p>\n<p>&nbsp;<\/p>\n<p style=\"text-align: center\"><span style=\"font-size: 24pt\">Im <strong>Dezember 2025<\/strong> sind unsere<strong> B\u00fcrgerantr\u00e4ge f\u00fcr Tempo 30 <\/strong>in verschiedenen Gemeindestra\u00dfen, die wir im Jahr 2023 gestellt haben, von der Verkehrsbeh\u00f6rde in Neumarkt-Sankt Veit umgesetzt worden.<\/span><\/p>\n<p>&nbsp;<\/p>\n<p>#<\/p>\n<p style=\"text-align: center\"><span style=\"font-size: 24pt\"><strong>Wir haben es geschafft, als engagierte B\u00fcrgerinnen und B\u00fcrger!<\/strong><\/span><\/p>\n<p>&nbsp;<\/p>\n<p style=\"text-align: center\"><span style=\"font-size: 24pt\"><strong>Wir wollen anderen Mut machen die Sicherheit auf der Stra\u00dfe und auf Gehwegen f\u00fcr die Fu\u00dfg\u00e4nger zu erh\u00f6hen,<\/strong><\/span><\/p>\n<p style=\"text-align: center\"><span style=\"font-size: 24pt\"><strong> es anzupacken, dran zu bleiben und Erfolg dabei zu haben.<\/strong><\/span><\/p>\n<p>&nbsp;<\/p>\n<p style=\"text-align: center\"><span style=\"font-size: 24pt\">Viele Schreiben an B\u00fcrgermeister, Stadtr\u00e4te, an Mitarbeiter und Mitarbeiterinnen des Landratsamtes M\u00fchldorf, an die Regierung von Oberbayern, an den Petitionsausschuss des Bayerischen Landtages und an Abgeordnete waren dazu n\u00f6tig.<\/span><\/p>\n<p>&nbsp;<\/p>\n<p style=\"text-align: center\"><span style=\"font-size: 24pt\"><strong>Wir freuen uns sehr<\/strong> &#8211; in Zusammenarbeit mit dem <strong>B\u00fcrgernetzwerk NSV<\/strong> &#8211; Mitdenken-Mitreden-Mitgestalten, Transforum e.V., <strong>die Sicherheit<\/strong>, vor allem der Fu\u00dfg\u00e4nger, durch die Umsetzung von verschiedenen<strong> Tempo 30 Anordnungen und die Einf\u00fchrung von Fu\u00dfg\u00e4nger\u00fcberwegen erh\u00f6hen zu k\u00f6nnen<\/strong>.<\/span><\/p>\n<p>&nbsp;<\/p>\n<p>#<\/p>\n<p style=\"text-align: center\"><span style=\"font-size: 24pt\"><strong>Wir bleiben dran!<\/strong><\/span><\/p>\n<p>&nbsp;<\/p>\n<p style=\"text-align: center\"><span style=\"font-size: 24pt\"><strong>Falls Sie W\u00fcnsche, Anregungen, Fragen an uns haben, melden Sie sich sehr gerne bei uns unter:<\/strong><\/span><\/p>\n<p style=\"text-align: center\"><span style=\"font-size: 24pt\">NSV@fuss-ev.de<\/span><\/p>\n<p>&nbsp;<\/p>\n<p>[\/vc_column_text][\/vc_column][\/vc_row][vc_row css=&#8221;.vc_custom_1738151704956{margin-top: 0px !important;padding-top: 0px !important;}&#8221;][vc_column width=&#8221;1\/2&#8243;][\/vc_column][vc_column width=&#8221;1\/2&#8243;][vc_row_inner][vc_column_inner width=&#8221;3\/4&#8243;][vc_column_text]Warum ist Gehen eine so starke Mobilit\u00e4tsform? Was macht einen guten Weg aus? Wie sichert man den Gang \u00fcber die Fahrbahn? Was tun, wenn einem Auto, Fahrrad und Co. in die Quere kommen?<\/p>\n<p>Hier finden Sie Antworten zu Ihren Fragen rund um das Thema Fu\u00dfverkehr.[\/vc_column_text][\/vc_column_inner][vc_column_inner width=&#8221;1\/4&#8243;][\/vc_column_inner][\/vc_row_inner][vc_btn title=&#8221;Themen&#8221; link=&#8221;url:https%3A%2F%2Ffuss-ev.de%2Falles-ueber-fussverkehr%2F|title:Alles%20%C3%BCber%20Fu%C3%9Fverkehr|target:_blank&#8221;][vc_btn title=&#8221;Unsere Medien&#8221; link=&#8221;url:https%3A%2F%2Ffuss-ev.de%2Fueber-uns%2Funsere-medien%2F|title:Unsere%20Medien|target:_blank&#8221;][\/vc_column][\/vc_row][vc_row][vc_column][vc_column_text css=&#8221;.vc_custom_1738151677784{margin-bottom: 0px !important;}&#8221;]<\/p>\n<h1><span style=\"color: #167479\">Unsere Angebote<\/span><\/h1>\n<p>[\/vc_column_text][vc_separator color=&#8221;custom&#8221; border_width=&#8221;2&#8243; css=&#8221;.vc_custom_1738151681944{margin-top: 0px !important;padding-top: 0px !important;}&#8221; accent_color=&#8221;#167479&#8243;][vc_row_inner][vc_column_inner width=&#8221;1\/3&#8243;]<div class=\"article-card\">\r\n      <div class=\"article-inner-card\">\r\n        <div class=\"article-card-img\">\r\n          <div class=\"single-image-holder\"><img loading=\"lazy\" decoding=\"async\" width=\"800\" height=\"600\" src=\"https:\/\/www.fuss-ev.de\/neumarkt-sankt-veit\/wp-content\/uploads\/sites\/15\/2025\/01\/MobiLogisch-Zeitung-FUSS-eV.jpg\" class=\"attachment-full size-full\" alt=\"\" srcset=\"https:\/\/www.fuss-ev.de\/neumarkt-sankt-veit\/wp-content\/uploads\/sites\/15\/2025\/01\/MobiLogisch-Zeitung-FUSS-eV.jpg 800w, https:\/\/www.fuss-ev.de\/neumarkt-sankt-veit\/wp-content\/uploads\/sites\/15\/2025\/01\/MobiLogisch-Zeitung-FUSS-eV-300x225.jpg 300w, https:\/\/www.fuss-ev.de\/neumarkt-sankt-veit\/wp-content\/uploads\/sites\/15\/2025\/01\/MobiLogisch-Zeitung-FUSS-eV-768x576.jpg 768w\" sizes=\"auto, (max-width: 800px) 100vw, 800px\" \/><\/div>\r\n        <\/div>\r\n        <div class=\"article-slider-text\"><h3>Immer auf dem Laufenden? MobiLogisch!<\/h3>\r\n          <p>Mit unserer Quartalszeitschrift \u201cMobiLogisch \u2013 f\u00fcr eine nachhaltig bewegte Welt\u201d wissen, wer lenkt, mehr als Bahnhof verstehen und erfahren, wie man(ches) besser gehen kann.<\/p>\r\n          <a href=\"https:\/\/mobilogisch.de\/\" title=\"mobilogisch.de\" target=\"_blank\">Mehr...<\/a>\r\n        <\/div>\r\n      <\/div>\r\n    <\/div>[\/vc_column_inner][vc_column_inner width=&#8221;1\/3&#8243;]<div class=\"article-card\">\r\n      <div class=\"article-inner-card\">\r\n        <div class=\"article-card-img\">\r\n          <div class=\"single-image-holder\"><img loading=\"lazy\" decoding=\"async\" width=\"800\" height=\"600\" src=\"https:\/\/www.fuss-ev.de\/neumarkt-sankt-veit\/wp-content\/uploads\/sites\/15\/2025\/01\/Newsletter-Repraesentativbild-Quadratisch-FUSS-eV.jpg\" class=\"attachment-full size-full\" alt=\"\" srcset=\"https:\/\/www.fuss-ev.de\/neumarkt-sankt-veit\/wp-content\/uploads\/sites\/15\/2025\/01\/Newsletter-Repraesentativbild-Quadratisch-FUSS-eV.jpg 800w, https:\/\/www.fuss-ev.de\/neumarkt-sankt-veit\/wp-content\/uploads\/sites\/15\/2025\/01\/Newsletter-Repraesentativbild-Quadratisch-FUSS-eV-300x225.jpg 300w, https:\/\/www.fuss-ev.de\/neumarkt-sankt-veit\/wp-content\/uploads\/sites\/15\/2025\/01\/Newsletter-Repraesentativbild-Quadratisch-FUSS-eV-768x576.jpg 768w\" sizes=\"auto, (max-width: 800px) 100vw, 800px\" \/><\/div>\r\n        <\/div>\r\n        <div class=\"article-slider-text\"><h3>Newsletter des FUSS e.V.<\/h3>\r\n          <p>Einmal pro Monat frische Infos aus Welt des Fu\u00dfverkehrs: neue Ver\u00f6ffentlichungen, bevorstehende Veranstaltungen, aktuelle politische Entwicklungen und alles zur Arbeit des FUSS e.V.<\/p>\r\n          <a href=\"https:\/\/fuss-ev.de\/newsletter\/\" title=\"Newsletter FUSS e.V\" target=\"_blank\">Mehr...<\/a>\r\n        <\/div>\r\n      <\/div>\r\n    <\/div>[\/vc_column_inner][vc_column_inner width=&#8221;1\/3&#8243;][\/vc_column_inner][\/vc_row_inner][\/vc_column][\/vc_row][vc_row][vc_column width=&#8221;1\/2&#8243;][vc_row_inner][vc_column_inner width=&#8221;3\/4&#8243;][vc_column_text]<\/p>\n<h2>F\u00fcr Kommunen und Planende<\/h2>\n<p>Vom Fu\u00dfverkehrs-Check, \u00fcber Strategien bis hin zu guten Ma\u00dfnahmenbeispielen \u2013 bei uns finden Kommunen, was sie wissen m\u00fcssen, um den Fu\u00dfverkehr sicher und attraktiv zu machen. F\u00fcr den Einstieg nutzen Sie am besten unseren Handlungsleitfaden und unsere App f\u00fcr Geh-Checks. Mit unseren Projekten bringen wir die Akteure zusammen und unterst\u00fctzen beim Start in die Fu\u00dfverkehrsf\u00f6rderung.[\/vc_column_text][\/vc_column_inner][vc_column_inner width=&#8221;1\/4&#8243;][\/vc_column_inner][\/vc_row_inner][vc_btn title=&#8221;Mehr Infos&#8221; link=&#8221;url:https%3A%2F%2Ffuss-ev.de%2Fstaedte%2F|title:St%C3%A4dte|target:_blank&#8221;][vc_btn title=&#8221;Projekte&#8221; link=&#8221;url:https%3A%2F%2Ffuss-ev.de%2Fueber-uns%2Fprojekte%2F|title:Projekte|target:_blank&#8221;][\/vc_column][vc_column width=&#8221;1\/2&#8243;][vc_row_inner][vc_column_inner width=&#8221;3\/4&#8243;][vc_column_text]<\/p>\n<h2>Online-Seminare f\u00fcr Alle<\/h2>\n<p>Gehen ist einfach \u2013 gutes Planen f\u00fcr den Fu\u00dfverkehr ist eine Wissenschaft f\u00fcr sich. Hintergr\u00fcnde und Know-How vermittelt unsere FUSSverkehrs-Akademie. Sie ist ein Online-Fortbildungsangebot f\u00fcr Vereinsmitglieder und Interessierte. Meist am ersten Donnerstag im Monat referieren Expertinnen und Experten zu unterschiedliche Themen, im Anschluss gibt es die M\u00f6glichkeit zu Austausch und Diskussion.[\/vc_column_text][\/vc_column_inner][vc_column_inner width=&#8221;1\/4&#8243;][\/vc_column_inner][\/vc_row_inner][vc_btn title=&#8221;zum Programm&#8221; link=&#8221;url:https%3A%2F%2Ffuss-ev.de%2Ffussverkehrsakademie%2F|title:FUSSverkehrs-Akademie|target:_blank&#8221;][vc_btn title=&#8221;zur Anmeldung&#8221; link=&#8221;url:https%3A%2F%2Ffuss-ev.de%2Ffussverkehrsakademie%2Fanmeldung%2F|title:Anmeldung%20zur%20FUSSverkehrs-Akademie|target:_blank&#8221;][\/vc_column][\/vc_row][vc_row][vc_column][vc_column_text css=&#8221;.vc_custom_1738151653937{margin-bottom: 0px !important;}&#8221;]<\/p>\n<h1><span style=\"color: #167479\">5 Schritte nach vorn<\/span><\/h1>\n<p>[\/vc_column_text][vc_separator color=&#8221;custom&#8221; border_width=&#8221;2&#8243; css=&#8221;.vc_custom_1738151638939{margin-top: 0px !important;padding-top: 0px !important;}&#8221; accent_color=&#8221;#167479&#8243;][vc_row_inner][vc_column_inner width=&#8221;1\/5&#8243;][vc_hoverbox image=&#8221;69&#8243; primary_title=&#8221;&#8221; hover_title=&#8221;Breite Gehwege&#8221; hover_background_color=&#8221;custom&#8221; hover_custom_background=&#8221;#A6D81C&#8221;]Zum Gehen braucht es Platz:<br \/>\n2,50 Meter sollte die Regel sein, damit alle gut und sicher aneinander vorbeikommen.<\/p>\n<p><a href=\"https:\/\/www.fuss-ev.de\/alles-ueber-fussverkehr\/wege-und-regeln\/gehweg\/\">Mehr Infos<\/a>[\/vc_hoverbox][\/vc_column_inner][vc_column_inner width=&#8221;1\/5&#8243;][vc_hoverbox image=&#8221;68&#8243; primary_title=&#8221;&#8221; hover_title=&#8221;Querungshilfen&#8221; hover_background_color=&#8221;custom&#8221; hover_custom_background=&#8221;#A6D81C&#8221;]Zebrastreifen, Mittelinseln und Gehwegnasen erleichtern Zufu\u00dfgehenden das \u00dcberqueren der Fahrbahn. Es braucht mehr davon!<\/p>\n<p><a href=\"https:\/\/www.fuss-ev.de\/alles-ueber-fussverkehr\/wege-und-regeln\/kreuzen-und-queren-gehen-ueber-fahrbahnen\/\">Mehr Infos<\/a>[\/vc_hoverbox][\/vc_column_inner][vc_column_inner width=&#8221;1\/5&#8243;][vc_hoverbox image=&#8221;67&#8243; primary_title=&#8221;&#8221; hover_title=&#8221;Tempolimits&#8221; hover_background_color=&#8221;custom&#8221; hover_custom_background=&#8221;#A6D81C&#8221;]Tempo 30 schafft nicht nur mehr Sicherheit f\u00fcr alle Verkehrsteilnehmenden, sondern auch Ruhe. Es braucht fl\u00e4chendeckend Tempo 30 in St\u00e4dten!<\/p>\n<p><a href=\"https:\/\/www.fuss-ev.de\/alles-ueber-fussverkehr\/konflikte-und-loesungen\/zebrastreifen-copy-2\/\" target=\"_blank\" rel=\"noopener\">Mehr Infos<\/a>[\/vc_hoverbox][\/vc_column_inner][vc_column_inner width=&#8221;1\/5&#8243;][vc_hoverbox image=&#8221;66&#8243; primary_title=&#8221;&#8221; hover_title=&#8221;Hindernisfreiheit&#8221; hover_background_color=&#8221;custom&#8221; hover_custom_background=&#8221;#A6D81C&#8221;]Fu\u00dfverkehr ist Mobilit\u00e4t f\u00fcr alle. Sie sollte daher auch f\u00fcr alle barrierefrei zug\u00e4nglich sein: f\u00fcr Alte, Blinde, Geh\u00f6rlose und Menschen im Rollstuhl.<\/p>\n<p><a href=\"https:\/\/www.fuss-ev.de\/alles-ueber-fussverkehr\/wege-und-regeln\/barrierefreiheit-senioren\/\" target=\"_blank\" rel=\"noopener\">Mehr Infos<\/a>[\/vc_hoverbox][\/vc_column_inner][vc_column_inner width=&#8221;1\/5&#8243;][vc_hoverbox image=&#8221;65&#8243; primary_title=&#8221;&#8221; hover_title=&#8221;Kinderwege&#8221; hover_background_color=&#8221;custom&#8221; hover_custom_background=&#8221;#A6D81C&#8221;]Kinder brauchen sichere Schulwege, Orte zum Spielen und interessante Wege, die sie dazu ermuntern, oft zu Fu\u00df zu gehen.<\/p>\n<p><a href=\"https:\/\/www.fuss-ev.de\/alles-ueber-fussverkehr\/wege-und-regeln\/kinder-schulwege\/\">Mehr Infos<\/a>[\/vc_hoverbox][\/vc_column_inner][\/vc_row_inner][\/vc_column][\/vc_row][vc_row][vc_column][vc_column_text css=&#8221;.vc_custom_1765802653572{margin-bottom: 0px !important;}&#8221;]<\/p>\n<h1><span style=\"color: #167479\">\u00a0gemeinsam aktiv werden<\/span><\/h1>\n<p>[\/vc_column_text][vc_separator color=&#8221;custom&#8221; border_width=&#8221;2&#8243; css=&#8221;.vc_custom_1738151619780{margin-top: 0px !important;padding-top: 0px !important;}&#8221; accent_color=&#8221;#167479&#8243;][vc_row_inner][vc_column_inner width=&#8221;1\/3&#8243;]<a href=\"https:\/\/fuss-ev.de\/ueber-uns\/mitgliedschaft\/\" title=\"Mitgliedschaft\" target=\"_blank\" class=\"wb-media-link\">\r\n      <div class=\"single-image-holder\"><img loading=\"lazy\" decoding=\"async\" width=\"1080\" height=\"1080\" src=\"https:\/\/www.fuss-ev.de\/neumarkt-sankt-veit\/wp-content\/uploads\/sites\/15\/2025\/01\/Aufruf-Mitglied-zu-werden-FUSS-eV.jpg\" class=\"attachment-full size-full\" alt=\"\" srcset=\"https:\/\/www.fuss-ev.de\/neumarkt-sankt-veit\/wp-content\/uploads\/sites\/15\/2025\/01\/Aufruf-Mitglied-zu-werden-FUSS-eV.jpg 1080w, https:\/\/www.fuss-ev.de\/neumarkt-sankt-veit\/wp-content\/uploads\/sites\/15\/2025\/01\/Aufruf-Mitglied-zu-werden-FUSS-eV-300x300.jpg 300w, https:\/\/www.fuss-ev.de\/neumarkt-sankt-veit\/wp-content\/uploads\/sites\/15\/2025\/01\/Aufruf-Mitglied-zu-werden-FUSS-eV-1024x1024.jpg 1024w, https:\/\/www.fuss-ev.de\/neumarkt-sankt-veit\/wp-content\/uploads\/sites\/15\/2025\/01\/Aufruf-Mitglied-zu-werden-FUSS-eV-150x150.jpg 150w, https:\/\/www.fuss-ev.de\/neumarkt-sankt-veit\/wp-content\/uploads\/sites\/15\/2025\/01\/Aufruf-Mitglied-zu-werden-FUSS-eV-768x768.jpg 768w, https:\/\/www.fuss-ev.de\/neumarkt-sankt-veit\/wp-content\/uploads\/sites\/15\/2025\/01\/Aufruf-Mitglied-zu-werden-FUSS-eV-100x100.jpg 100w\" sizes=\"auto, (max-width: 1080px) 100vw, 1080px\" \/><\/div><\/a>[\/vc_column_inner][vc_column_inner width=&#8221;1\/3&#8243;]<a href=\"https:\/\/fuss-ev.de\/spenden\/\" title=\"Spenden\" target=\"_blank\" class=\"wb-media-link\">\r\n      <div class=\"single-image-holder\"><img loading=\"lazy\" decoding=\"async\" width=\"1080\" height=\"1080\" src=\"https:\/\/www.fuss-ev.de\/neumarkt-sankt-veit\/wp-content\/uploads\/sites\/15\/2025\/01\/Aufruf-zu-spenden-FUSS-eV.jpg\" class=\"attachment-full size-full\" alt=\"\" srcset=\"https:\/\/www.fuss-ev.de\/neumarkt-sankt-veit\/wp-content\/uploads\/sites\/15\/2025\/01\/Aufruf-zu-spenden-FUSS-eV.jpg 1080w, https:\/\/www.fuss-ev.de\/neumarkt-sankt-veit\/wp-content\/uploads\/sites\/15\/2025\/01\/Aufruf-zu-spenden-FUSS-eV-300x300.jpg 300w, https:\/\/www.fuss-ev.de\/neumarkt-sankt-veit\/wp-content\/uploads\/sites\/15\/2025\/01\/Aufruf-zu-spenden-FUSS-eV-1024x1024.jpg 1024w, https:\/\/www.fuss-ev.de\/neumarkt-sankt-veit\/wp-content\/uploads\/sites\/15\/2025\/01\/Aufruf-zu-spenden-FUSS-eV-150x150.jpg 150w, https:\/\/www.fuss-ev.de\/neumarkt-sankt-veit\/wp-content\/uploads\/sites\/15\/2025\/01\/Aufruf-zu-spenden-FUSS-eV-768x768.jpg 768w, https:\/\/www.fuss-ev.de\/neumarkt-sankt-veit\/wp-content\/uploads\/sites\/15\/2025\/01\/Aufruf-zu-spenden-FUSS-eV-100x100.jpg 100w\" sizes=\"auto, (max-width: 1080px) 100vw, 1080px\" \/><\/div><\/a>[\/vc_column_inner][vc_column_inner width=&#8221;1\/3&#8243;]<a href=\"https:\/\/fuss-ev.de\/ueber-uns\/in-ihrer-stadt\/\" title=\"Mitmachen vor Ort\" target=\"_blank\" class=\"wb-media-link\">\r\n      <div class=\"single-image-holder\"><img loading=\"lazy\" decoding=\"async\" width=\"1080\" height=\"1080\" src=\"https:\/\/www.fuss-ev.de\/neumarkt-sankt-veit\/wp-content\/uploads\/sites\/15\/2025\/01\/Aufruf-um-Mitzumachen-FUSS-eV.jpg\" class=\"attachment-full size-full\" alt=\"\" srcset=\"https:\/\/www.fuss-ev.de\/neumarkt-sankt-veit\/wp-content\/uploads\/sites\/15\/2025\/01\/Aufruf-um-Mitzumachen-FUSS-eV.jpg 1080w, https:\/\/www.fuss-ev.de\/neumarkt-sankt-veit\/wp-content\/uploads\/sites\/15\/2025\/01\/Aufruf-um-Mitzumachen-FUSS-eV-300x300.jpg 300w, https:\/\/www.fuss-ev.de\/neumarkt-sankt-veit\/wp-content\/uploads\/sites\/15\/2025\/01\/Aufruf-um-Mitzumachen-FUSS-eV-1024x1024.jpg 1024w, https:\/\/www.fuss-ev.de\/neumarkt-sankt-veit\/wp-content\/uploads\/sites\/15\/2025\/01\/Aufruf-um-Mitzumachen-FUSS-eV-150x150.jpg 150w, https:\/\/www.fuss-ev.de\/neumarkt-sankt-veit\/wp-content\/uploads\/sites\/15\/2025\/01\/Aufruf-um-Mitzumachen-FUSS-eV-768x768.jpg 768w, https:\/\/www.fuss-ev.de\/neumarkt-sankt-veit\/wp-content\/uploads\/sites\/15\/2025\/01\/Aufruf-um-Mitzumachen-FUSS-eV-100x100.jpg 100w\" sizes=\"auto, (max-width: 1080px) 100vw, 1080px\" \/><\/div><\/a>[\/vc_column_inner][\/vc_row_inner][\/vc_column][\/vc_row][vc_row full_width=&#8221;stretch_row&#8221; css=&#8221;.vc_custom_1738151582753{background: #F1F7F7 url(https:\/\/www.fuss-ev.de\/neumarkt-sankt-veit\/wp-content\/uploads\/sites\/15\/2025\/01\/Hintergrund-Ecke.png?id=90) !important;background-position: 0 0 !important;background-repeat: no-repeat !important;}&#8221;][vc_column][vc_row_inner][vc_column_inner width=&#8221;1\/3&#8243;]<div class=\"testimonials-card\">\r\n                  <div class=\"single-image-holder\"><img loading=\"lazy\" decoding=\"async\" width=\"906\" height=\"927\" src=\"https:\/\/www.fuss-ev.de\/neumarkt-sankt-veit\/wp-content\/uploads\/sites\/15\/2025\/01\/Nora-Olbrisch-Aktivistin-FUSS-eV.png\" class=\"attachment-full size-full\" alt=\"\" srcset=\"https:\/\/www.fuss-ev.de\/neumarkt-sankt-veit\/wp-content\/uploads\/sites\/15\/2025\/01\/Nora-Olbrisch-Aktivistin-FUSS-eV.png 906w, https:\/\/www.fuss-ev.de\/neumarkt-sankt-veit\/wp-content\/uploads\/sites\/15\/2025\/01\/Nora-Olbrisch-Aktivistin-FUSS-eV-293x300.png 293w, https:\/\/www.fuss-ev.de\/neumarkt-sankt-veit\/wp-content\/uploads\/sites\/15\/2025\/01\/Nora-Olbrisch-Aktivistin-FUSS-eV-768x786.png 768w\" sizes=\"auto, (max-width: 906px) 100vw, 906px\" \/><\/div>\r\n                  <p class=\"inner-content\">Ich engagiere mich im FUSS e.V., weil ich ein Bewusstsein schaffen m\u00f6chte f\u00fcr das Allt\u00e4gliche. Schritt f\u00fcr Schritt, einen Fu\u00df vor den anderen &#8211; das kann so viel Positives bewirken f\u00fcr unsere Gesundheit und unser Wohlbefinden.\u201c<\/p>\r\n                  <p class=\"person\">Nora Olbrisch - Aktivistin bei FUSS e.V.<\/p>\r\n                <\/div>[\/vc_column_inner][vc_column_inner width=&#8221;1\/3&#8243;]<div class=\"testimonials-card\">\r\n                  <div class=\"single-image-holder\"><img loading=\"lazy\" decoding=\"async\" width=\"885\" height=\"888\" src=\"https:\/\/www.fuss-ev.de\/neumarkt-sankt-veit\/wp-content\/uploads\/sites\/15\/2025\/01\/Raul-Krauthausen-FUSS-eV.png\" class=\"attachment-full size-full\" alt=\"\" srcset=\"https:\/\/www.fuss-ev.de\/neumarkt-sankt-veit\/wp-content\/uploads\/sites\/15\/2025\/01\/Raul-Krauthausen-FUSS-eV.png 885w, https:\/\/www.fuss-ev.de\/neumarkt-sankt-veit\/wp-content\/uploads\/sites\/15\/2025\/01\/Raul-Krauthausen-FUSS-eV-300x300.png 300w, https:\/\/www.fuss-ev.de\/neumarkt-sankt-veit\/wp-content\/uploads\/sites\/15\/2025\/01\/Raul-Krauthausen-FUSS-eV-150x150.png 150w, https:\/\/www.fuss-ev.de\/neumarkt-sankt-veit\/wp-content\/uploads\/sites\/15\/2025\/01\/Raul-Krauthausen-FUSS-eV-768x771.png 768w, https:\/\/www.fuss-ev.de\/neumarkt-sankt-veit\/wp-content\/uploads\/sites\/15\/2025\/01\/Raul-Krauthausen-FUSS-eV-100x100.png 100w\" sizes=\"auto, (max-width: 885px) 100vw, 885px\" \/><div class=\"img-source\"><span>Foto: Anna Spindelndreier<\/span><\/div><\/div>\r\n                  <p class=\"inner-content\">Barrierefreiheit ist eine Frage des politischen Willens. Deswegen ist FUSS e.V. so wichtig. Unser Land braucht eine starke Lobby f\u00fcr sichere und bequeme Wege zu Fu\u00df, denn Mobilit\u00e4t erm\u00f6glicht gesellschaftliche Teilhabe.\u201c<\/p>\r\n                  <p class=\"person\">Ra\u00fal Krauthausen - Inklusions-Aktivist<\/p>\r\n                <\/div>[\/vc_column_inner][vc_column_inner width=&#8221;1\/3&#8243;]<div class=\"testimonials-card\">\r\n                  <div class=\"single-image-holder\"><img loading=\"lazy\" decoding=\"async\" width=\"930\" height=\"927\" src=\"https:\/\/www.fuss-ev.de\/neumarkt-sankt-veit\/wp-content\/uploads\/sites\/15\/2025\/01\/Anne-Grose-FUSS-eV.png\" class=\"attachment-full size-full\" alt=\"\" srcset=\"https:\/\/www.fuss-ev.de\/neumarkt-sankt-veit\/wp-content\/uploads\/sites\/15\/2025\/01\/Anne-Grose-FUSS-eV.png 930w, https:\/\/www.fuss-ev.de\/neumarkt-sankt-veit\/wp-content\/uploads\/sites\/15\/2025\/01\/Anne-Grose-FUSS-eV-300x300.png 300w, https:\/\/www.fuss-ev.de\/neumarkt-sankt-veit\/wp-content\/uploads\/sites\/15\/2025\/01\/Anne-Grose-FUSS-eV-150x150.png 150w, https:\/\/www.fuss-ev.de\/neumarkt-sankt-veit\/wp-content\/uploads\/sites\/15\/2025\/01\/Anne-Grose-FUSS-eV-768x766.png 768w, https:\/\/www.fuss-ev.de\/neumarkt-sankt-veit\/wp-content\/uploads\/sites\/15\/2025\/01\/Anne-Grose-FUSS-eV-100x100.png 100w\" sizes=\"auto, (max-width: 930px) 100vw, 930px\" \/><\/div>\r\n                  <p class=\"inner-content\">Ich bin Mitglied im FUSS e.V., weil ich mich daf\u00fcr einsetzen m\u00f6chte, den \u00f6ffentlichen Raum f\u00fcr alle Menschen sicher und attraktiv zu gestalten. Das ist f\u00fcr mich ein Beitrag zum sozialen Leben in der Stadt.\u201c<\/p>\r\n                  <p class=\"person\">Anne Grose - Mitglied im FUSS e.V.<\/p>\r\n                <\/div>[\/vc_column_inner][\/vc_row_inner][\/vc_column][\/vc_row][vc_row][vc_column][vc_single_image image=&#8221;4682&#8243; css=&#8221;&#8221;][\/vc_column][\/vc_row]<\/p>\n<\/div>","protected":false},"excerpt":{"rendered":"<p>[vc_row full_width=&#8221;stretch_row&#8221; css=&#8221;.vc_custom_1738151806191{margin-top: 20px !important;}&#8221;][vc_column width=&#8221;1\/3&#8243;][\/vc_column][vc_column width=&#8221;1\/3&#8243;][\/vc_column][vc_column width=&#8221;1\/3&#8243;][\/vc_column][\/vc_row][vc_row][vc_column][vc_column_text css=&#8221;.vc_custom_1768741477414{margin-bottom: 0px !important;}&#8221;] Wir engagieren uns f\u00fcr ein sicheres Vorankommen entlang unserer Stra\u00dfen und Verkehrswege f\u00fcr alle Verkehrsteilnehmer. Wir freuen uns auf Unterst\u00fctzung von Ihnen-melden\u00a0Sie sich gerne [&hellip;]<\/p>\n","protected":false},"author":1,"featured_media":38,"parent":0,"menu_order":0,"comment_status":"closed","ping_status":"closed","template":"","meta":{"_acf_changed":false,"_relevanssi_hide_post":"","_relevanssi_hide_content":"","_relevanssi_pin_for_all":"","_relevanssi_pin_keywords":"","_relevanssi_unpin_keywords":"","_relevanssi_related_keywords":"","_relevanssi_related_include_ids":"","_relevanssi_related_exclude_ids":"","_relevanssi_related_no_append":"","_relevanssi_related_not_related":"","_relevanssi_related_posts":"","_relevanssi_noindex_reason":"","inline_featured_image":false,"footnotes":""},"class_list":["post-31","page","type-page","status-publish","has-post-thumbnail","hentry"],"acf":[],"yoast_head":"<!-- This site is optimized with the Yoast SEO plugin v27.4 - https:\/\/yoast.com\/product\/yoast-seo-wordpress\/ -->\n<title>Fuss e.V. Neumarkt-Sankt Veit - Neumarkt-Sankt Veit - fuss e.V.<\/title>\n<meta name=\"description\" content=\"sicher zu Fuss, Tempo 30, f\u00fcr mehr Sicherheit f\u00fcr alle Verkehrsteilnehmer, Neumarkt-Sankt Veit, weniger Unf\u00e4lle\" \/>\n<meta name=\"robots\" content=\"index, follow, max-snippet:-1, max-image-preview:large, max-video-preview:-1\" \/>\n<link rel=\"canonical\" href=\"https:\/\/www.fuss-ev.de\/neumarkt-sankt-veit\/fussfreundlich-neumarkt-st-veit-sicher-zu-fuss-tempo-30-zebrastreifen\/\" \/>\n<meta property=\"og:locale\" content=\"de_DE\" \/>\n<meta property=\"og:type\" content=\"article\" \/>\n<meta property=\"og:title\" content=\"Fuss e.V. Neumarkt-Sankt Veit - Neumarkt-Sankt Veit - fuss e.V.\" \/>\n<meta property=\"og:description\" content=\"sicher zu Fuss, Tempo 30, f\u00fcr mehr Sicherheit f\u00fcr alle Verkehrsteilnehmer, Neumarkt-Sankt Veit, weniger Unf\u00e4lle\" \/>\n<meta property=\"og:url\" content=\"https:\/\/www.fuss-ev.de\/neumarkt-sankt-veit\/fussfreundlich-neumarkt-st-veit-sicher-zu-fuss-tempo-30-zebrastreifen\/\" \/>\n<meta property=\"og:site_name\" content=\"Neumarkt-Sankt Veit - fuss e.V.\" \/>\n<meta property=\"article:modified_time\" content=\"2026-01-20T15:45:58+00:00\" \/>\n<meta property=\"og:image\" content=\"https:\/\/www.fuss-ev.de\/neumarkt-sankt-veit\/wp-content\/uploads\/sites\/15\/2025\/01\/Zwei-Maedchen-rennen-ueber-ein-Zebrastreifen-FUSS-eV-scaled.jpg\" \/>\n\t<meta property=\"og:image:width\" content=\"2560\" \/>\n\t<meta property=\"og:image:height\" content=\"1175\" \/>\n\t<meta property=\"og:image:type\" content=\"image\/jpeg\" \/>\n<meta name=\"twitter:card\" content=\"summary_large_image\" \/>\n<meta name=\"twitter:label1\" content=\"Gesch\u00e4tzte Lesezeit\" \/>\n\t<meta name=\"twitter:data1\" content=\"9\u00a0Minuten\" \/>\n<script type=\"application\/ld+json\" class=\"yoast-schema-graph\">{\"@context\":\"https:\\\/\\\/schema.org\",\"@graph\":[{\"@type\":\"WebPage\",\"@id\":\"https:\\\/\\\/www.fuss-ev.de\\\/neumarkt-sankt-veit\\\/fussfreundlich-neumarkt-st-veit-sicher-zu-fuss-tempo-30-zebrastreifen\\\/\",\"url\":\"https:\\\/\\\/www.fuss-ev.de\\\/neumarkt-sankt-veit\\\/fussfreundlich-neumarkt-st-veit-sicher-zu-fuss-tempo-30-zebrastreifen\\\/\",\"name\":\"Fuss e.V. Neumarkt-Sankt Veit - Neumarkt-Sankt Veit - fuss e.V.\",\"isPartOf\":{\"@id\":\"https:\\\/\\\/www.fuss-ev.de\\\/neumarkt-sankt-veit\\\/#website\"},\"primaryImageOfPage\":{\"@id\":\"https:\\\/\\\/www.fuss-ev.de\\\/neumarkt-sankt-veit\\\/fussfreundlich-neumarkt-st-veit-sicher-zu-fuss-tempo-30-zebrastreifen\\\/#primaryimage\"},\"image\":{\"@id\":\"https:\\\/\\\/www.fuss-ev.de\\\/neumarkt-sankt-veit\\\/fussfreundlich-neumarkt-st-veit-sicher-zu-fuss-tempo-30-zebrastreifen\\\/#primaryimage\"},\"thumbnailUrl\":\"https:\\\/\\\/www.fuss-ev.de\\\/neumarkt-sankt-veit\\\/wp-content\\\/uploads\\\/sites\\\/15\\\/2025\\\/01\\\/Zwei-Maedchen-rennen-ueber-ein-Zebrastreifen-FUSS-eV-scaled.jpg\",\"datePublished\":\"2025-01-28T15:47:05+00:00\",\"dateModified\":\"2026-01-20T15:45:58+00:00\",\"description\":\"sicher zu Fuss, Tempo 30, f\u00fcr mehr Sicherheit f\u00fcr alle Verkehrsteilnehmer, Neumarkt-Sankt Veit, weniger Unf\u00e4lle\",\"breadcrumb\":{\"@id\":\"https:\\\/\\\/www.fuss-ev.de\\\/neumarkt-sankt-veit\\\/fussfreundlich-neumarkt-st-veit-sicher-zu-fuss-tempo-30-zebrastreifen\\\/#breadcrumb\"},\"inLanguage\":\"de\",\"potentialAction\":[{\"@type\":\"ReadAction\",\"target\":[\"https:\\\/\\\/www.fuss-ev.de\\\/neumarkt-sankt-veit\\\/fussfreundlich-neumarkt-st-veit-sicher-zu-fuss-tempo-30-zebrastreifen\\\/\"]}]},{\"@type\":\"ImageObject\",\"inLanguage\":\"de\",\"@id\":\"https:\\\/\\\/www.fuss-ev.de\\\/neumarkt-sankt-veit\\\/fussfreundlich-neumarkt-st-veit-sicher-zu-fuss-tempo-30-zebrastreifen\\\/#primaryimage\",\"url\":\"https:\\\/\\\/www.fuss-ev.de\\\/neumarkt-sankt-veit\\\/wp-content\\\/uploads\\\/sites\\\/15\\\/2025\\\/01\\\/Zwei-Maedchen-rennen-ueber-ein-Zebrastreifen-FUSS-eV-scaled.jpg\",\"contentUrl\":\"https:\\\/\\\/www.fuss-ev.de\\\/neumarkt-sankt-veit\\\/wp-content\\\/uploads\\\/sites\\\/15\\\/2025\\\/01\\\/Zwei-Maedchen-rennen-ueber-ein-Zebrastreifen-FUSS-eV-scaled.jpg\",\"width\":2560,\"height\":1175},{\"@type\":\"BreadcrumbList\",\"@id\":\"https:\\\/\\\/www.fuss-ev.de\\\/neumarkt-sankt-veit\\\/fussfreundlich-neumarkt-st-veit-sicher-zu-fuss-tempo-30-zebrastreifen\\\/#breadcrumb\",\"itemListElement\":[{\"@type\":\"ListItem\",\"position\":1,\"name\":\"Startseite\",\"item\":\"https:\\\/\\\/www.fuss-ev.de\\\/neumarkt-sankt-veit\\\/\"},{\"@type\":\"ListItem\",\"position\":2,\"name\":\"Fuss e.V. Neumarkt-Sankt Veit\"}]},{\"@type\":\"WebSite\",\"@id\":\"https:\\\/\\\/www.fuss-ev.de\\\/neumarkt-sankt-veit\\\/#website\",\"url\":\"https:\\\/\\\/www.fuss-ev.de\\\/neumarkt-sankt-veit\\\/\",\"name\":\"Neumarkt-Sankt Veit - FUSS e.V.\",\"description\":\"Sicherheit auf den Wegen f\u00fcr Fu\u00dfg\u00e4nger, Tempo 30 umsetzten\",\"publisher\":{\"@id\":\"https:\\\/\\\/www.fuss-ev.de\\\/neumarkt-sankt-veit\\\/#organization\"},\"potentialAction\":[{\"@type\":\"SearchAction\",\"target\":{\"@type\":\"EntryPoint\",\"urlTemplate\":\"https:\\\/\\\/www.fuss-ev.de\\\/neumarkt-sankt-veit\\\/?s={search_term_string}\"},\"query-input\":{\"@type\":\"PropertyValueSpecification\",\"valueRequired\":true,\"valueName\":\"search_term_string\"}}],\"inLanguage\":\"de\"},{\"@type\":\"Organization\",\"@id\":\"https:\\\/\\\/www.fuss-ev.de\\\/neumarkt-sankt-veit\\\/#organization\",\"name\":\"Neumarkt-Sankt Veit - FUSS e.V.\",\"url\":\"https:\\\/\\\/www.fuss-ev.de\\\/neumarkt-sankt-veit\\\/\",\"logo\":{\"@type\":\"ImageObject\",\"inLanguage\":\"de\",\"@id\":\"https:\\\/\\\/www.fuss-ev.de\\\/neumarkt-sankt-veit\\\/#\\\/schema\\\/logo\\\/image\\\/\",\"url\":\"https:\\\/\\\/www.fuss-ev.de\\\/neumarkt-sankt-veit\\\/wp-content\\\/uploads\\\/sites\\\/15\\\/2025\\\/01\\\/FUSS_Logo.jpg\",\"contentUrl\":\"https:\\\/\\\/www.fuss-ev.de\\\/neumarkt-sankt-veit\\\/wp-content\\\/uploads\\\/sites\\\/15\\\/2025\\\/01\\\/FUSS_Logo.jpg\",\"width\":2082,\"height\":979,\"caption\":\"Neumarkt-Sankt Veit - FUSS e.V.\"},\"image\":{\"@id\":\"https:\\\/\\\/www.fuss-ev.de\\\/neumarkt-sankt-veit\\\/#\\\/schema\\\/logo\\\/image\\\/\"}}]}<\/script>\n<!-- \/ Yoast SEO plugin. -->","yoast_head_json":{"title":"Fuss e.V. Neumarkt-Sankt Veit - Neumarkt-Sankt Veit - fuss e.V.","description":"sicher zu Fuss, Tempo 30, f\u00fcr mehr Sicherheit f\u00fcr alle Verkehrsteilnehmer, Neumarkt-Sankt Veit, weniger Unf\u00e4lle","robots":{"index":"index","follow":"follow","max-snippet":"max-snippet:-1","max-image-preview":"max-image-preview:large","max-video-preview":"max-video-preview:-1"},"canonical":"https:\/\/www.fuss-ev.de\/neumarkt-sankt-veit\/fussfreundlich-neumarkt-st-veit-sicher-zu-fuss-tempo-30-zebrastreifen\/","og_locale":"de_DE","og_type":"article","og_title":"Fuss e.V. Neumarkt-Sankt Veit - Neumarkt-Sankt Veit - fuss e.V.","og_description":"sicher zu Fuss, Tempo 30, f\u00fcr mehr Sicherheit f\u00fcr alle Verkehrsteilnehmer, Neumarkt-Sankt Veit, weniger Unf\u00e4lle","og_url":"https:\/\/www.fuss-ev.de\/neumarkt-sankt-veit\/fussfreundlich-neumarkt-st-veit-sicher-zu-fuss-tempo-30-zebrastreifen\/","og_site_name":"Neumarkt-Sankt Veit - fuss e.V.","article_modified_time":"2026-01-20T15:45:58+00:00","og_image":[{"width":2560,"height":1175,"url":"https:\/\/www.fuss-ev.de\/neumarkt-sankt-veit\/wp-content\/uploads\/sites\/15\/2025\/01\/Zwei-Maedchen-rennen-ueber-ein-Zebrastreifen-FUSS-eV-scaled.jpg","type":"image\/jpeg"}],"twitter_card":"summary_large_image","twitter_misc":{"Gesch\u00e4tzte Lesezeit":"9\u00a0Minuten"},"schema":{"@context":"https:\/\/schema.org","@graph":[{"@type":"WebPage","@id":"https:\/\/www.fuss-ev.de\/neumarkt-sankt-veit\/fussfreundlich-neumarkt-st-veit-sicher-zu-fuss-tempo-30-zebrastreifen\/","url":"https:\/\/www.fuss-ev.de\/neumarkt-sankt-veit\/fussfreundlich-neumarkt-st-veit-sicher-zu-fuss-tempo-30-zebrastreifen\/","name":"Fuss e.V. Neumarkt-Sankt Veit - Neumarkt-Sankt Veit - fuss e.V.","isPartOf":{"@id":"https:\/\/www.fuss-ev.de\/neumarkt-sankt-veit\/#website"},"primaryImageOfPage":{"@id":"https:\/\/www.fuss-ev.de\/neumarkt-sankt-veit\/fussfreundlich-neumarkt-st-veit-sicher-zu-fuss-tempo-30-zebrastreifen\/#primaryimage"},"image":{"@id":"https:\/\/www.fuss-ev.de\/neumarkt-sankt-veit\/fussfreundlich-neumarkt-st-veit-sicher-zu-fuss-tempo-30-zebrastreifen\/#primaryimage"},"thumbnailUrl":"https:\/\/www.fuss-ev.de\/neumarkt-sankt-veit\/wp-content\/uploads\/sites\/15\/2025\/01\/Zwei-Maedchen-rennen-ueber-ein-Zebrastreifen-FUSS-eV-scaled.jpg","datePublished":"2025-01-28T15:47:05+00:00","dateModified":"2026-01-20T15:45:58+00:00","description":"sicher zu Fuss, Tempo 30, f\u00fcr mehr Sicherheit f\u00fcr alle Verkehrsteilnehmer, Neumarkt-Sankt Veit, weniger Unf\u00e4lle","breadcrumb":{"@id":"https:\/\/www.fuss-ev.de\/neumarkt-sankt-veit\/fussfreundlich-neumarkt-st-veit-sicher-zu-fuss-tempo-30-zebrastreifen\/#breadcrumb"},"inLanguage":"de","potentialAction":[{"@type":"ReadAction","target":["https:\/\/www.fuss-ev.de\/neumarkt-sankt-veit\/fussfreundlich-neumarkt-st-veit-sicher-zu-fuss-tempo-30-zebrastreifen\/"]}]},{"@type":"ImageObject","inLanguage":"de","@id":"https:\/\/www.fuss-ev.de\/neumarkt-sankt-veit\/fussfreundlich-neumarkt-st-veit-sicher-zu-fuss-tempo-30-zebrastreifen\/#primaryimage","url":"https:\/\/www.fuss-ev.de\/neumarkt-sankt-veit\/wp-content\/uploads\/sites\/15\/2025\/01\/Zwei-Maedchen-rennen-ueber-ein-Zebrastreifen-FUSS-eV-scaled.jpg","contentUrl":"https:\/\/www.fuss-ev.de\/neumarkt-sankt-veit\/wp-content\/uploads\/sites\/15\/2025\/01\/Zwei-Maedchen-rennen-ueber-ein-Zebrastreifen-FUSS-eV-scaled.jpg","width":2560,"height":1175},{"@type":"BreadcrumbList","@id":"https:\/\/www.fuss-ev.de\/neumarkt-sankt-veit\/fussfreundlich-neumarkt-st-veit-sicher-zu-fuss-tempo-30-zebrastreifen\/#breadcrumb","itemListElement":[{"@type":"ListItem","position":1,"name":"Startseite","item":"https:\/\/www.fuss-ev.de\/neumarkt-sankt-veit\/"},{"@type":"ListItem","position":2,"name":"Fuss e.V. Neumarkt-Sankt Veit"}]},{"@type":"WebSite","@id":"https:\/\/www.fuss-ev.de\/neumarkt-sankt-veit\/#website","url":"https:\/\/www.fuss-ev.de\/neumarkt-sankt-veit\/","name":"Neumarkt-Sankt Veit - FUSS e.V.","description":"Sicherheit auf den Wegen f\u00fcr Fu\u00dfg\u00e4nger, Tempo 30 umsetzten","publisher":{"@id":"https:\/\/www.fuss-ev.de\/neumarkt-sankt-veit\/#organization"},"potentialAction":[{"@type":"SearchAction","target":{"@type":"EntryPoint","urlTemplate":"https:\/\/www.fuss-ev.de\/neumarkt-sankt-veit\/?s={search_term_string}"},"query-input":{"@type":"PropertyValueSpecification","valueRequired":true,"valueName":"search_term_string"}}],"inLanguage":"de"},{"@type":"Organization","@id":"https:\/\/www.fuss-ev.de\/neumarkt-sankt-veit\/#organization","name":"Neumarkt-Sankt Veit - FUSS e.V.","url":"https:\/\/www.fuss-ev.de\/neumarkt-sankt-veit\/","logo":{"@type":"ImageObject","inLanguage":"de","@id":"https:\/\/www.fuss-ev.de\/neumarkt-sankt-veit\/#\/schema\/logo\/image\/","url":"https:\/\/www.fuss-ev.de\/neumarkt-sankt-veit\/wp-content\/uploads\/sites\/15\/2025\/01\/FUSS_Logo.jpg","contentUrl":"https:\/\/www.fuss-ev.de\/neumarkt-sankt-veit\/wp-content\/uploads\/sites\/15\/2025\/01\/FUSS_Logo.jpg","width":2082,"height":979,"caption":"Neumarkt-Sankt Veit - FUSS e.V."},"image":{"@id":"https:\/\/www.fuss-ev.de\/neumarkt-sankt-veit\/#\/schema\/logo\/image\/"}}]}},"publishpress_future_action":{"enabled":false,"date":"2026-05-04 16:32:56","action":"change-status","newStatus":"draft","terms":[],"taxonomy":"","extraData":[]},"publishpress_future_workflow_manual_trigger":{"enabledWorkflows":[]},"_links":{"self":[{"href":"https:\/\/www.fuss-ev.de\/neumarkt-sankt-veit\/wp-json\/wp\/v2\/pages\/31","targetHints":{"allow":["GET"]}}],"collection":[{"href":"https:\/\/www.fuss-ev.de\/neumarkt-sankt-veit\/wp-json\/wp\/v2\/pages"}],"about":[{"href":"https:\/\/www.fuss-ev.de\/neumarkt-sankt-veit\/wp-json\/wp\/v2\/types\/page"}],"author":[{"embeddable":true,"href":"https:\/\/www.fuss-ev.de\/neumarkt-sankt-veit\/wp-json\/wp\/v2\/users\/1"}],"replies":[{"embeddable":true,"href":"https:\/\/www.fuss-ev.de\/neumarkt-sankt-veit\/wp-json\/wp\/v2\/comments?post=31"}],"version-history":[{"count":42,"href":"https:\/\/www.fuss-ev.de\/neumarkt-sankt-veit\/wp-json\/wp\/v2\/pages\/31\/revisions"}],"predecessor-version":[{"id":4854,"href":"https:\/\/www.fuss-ev.de\/neumarkt-sankt-veit\/wp-json\/wp\/v2\/pages\/31\/revisions\/4854"}],"wp:featuredmedia":[{"embeddable":true,"href":"https:\/\/www.fuss-ev.de\/neumarkt-sankt-veit\/wp-json\/wp\/v2\/media\/38"}],"wp:attachment":[{"href":"https:\/\/www.fuss-ev.de\/neumarkt-sankt-veit\/wp-json\/wp\/v2\/media?parent=31"}],"curies":[{"name":"wp","href":"https:\/\/api.w.org\/{rel}","templated":true}]}}