{"id":4696,"date":"2025-09-12T23:02:03","date_gmt":"2025-09-12T21:02:01","guid":{"rendered":"https:\/\/www.fuss-ev.de\/lindau\/?page_id=4696"},"modified":"2025-10-12T13:18:47","modified_gmt":"2025-10-12T11:18:47","slug":"europaeische-mobilitaetswoche-2025","status":"publish","type":"page","link":"https:\/\/www.fuss-ev.de\/lindau\/europaeische-mobilitaetswoche-2025\/","title":{"rendered":"Europ\u00e4ische Mobilit\u00e4tswoche 2025"},"content":{"rendered":"<p><strong><img loading=\"lazy\" decoding=\"async\" class=\"alignnone wp-image-4712\" src=\"https:\/\/www.fuss-ev.de\/lindau\/wp-content\/uploads\/sites\/31\/2025\/09\/EMW-2025-Logo2-300x201.png\" alt=\"\" width=\"224\" height=\"150\" srcset=\"https:\/\/www.fuss-ev.de\/lindau\/wp-content\/uploads\/sites\/31\/2025\/09\/EMW-2025-Logo2-300x201.png 300w, https:\/\/www.fuss-ev.de\/lindau\/wp-content\/uploads\/sites\/31\/2025\/09\/EMW-2025-Logo2-768x515.png 768w, https:\/\/www.fuss-ev.de\/lindau\/wp-content\/uploads\/sites\/31\/2025\/09\/EMW-2025-Logo2.png 889w\" sizes=\"auto, (max-width: 224px) 100vw, 224px\" \/>\u00a0 \u00a0 \u00a0 \u00a0 \u00a0 <\/strong><strong><img loading=\"lazy\" decoding=\"async\" class=\"alignnone wp-image-4710\" src=\"https:\/\/www.fuss-ev.de\/lindau\/wp-content\/uploads\/sites\/31\/2025\/09\/EMW-2025-Lindau-Logo-300x180.jpg\" alt=\"\" width=\"250\" height=\"150\" srcset=\"https:\/\/www.fuss-ev.de\/lindau\/wp-content\/uploads\/sites\/31\/2025\/09\/EMW-2025-Lindau-Logo-300x180.jpg 300w, https:\/\/www.fuss-ev.de\/lindau\/wp-content\/uploads\/sites\/31\/2025\/09\/EMW-2025-Lindau-Logo-1024x616.jpg 1024w, https:\/\/www.fuss-ev.de\/lindau\/wp-content\/uploads\/sites\/31\/2025\/09\/EMW-2025-Lindau-Logo-768x462.jpg 768w, https:\/\/www.fuss-ev.de\/lindau\/wp-content\/uploads\/sites\/31\/2025\/09\/EMW-2025-Lindau-Logo.jpg 1241w\" sizes=\"auto, (max-width: 250px) 100vw, 250px\" \/>\u00a0 \u00a0 \u00a0 \u00a0 \u00a0 <img loading=\"lazy\" decoding=\"async\" class=\"alignnone wp-image-4711\" src=\"https:\/\/www.fuss-ev.de\/lindau\/wp-content\/uploads\/sites\/31\/2025\/09\/EMW-2025-Logo-300x151.png\" alt=\"\" width=\"299\" height=\"150\" srcset=\"https:\/\/www.fuss-ev.de\/lindau\/wp-content\/uploads\/sites\/31\/2025\/09\/EMW-2025-Logo-300x151.png 300w, https:\/\/www.fuss-ev.de\/lindau\/wp-content\/uploads\/sites\/31\/2025\/09\/EMW-2025-Logo-768x386.png 768w, https:\/\/www.fuss-ev.de\/lindau\/wp-content\/uploads\/sites\/31\/2025\/09\/EMW-2025-Logo.png 777w\" sizes=\"auto, (max-width: 299px) 100vw, 299px\" \/><\/strong><\/p>\n<p><strong>Die Europ\u00e4ische Mobilit\u00e4tswoche 2025 fand vom 16.09. bis zum 22.09.2025 statt.<\/strong><\/p>\n<p>Die Lindauer Ortsgruppe von FUSS e.V. machte mit und bot zwei verschiedene Verkehrsgehchecks an.<\/p>\n<p>Das Ziel dieser Begehungen war, mithilfe von Ihren\/Euren Beobachtungen, Kommentaren und Vorschl\u00e4gen, die ausgew\u00e4hlten Orte noch sicherer, angenehmer und sch\u00f6ner zu machen.<\/p>\n<p>Zwei Standorte wurden \u201eunter die Lupe\u201c genommen:<\/p>\n<p><strong><img loading=\"lazy\" decoding=\"async\" class=\"alignnone wp-image-4703\" src=\"https:\/\/www.fuss-ev.de\/lindau\/wp-content\/uploads\/sites\/31\/2025\/09\/20250731_151544-300x139.jpg\" alt=\"\" width=\"325\" height=\"150\" srcset=\"https:\/\/www.fuss-ev.de\/lindau\/wp-content\/uploads\/sites\/31\/2025\/09\/20250731_151544-300x139.jpg 300w, https:\/\/www.fuss-ev.de\/lindau\/wp-content\/uploads\/sites\/31\/2025\/09\/20250731_151544-1024x474.jpg 1024w, https:\/\/www.fuss-ev.de\/lindau\/wp-content\/uploads\/sites\/31\/2025\/09\/20250731_151544-768x355.jpg 768w, https:\/\/www.fuss-ev.de\/lindau\/wp-content\/uploads\/sites\/31\/2025\/09\/20250731_151544-1536x710.jpg 1536w, https:\/\/www.fuss-ev.de\/lindau\/wp-content\/uploads\/sites\/31\/2025\/09\/20250731_151544-2048x947.jpg 2048w\" sizes=\"auto, (max-width: 325px) 100vw, 325px\" \/>\u00a0 \u00a0 \u00a0 \u00a0 \u00a0\u00a0<\/strong><strong><img loading=\"lazy\" decoding=\"async\" class=\"alignnone wp-image-4701\" src=\"https:\/\/www.fuss-ev.de\/lindau\/wp-content\/uploads\/sites\/31\/2025\/09\/20250731_151455-300x139.jpg\" alt=\"\" width=\"323\" height=\"150\" srcset=\"https:\/\/www.fuss-ev.de\/lindau\/wp-content\/uploads\/sites\/31\/2025\/09\/20250731_151455-300x139.jpg 300w, https:\/\/www.fuss-ev.de\/lindau\/wp-content\/uploads\/sites\/31\/2025\/09\/20250731_151455-1024x473.jpg 1024w, https:\/\/www.fuss-ev.de\/lindau\/wp-content\/uploads\/sites\/31\/2025\/09\/20250731_151455-768x355.jpg 768w, https:\/\/www.fuss-ev.de\/lindau\/wp-content\/uploads\/sites\/31\/2025\/09\/20250731_151455-1536x709.jpg 1536w, https:\/\/www.fuss-ev.de\/lindau\/wp-content\/uploads\/sites\/31\/2025\/09\/20250731_151455-2048x946.jpg 2048w\" sizes=\"auto, (max-width: 323px) 100vw, 323px\" \/>\u00a0 \u00a0 \u00a0 \u00a0 \u00a0\u00a0<\/strong><strong><img loading=\"lazy\" decoding=\"async\" class=\"alignnone wp-image-4699\" src=\"https:\/\/www.fuss-ev.de\/lindau\/wp-content\/uploads\/sites\/31\/2025\/09\/20250731_151417-300x139.jpg\" alt=\"\" width=\"324\" height=\"150\" srcset=\"https:\/\/www.fuss-ev.de\/lindau\/wp-content\/uploads\/sites\/31\/2025\/09\/20250731_151417-300x139.jpg 300w, https:\/\/www.fuss-ev.de\/lindau\/wp-content\/uploads\/sites\/31\/2025\/09\/20250731_151417-1024x474.jpg 1024w, https:\/\/www.fuss-ev.de\/lindau\/wp-content\/uploads\/sites\/31\/2025\/09\/20250731_151417-768x355.jpg 768w, https:\/\/www.fuss-ev.de\/lindau\/wp-content\/uploads\/sites\/31\/2025\/09\/20250731_151417-1536x710.jpg 1536w, https:\/\/www.fuss-ev.de\/lindau\/wp-content\/uploads\/sites\/31\/2025\/09\/20250731_151417-2048x947.jpg 2048w\" sizes=\"auto, (max-width: 324px) 100vw, 324px\" \/>\u00a0 \u00a0 \u00a0 \u00a0 \u00a0 <\/strong><strong><img loading=\"lazy\" decoding=\"async\" class=\"alignnone wp-image-4700\" src=\"https:\/\/www.fuss-ev.de\/lindau\/wp-content\/uploads\/sites\/31\/2025\/09\/20250731_151436-300x139.jpg\" alt=\"\" width=\"325\" height=\"150\" srcset=\"https:\/\/www.fuss-ev.de\/lindau\/wp-content\/uploads\/sites\/31\/2025\/09\/20250731_151436-300x139.jpg 300w, https:\/\/www.fuss-ev.de\/lindau\/wp-content\/uploads\/sites\/31\/2025\/09\/20250731_151436-1024x474.jpg 1024w, https:\/\/www.fuss-ev.de\/lindau\/wp-content\/uploads\/sites\/31\/2025\/09\/20250731_151436-768x355.jpg 768w, https:\/\/www.fuss-ev.de\/lindau\/wp-content\/uploads\/sites\/31\/2025\/09\/20250731_151436-1536x710.jpg 1536w, https:\/\/www.fuss-ev.de\/lindau\/wp-content\/uploads\/sites\/31\/2025\/09\/20250731_151436-2048x947.jpg 2048w\" sizes=\"auto, (max-width: 325px) 100vw, 325px\" \/><\/strong><strong>\u00a0 \u00a0 \u00a0 \u00a0 \u00a0 <\/strong><strong><img loading=\"lazy\" decoding=\"async\" class=\"alignnone wp-image-4702\" src=\"https:\/\/www.fuss-ev.de\/lindau\/wp-content\/uploads\/sites\/31\/2025\/09\/20250731_151515-300x139.jpg\" alt=\"\" width=\"323\" height=\"150\" srcset=\"https:\/\/www.fuss-ev.de\/lindau\/wp-content\/uploads\/sites\/31\/2025\/09\/20250731_151515-300x139.jpg 300w, https:\/\/www.fuss-ev.de\/lindau\/wp-content\/uploads\/sites\/31\/2025\/09\/20250731_151515-1024x473.jpg 1024w, https:\/\/www.fuss-ev.de\/lindau\/wp-content\/uploads\/sites\/31\/2025\/09\/20250731_151515-768x355.jpg 768w, https:\/\/www.fuss-ev.de\/lindau\/wp-content\/uploads\/sites\/31\/2025\/09\/20250731_151515-1536x709.jpg 1536w, https:\/\/www.fuss-ev.de\/lindau\/wp-content\/uploads\/sites\/31\/2025\/09\/20250731_151515-2048x946.jpg 2048w\" sizes=\"auto, (max-width: 323px) 100vw, 323px\" \/><\/strong><\/p>\n<p>&#8211; der neu gestaltete <strong>Marktplatz<\/strong>,<\/p>\n<p>Termine: <strong>Dienstag, 16.09. und Donnerstag, 18.09., jeweils um 17.30 Uhr<\/strong><\/p>\n<p>Treffpunkt: vor dem Kulturamt, Linggstr. 3,<\/p>\n<p>&nbsp;<\/p>\n<p><strong><img loading=\"lazy\" decoding=\"async\" class=\"alignnone wp-image-4706\" src=\"https:\/\/www.fuss-ev.de\/lindau\/wp-content\/uploads\/sites\/31\/2025\/09\/20250319_133455-300x139.jpg\" alt=\"\" width=\"325\" height=\"150\" srcset=\"https:\/\/www.fuss-ev.de\/lindau\/wp-content\/uploads\/sites\/31\/2025\/09\/20250319_133455-300x139.jpg 300w, https:\/\/www.fuss-ev.de\/lindau\/wp-content\/uploads\/sites\/31\/2025\/09\/20250319_133455-1024x473.jpg 1024w, https:\/\/www.fuss-ev.de\/lindau\/wp-content\/uploads\/sites\/31\/2025\/09\/20250319_133455-768x355.jpg 768w, https:\/\/www.fuss-ev.de\/lindau\/wp-content\/uploads\/sites\/31\/2025\/09\/20250319_133455-1536x709.jpg 1536w, https:\/\/www.fuss-ev.de\/lindau\/wp-content\/uploads\/sites\/31\/2025\/09\/20250319_133455-2048x946.jpg 2048w\" sizes=\"auto, (max-width: 325px) 100vw, 325px\" \/>\u00a0 \u00a0 \u00a0 \u00a0 \u00a0\u00a0<\/strong><strong><img loading=\"lazy\" decoding=\"async\" class=\"alignnone wp-image-4705\" src=\"https:\/\/www.fuss-ev.de\/lindau\/wp-content\/uploads\/sites\/31\/2025\/09\/20240727_125258-300x139.jpg\" alt=\"\" width=\"324\" height=\"150\" srcset=\"https:\/\/www.fuss-ev.de\/lindau\/wp-content\/uploads\/sites\/31\/2025\/09\/20240727_125258-300x139.jpg 300w, https:\/\/www.fuss-ev.de\/lindau\/wp-content\/uploads\/sites\/31\/2025\/09\/20240727_125258-1024x473.jpg 1024w, https:\/\/www.fuss-ev.de\/lindau\/wp-content\/uploads\/sites\/31\/2025\/09\/20240727_125258-768x355.jpg 768w, https:\/\/www.fuss-ev.de\/lindau\/wp-content\/uploads\/sites\/31\/2025\/09\/20240727_125258-1536x709.jpg 1536w, https:\/\/www.fuss-ev.de\/lindau\/wp-content\/uploads\/sites\/31\/2025\/09\/20240727_125258-2048x946.jpg 2048w\" sizes=\"auto, (max-width: 324px) 100vw, 324px\" \/>\u00a0 \u00a0 \u00a0 \u00a0 \u00a0 <\/strong><strong><img loading=\"lazy\" decoding=\"async\" class=\"wp-image-4704 alignnone\" src=\"https:\/\/www.fuss-ev.de\/lindau\/wp-content\/uploads\/sites\/31\/2025\/09\/20240724_191049-300x139.jpg\" alt=\"\" width=\"323\" height=\"150\" srcset=\"https:\/\/www.fuss-ev.de\/lindau\/wp-content\/uploads\/sites\/31\/2025\/09\/20240724_191049-300x139.jpg 300w, https:\/\/www.fuss-ev.de\/lindau\/wp-content\/uploads\/sites\/31\/2025\/09\/20240724_191049-1024x473.jpg 1024w, https:\/\/www.fuss-ev.de\/lindau\/wp-content\/uploads\/sites\/31\/2025\/09\/20240724_191049-768x355.jpg 768w, https:\/\/www.fuss-ev.de\/lindau\/wp-content\/uploads\/sites\/31\/2025\/09\/20240724_191049-1536x709.jpg 1536w, https:\/\/www.fuss-ev.de\/lindau\/wp-content\/uploads\/sites\/31\/2025\/09\/20240724_191049-2048x946.jpg 2048w\" sizes=\"auto, (max-width: 323px) 100vw, 323px\" \/>\u00a0 \u00a0 \u00a0 \u00a0 \u00a0 <img loading=\"lazy\" decoding=\"async\" class=\"alignnone wp-image-4721\" src=\"https:\/\/www.fuss-ev.de\/lindau\/wp-content\/uploads\/sites\/31\/2025\/09\/20241128_184445-300x139.jpg\" alt=\"\" width=\"324\" height=\"150\" srcset=\"https:\/\/www.fuss-ev.de\/lindau\/wp-content\/uploads\/sites\/31\/2025\/09\/20241128_184445-300x139.jpg 300w, https:\/\/www.fuss-ev.de\/lindau\/wp-content\/uploads\/sites\/31\/2025\/09\/20241128_184445-1024x473.jpg 1024w, https:\/\/www.fuss-ev.de\/lindau\/wp-content\/uploads\/sites\/31\/2025\/09\/20241128_184445-768x355.jpg 768w, https:\/\/www.fuss-ev.de\/lindau\/wp-content\/uploads\/sites\/31\/2025\/09\/20241128_184445-1536x709.jpg 1536w, https:\/\/www.fuss-ev.de\/lindau\/wp-content\/uploads\/sites\/31\/2025\/09\/20241128_184445-2048x946.jpg 2048w\" sizes=\"auto, (max-width: 324px) 100vw, 324px\" \/><\/strong><\/p>\n<p>&#8211; die\u00a0<strong>Haf<\/strong><strong>enpromenade<\/strong>, zwischen\u00a0dem Corner Caf\u00e9 und dem Brettermarkt,<\/p>\n<p>Termine: <strong>Mittwoch, 17.09. und Freitag, 19.09., jeweils um 17.30 Uhr<\/strong><\/p>\n<p>Treffpunkt: Vor dem Haupteingang des Hotels Bayrischer Hof.<\/p>\n<p>Eine Anmeldung ist nicht erforderlich. Eine Teilnahmebest\u00e4tigung f\u00fcr den Termin Ihrer\/Eurer Wahl w\u00e4re aus organisatorischen Gr\u00fcnden sehr hilfreich.\u00a0 Wir w\u00fcnschen uns eine &#8220;\u00fcppige&#8221; Teilnahme und einen breiten Beitrag, damit der Fu\u00dfverkehr seinen Platz in Lindau findet.<\/p>\n<p>Vielen Dank im Voraus f\u00fcr Ihre\/Eure Unterst\u00fctzung.<\/p>\n<p><strong>INFOTISCH<\/strong><br \/>\nDar\u00fcber hinaus wurde am <strong>Samstag, 20.09.2025 von 11 bis 15 Uhr<\/strong> ein Infotisch am Bismarckplatz aufgestellt, mit Infomaterial \u00fcber FUSS e.V. und unsere Aktivit\u00e4ten und Projekte<\/p>\n","protected":false},"excerpt":{"rendered":"<p>\u00a0 \u00a0 \u00a0 \u00a0 \u00a0 \u00a0 \u00a0 \u00a0 \u00a0 \u00a0 Die Europ\u00e4ische Mobilit\u00e4tswoche 2025 fand vom 16.09. bis zum 22.09.2025 statt. Die Lindauer Ortsgruppe von FUSS e.V. machte mit und bot zwei verschiedene Verkehrsgehchecks an. [&hellip;]<\/p>\n","protected":false},"author":72,"featured_media":0,"parent":0,"menu_order":0,"comment_status":"closed","ping_status":"closed","template":"","meta":{"_acf_changed":false,"_relevanssi_hide_post":"","_relevanssi_hide_content":"","_relevanssi_pin_for_all":"","_relevanssi_pin_keywords":"","_relevanssi_unpin_keywords":"","_relevanssi_related_keywords":"","_relevanssi_related_include_ids":"","_relevanssi_related_exclude_ids":"","_relevanssi_related_no_append":"","_relevanssi_related_not_related":"","_relevanssi_related_posts":"","_relevanssi_noindex_reason":"","footnotes":""},"class_list":["post-4696","page","type-page","status-publish","hentry"],"acf":[],"yoast_head":"<!-- This site is optimized with the Yoast SEO plugin v27.4 - https:\/\/yoast.com\/product\/yoast-seo-wordpress\/ -->\n<title>Europ\u00e4ische Mobilit\u00e4tswoche 2025 - FUSS e.V. Lindau<\/title>\n<meta name=\"robots\" content=\"noindex, follow, max-snippet:-1, max-image-preview:large, max-video-preview:-1\" \/>\n<meta property=\"og:locale\" content=\"de_DE\" \/>\n<meta property=\"og:type\" content=\"article\" \/>\n<meta property=\"og:title\" content=\"Europ\u00e4ische Mobilit\u00e4tswoche 2025 - FUSS e.V. Lindau\" \/>\n<meta property=\"og:description\" content=\"\u00a0 \u00a0 \u00a0 \u00a0 \u00a0 \u00a0 \u00a0 \u00a0 \u00a0 \u00a0 Die Europ\u00e4ische Mobilit\u00e4tswoche 2025 fand vom 16.09. bis zum 22.09.2025 statt. Die Lindauer Ortsgruppe von FUSS e.V. machte mit und bot zwei verschiedene Verkehrsgehchecks an. [&hellip;]\" \/>\n<meta property=\"og:url\" content=\"https:\/\/www.fuss-ev.de\/lindau\/europaeische-mobilitaetswoche-2025\/\" \/>\n<meta property=\"og:site_name\" content=\"FUSS e.V. Lindau\" \/>\n<meta property=\"article:modified_time\" content=\"2025-10-12T11:18:47+00:00\" \/>\n<meta property=\"og:image\" content=\"https:\/\/www.fuss-ev.de\/lindau\/wp-content\/uploads\/sites\/31\/2025\/09\/EMW-2025-Logo2.png\" \/>\n\t<meta property=\"og:image:width\" content=\"889\" \/>\n\t<meta property=\"og:image:height\" content=\"596\" \/>\n\t<meta property=\"og:image:type\" content=\"image\/png\" \/>\n<meta name=\"twitter:card\" content=\"summary_large_image\" \/>\n<meta name=\"twitter:label1\" content=\"Gesch\u00e4tzte Lesezeit\" \/>\n\t<meta name=\"twitter:data1\" content=\"4\u00a0Minuten\" \/>\n<script type=\"application\/ld+json\" class=\"yoast-schema-graph\">{\"@context\":\"https:\\\/\\\/schema.org\",\"@graph\":[{\"@type\":\"WebPage\",\"@id\":\"https:\\\/\\\/www.fuss-ev.de\\\/lindau\\\/europaeische-mobilitaetswoche-2025\\\/\",\"url\":\"https:\\\/\\\/www.fuss-ev.de\\\/lindau\\\/europaeische-mobilitaetswoche-2025\\\/\",\"name\":\"Europ\u00e4ische Mobilit\u00e4tswoche 2025 - FUSS e.V. Lindau\",\"isPartOf\":{\"@id\":\"https:\\\/\\\/www.fuss-ev.de\\\/lindau\\\/#website\"},\"primaryImageOfPage\":{\"@id\":\"https:\\\/\\\/www.fuss-ev.de\\\/lindau\\\/europaeische-mobilitaetswoche-2025\\\/#primaryimage\"},\"image\":{\"@id\":\"https:\\\/\\\/www.fuss-ev.de\\\/lindau\\\/europaeische-mobilitaetswoche-2025\\\/#primaryimage\"},\"thumbnailUrl\":\"https:\\\/\\\/www.fuss-ev.de\\\/lindau\\\/wp-content\\\/uploads\\\/sites\\\/31\\\/2025\\\/09\\\/EMW-2025-Logo2-300x201.png\",\"datePublished\":\"2025-09-12T21:02:01+00:00\",\"dateModified\":\"2025-10-12T11:18:47+00:00\",\"breadcrumb\":{\"@id\":\"https:\\\/\\\/www.fuss-ev.de\\\/lindau\\\/europaeische-mobilitaetswoche-2025\\\/#breadcrumb\"},\"inLanguage\":\"de\",\"potentialAction\":[{\"@type\":\"ReadAction\",\"target\":[\"https:\\\/\\\/www.fuss-ev.de\\\/lindau\\\/europaeische-mobilitaetswoche-2025\\\/\"]}]},{\"@type\":\"ImageObject\",\"inLanguage\":\"de\",\"@id\":\"https:\\\/\\\/www.fuss-ev.de\\\/lindau\\\/europaeische-mobilitaetswoche-2025\\\/#primaryimage\",\"url\":\"https:\\\/\\\/www.fuss-ev.de\\\/lindau\\\/wp-content\\\/uploads\\\/sites\\\/31\\\/2025\\\/09\\\/EMW-2025-Logo2.png\",\"contentUrl\":\"https:\\\/\\\/www.fuss-ev.de\\\/lindau\\\/wp-content\\\/uploads\\\/sites\\\/31\\\/2025\\\/09\\\/EMW-2025-Logo2.png\",\"width\":889,\"height\":596},{\"@type\":\"BreadcrumbList\",\"@id\":\"https:\\\/\\\/www.fuss-ev.de\\\/lindau\\\/europaeische-mobilitaetswoche-2025\\\/#breadcrumb\",\"itemListElement\":[{\"@type\":\"ListItem\",\"position\":1,\"name\":\"Startseite\",\"item\":\"https:\\\/\\\/www.fuss-ev.de\\\/lindau\\\/\"},{\"@type\":\"ListItem\",\"position\":2,\"name\":\"Europ\u00e4ische Mobilit\u00e4tswoche 2025\"}]},{\"@type\":\"WebSite\",\"@id\":\"https:\\\/\\\/www.fuss-ev.de\\\/lindau\\\/#website\",\"url\":\"https:\\\/\\\/www.fuss-ev.de\\\/lindau\\\/\",\"name\":\"FUSS e.V. Lindau\",\"description\":\"\",\"publisher\":{\"@id\":\"https:\\\/\\\/www.fuss-ev.de\\\/lindau\\\/#organization\"},\"potentialAction\":[{\"@type\":\"SearchAction\",\"target\":{\"@type\":\"EntryPoint\",\"urlTemplate\":\"https:\\\/\\\/www.fuss-ev.de\\\/lindau\\\/?s={search_term_string}\"},\"query-input\":{\"@type\":\"PropertyValueSpecification\",\"valueRequired\":true,\"valueName\":\"search_term_string\"}}],\"inLanguage\":\"de\"},{\"@type\":\"Organization\",\"@id\":\"https:\\\/\\\/www.fuss-ev.de\\\/lindau\\\/#organization\",\"name\":\"FUSS e.V. Lindau\",\"url\":\"https:\\\/\\\/www.fuss-ev.de\\\/lindau\\\/\",\"logo\":{\"@type\":\"ImageObject\",\"inLanguage\":\"de\",\"@id\":\"https:\\\/\\\/www.fuss-ev.de\\\/lindau\\\/#\\\/schema\\\/logo\\\/image\\\/\",\"url\":\"https:\\\/\\\/www.fuss-ev.de\\\/lindau\\\/wp-content\\\/uploads\\\/sites\\\/31\\\/2025\\\/01\\\/FUSS_Logo.jpg\",\"contentUrl\":\"https:\\\/\\\/www.fuss-ev.de\\\/lindau\\\/wp-content\\\/uploads\\\/sites\\\/31\\\/2025\\\/01\\\/FUSS_Logo.jpg\",\"width\":2082,\"height\":979,\"caption\":\"FUSS e.V. Lindau\"},\"image\":{\"@id\":\"https:\\\/\\\/www.fuss-ev.de\\\/lindau\\\/#\\\/schema\\\/logo\\\/image\\\/\"}}]}<\/script>\n<!-- \/ Yoast SEO plugin. -->","yoast_head_json":{"title":"Europ\u00e4ische Mobilit\u00e4tswoche 2025 - FUSS e.V. Lindau","robots":{"index":"noindex","follow":"follow","max-snippet":"max-snippet:-1","max-image-preview":"max-image-preview:large","max-video-preview":"max-video-preview:-1"},"og_locale":"de_DE","og_type":"article","og_title":"Europ\u00e4ische Mobilit\u00e4tswoche 2025 - FUSS e.V. Lindau","og_description":"\u00a0 \u00a0 \u00a0 \u00a0 \u00a0 \u00a0 \u00a0 \u00a0 \u00a0 \u00a0 Die Europ\u00e4ische Mobilit\u00e4tswoche 2025 fand vom 16.09. bis zum 22.09.2025 statt. Die Lindauer Ortsgruppe von FUSS e.V. machte mit und bot zwei verschiedene Verkehrsgehchecks an. [&hellip;]","og_url":"https:\/\/www.fuss-ev.de\/lindau\/europaeische-mobilitaetswoche-2025\/","og_site_name":"FUSS e.V. Lindau","article_modified_time":"2025-10-12T11:18:47+00:00","og_image":[{"width":889,"height":596,"url":"https:\/\/www.fuss-ev.de\/lindau\/wp-content\/uploads\/sites\/31\/2025\/09\/EMW-2025-Logo2.png","type":"image\/png"}],"twitter_card":"summary_large_image","twitter_misc":{"Gesch\u00e4tzte Lesezeit":"4\u00a0Minuten"},"schema":{"@context":"https:\/\/schema.org","@graph":[{"@type":"WebPage","@id":"https:\/\/www.fuss-ev.de\/lindau\/europaeische-mobilitaetswoche-2025\/","url":"https:\/\/www.fuss-ev.de\/lindau\/europaeische-mobilitaetswoche-2025\/","name":"Europ\u00e4ische Mobilit\u00e4tswoche 2025 - FUSS e.V. Lindau","isPartOf":{"@id":"https:\/\/www.fuss-ev.de\/lindau\/#website"},"primaryImageOfPage":{"@id":"https:\/\/www.fuss-ev.de\/lindau\/europaeische-mobilitaetswoche-2025\/#primaryimage"},"image":{"@id":"https:\/\/www.fuss-ev.de\/lindau\/europaeische-mobilitaetswoche-2025\/#primaryimage"},"thumbnailUrl":"https:\/\/www.fuss-ev.de\/lindau\/wp-content\/uploads\/sites\/31\/2025\/09\/EMW-2025-Logo2-300x201.png","datePublished":"2025-09-12T21:02:01+00:00","dateModified":"2025-10-12T11:18:47+00:00","breadcrumb":{"@id":"https:\/\/www.fuss-ev.de\/lindau\/europaeische-mobilitaetswoche-2025\/#breadcrumb"},"inLanguage":"de","potentialAction":[{"@type":"ReadAction","target":["https:\/\/www.fuss-ev.de\/lindau\/europaeische-mobilitaetswoche-2025\/"]}]},{"@type":"ImageObject","inLanguage":"de","@id":"https:\/\/www.fuss-ev.de\/lindau\/europaeische-mobilitaetswoche-2025\/#primaryimage","url":"https:\/\/www.fuss-ev.de\/lindau\/wp-content\/uploads\/sites\/31\/2025\/09\/EMW-2025-Logo2.png","contentUrl":"https:\/\/www.fuss-ev.de\/lindau\/wp-content\/uploads\/sites\/31\/2025\/09\/EMW-2025-Logo2.png","width":889,"height":596},{"@type":"BreadcrumbList","@id":"https:\/\/www.fuss-ev.de\/lindau\/europaeische-mobilitaetswoche-2025\/#breadcrumb","itemListElement":[{"@type":"ListItem","position":1,"name":"Startseite","item":"https:\/\/www.fuss-ev.de\/lindau\/"},{"@type":"ListItem","position":2,"name":"Europ\u00e4ische Mobilit\u00e4tswoche 2025"}]},{"@type":"WebSite","@id":"https:\/\/www.fuss-ev.de\/lindau\/#website","url":"https:\/\/www.fuss-ev.de\/lindau\/","name":"FUSS e.V. Lindau","description":"","publisher":{"@id":"https:\/\/www.fuss-ev.de\/lindau\/#organization"},"potentialAction":[{"@type":"SearchAction","target":{"@type":"EntryPoint","urlTemplate":"https:\/\/www.fuss-ev.de\/lindau\/?s={search_term_string}"},"query-input":{"@type":"PropertyValueSpecification","valueRequired":true,"valueName":"search_term_string"}}],"inLanguage":"de"},{"@type":"Organization","@id":"https:\/\/www.fuss-ev.de\/lindau\/#organization","name":"FUSS e.V. Lindau","url":"https:\/\/www.fuss-ev.de\/lindau\/","logo":{"@type":"ImageObject","inLanguage":"de","@id":"https:\/\/www.fuss-ev.de\/lindau\/#\/schema\/logo\/image\/","url":"https:\/\/www.fuss-ev.de\/lindau\/wp-content\/uploads\/sites\/31\/2025\/01\/FUSS_Logo.jpg","contentUrl":"https:\/\/www.fuss-ev.de\/lindau\/wp-content\/uploads\/sites\/31\/2025\/01\/FUSS_Logo.jpg","width":2082,"height":979,"caption":"FUSS e.V. Lindau"},"image":{"@id":"https:\/\/www.fuss-ev.de\/lindau\/#\/schema\/logo\/image\/"}}]}},"publishpress_future_action":{"enabled":false,"date":"2026-05-08 11:45:23","action":"change-status","newStatus":"draft","terms":[],"taxonomy":"","extraData":[]},"publishpress_future_workflow_manual_trigger":{"enabledWorkflows":[]},"_links":{"self":[{"href":"https:\/\/www.fuss-ev.de\/lindau\/wp-json\/wp\/v2\/pages\/4696","targetHints":{"allow":["GET"]}}],"collection":[{"href":"https:\/\/www.fuss-ev.de\/lindau\/wp-json\/wp\/v2\/pages"}],"about":[{"href":"https:\/\/www.fuss-ev.de\/lindau\/wp-json\/wp\/v2\/types\/page"}],"author":[{"embeddable":true,"href":"https:\/\/www.fuss-ev.de\/lindau\/wp-json\/wp\/v2\/users\/72"}],"replies":[{"embeddable":true,"href":"https:\/\/www.fuss-ev.de\/lindau\/wp-json\/wp\/v2\/comments?post=4696"}],"version-history":[{"count":11,"href":"https:\/\/www.fuss-ev.de\/lindau\/wp-json\/wp\/v2\/pages\/4696\/revisions"}],"predecessor-version":[{"id":4770,"href":"https:\/\/www.fuss-ev.de\/lindau\/wp-json\/wp\/v2\/pages\/4696\/revisions\/4770"}],"wp:attachment":[{"href":"https:\/\/www.fuss-ev.de\/lindau\/wp-json\/wp\/v2\/media?parent=4696"}],"curies":[{"name":"wp","href":"https:\/\/api.w.org\/{rel}","templated":true}]}}