{"id":82,"date":"2025-01-29T11:31:03","date_gmt":"2025-01-29T10:31:03","guid":{"rendered":"https:\/\/www.fuss-ev.de\/land-brandenburg\/?page_id=82"},"modified":"2025-04-17T12:04:33","modified_gmt":"2025-04-17T10:04:33","slug":"kontakt","status":"publish","type":"page","link":"https:\/\/www.fuss-ev.de\/land-brandenburg\/kontakt\/","title":{"rendered":"Kontakt"},"content":{"rendered":"<div class=\"wpb-content-wrapper\"><p>[vc_row][vc_column width=&#8221;1\/6&#8243;][\/vc_column][vc_column width=&#8221;2\/3&#8243;][vc_column_text css=&#8221;&#8221;]<\/p>\n<div class=\"grid-child container-component\">\n<h1>Aktiv in Brandenburg und ganz Deutschland<\/h1>\n<div class=\"com-content-article item-page\">\n<div class=\"com-content-article__body\">\n<p>Seit 1985 vertritt FUSS e. V. die Interessen der Fu\u00dfg\u00e4ngerinnen und Fu\u00dfg\u00e4nger in Deutschland. Bei allen Fragen zum Fu\u00dfverkehr sind wir Ansprech\u00adpartner f\u00fcr Verwaltung, Politik und \u00d6ffentlichkeit. Wir erarbeiten Stellungnahmen und schlagen \u00c4nderungen f\u00fcr Gesetze und Richtlinien vor. Weil Gehen als wichtigster Baustein nachhaltiger Mobilit\u00e4t nicht isoliert betrachtet werden kann, arbeiten wir dabei mit Verb\u00e4nden zusammen, die sich mit Rad-, Bus- und Bahnverkehr befassen.<\/p>\n<p>Als <strong>Fachverband<\/strong> beraten und vernetzen wir B\u00fcrgerinnen und B\u00fcrger, Verwaltung und Politik.<\/p>\n<p>Als <strong>Lobby<\/strong> setzen wir uns f\u00fcr Fu\u00dfg\u00e4nger-Belange ein, etwa in der Stra\u00dfenverkehrsordnung, in Planungsrichtlinien und im Bu\u00dfgeldkatalog.<\/p>\n<p>Als <strong>B\u00fcrgerinitiative<\/strong> arbeiten wir dezentral in unseren Ortsgruppen an besseren Bedingungen f\u00fcr das Gehen.<\/p>\n<p>Als Teil der <strong>Zivilgesellschaft <\/strong>informieren wir Medien, veranstalten Vor-Ort-Aktionen und publizieren selbst.<\/p>\n<\/div>\n<\/div>\n<p>&nbsp;<\/p>\n<\/div>\n<p>[\/vc_column_text][vc_column_text css=&#8221;&#8221;]<\/p>\n<h1>Kontakt zu FUSS e.V. Brandenburg<\/h1>\n<p>Anregungen, Fragen oder Hinweise zum Thema Fu\u00dfverkehr in Brandenburg?<br \/>\nNehmen Sie gerne Kontakt auf:<\/p>\n<p>Bernd Herzog-Schlagk<br \/>\nLandessprecher Brandenburg<br \/>\nTelefon: +49 (0)30 362 28 82<br \/>\nE-Mail: <a href=\"mailto:bernd.herzog-schlagk@fuss-ev.de\">bernd.herzog-schlagk@fuss-ev.de<\/a>[\/vc_column_text][vc_column_text css=&#8221;&#8221;]<\/p>\n<h1>Kontakt zur Bundesgesch\u00e4ftsstelle<\/h1>\n<div class=\"wpb_text_column wpb_content_element\">\n<div class=\"wpb_wrapper\">\n<p>FUSS e.V.<br \/>\nExerzierstra\u00dfe 20<br \/>\nD-13357 Berlin (Mitte)<br \/>\nTel. +49 (0)30 492 74 73<br \/>\nE-Mail: <a href=\"mailto:info@fuss-ev.de\">info@fuss-ev.de<\/a><\/p>\n<\/div>\n<\/div>\n<p>[\/vc_column_text][vc_btn title=&#8221;zum Kontaktformular&#8221; align=&#8221;left&#8221; css=&#8221;&#8221; link=&#8221;url:https%3A%2F%2Fwww.fuss-ev.de%2Fkontakt%2F|target:_blank&#8221;][\/vc_column][vc_column width=&#8221;1\/6&#8243;][\/vc_column][\/vc_row]<\/p>\n<\/div>","protected":false},"excerpt":{"rendered":"<p>[vc_row][vc_column width=&#8221;1\/6&#8243;][\/vc_column][vc_column width=&#8221;2\/3&#8243;][vc_column_text css=&#8221;&#8221;] Aktiv in Brandenburg und ganz Deutschland Seit 1985 vertritt FUSS e. V. die Interessen der Fu\u00dfg\u00e4ngerinnen und Fu\u00dfg\u00e4nger in Deutschland. Bei allen Fragen zum Fu\u00dfverkehr sind wir Ansprech\u00adpartner f\u00fcr Verwaltung, Politik [&hellip;]<\/p>\n","protected":false},"author":1,"featured_media":0,"parent":0,"menu_order":2,"comment_status":"closed","ping_status":"closed","template":"","meta":{"_acf_changed":false,"_relevanssi_hide_post":"","_relevanssi_hide_content":"","_relevanssi_pin_for_all":"","_relevanssi_pin_keywords":"","_relevanssi_unpin_keywords":"","_relevanssi_related_keywords":"","_relevanssi_related_include_ids":"","_relevanssi_related_exclude_ids":"","_relevanssi_related_no_append":"","_relevanssi_related_not_related":"","_relevanssi_related_posts":"","_relevanssi_noindex_reason":"","inline_featured_image":false,"footnotes":""},"class_list":["post-82","page","type-page","status-publish","hentry"],"acf":[],"yoast_head":"<!-- This site is optimized with the Yoast SEO plugin v27.4 - https:\/\/yoast.com\/product\/yoast-seo-wordpress\/ -->\n<title>Kontakt - FUSS e.V. Land Brandenburg<\/title>\n<meta name=\"description\" content=\"Anregungen, Fragen oder Hinweise zum Thema Fu\u00dfverkehr in Brandenburg? Nehmen Sie gerne Kontakt auf!\" \/>\n<meta name=\"robots\" content=\"noindex, follow, max-snippet:-1, max-image-preview:large, max-video-preview:-1\" \/>\n<meta property=\"og:locale\" content=\"de_DE\" \/>\n<meta property=\"og:type\" content=\"article\" \/>\n<meta property=\"og:title\" content=\"Kontakt - FUSS e.V. Land Brandenburg\" \/>\n<meta property=\"og:description\" content=\"Anregungen, Fragen oder Hinweise zum Thema Fu\u00dfverkehr in Brandenburg? Nehmen Sie gerne Kontakt auf!\" \/>\n<meta property=\"og:url\" content=\"https:\/\/www.fuss-ev.de\/land-brandenburg\/kontakt\/\" \/>\n<meta property=\"og:site_name\" content=\"FUSS e.V. Land Brandenburg\" \/>\n<meta property=\"article:modified_time\" content=\"2025-04-17T10:04:33+00:00\" \/>\n<meta name=\"twitter:card\" content=\"summary_large_image\" \/>\n<meta name=\"twitter:label1\" content=\"Gesch\u00e4tzte Lesezeit\" \/>\n\t<meta name=\"twitter:data1\" content=\"2\u00a0Minuten\" \/>\n<script type=\"application\/ld+json\" class=\"yoast-schema-graph\">{\"@context\":\"https:\\\/\\\/schema.org\",\"@graph\":[{\"@type\":\"WebPage\",\"@id\":\"https:\\\/\\\/www.fuss-ev.de\\\/land-brandenburg\\\/kontakt\\\/\",\"url\":\"https:\\\/\\\/www.fuss-ev.de\\\/land-brandenburg\\\/kontakt\\\/\",\"name\":\"Kontakt - FUSS e.V. Land Brandenburg\",\"isPartOf\":{\"@id\":\"https:\\\/\\\/www.fuss-ev.de\\\/land-brandenburg\\\/#website\"},\"datePublished\":\"2025-01-29T10:31:03+00:00\",\"dateModified\":\"2025-04-17T10:04:33+00:00\",\"description\":\"Anregungen, Fragen oder Hinweise zum Thema Fu\u00dfverkehr in Brandenburg? Nehmen Sie gerne Kontakt auf!\",\"breadcrumb\":{\"@id\":\"https:\\\/\\\/www.fuss-ev.de\\\/land-brandenburg\\\/kontakt\\\/#breadcrumb\"},\"inLanguage\":\"de\",\"potentialAction\":[{\"@type\":\"ReadAction\",\"target\":[\"https:\\\/\\\/www.fuss-ev.de\\\/land-brandenburg\\\/kontakt\\\/\"]}]},{\"@type\":\"BreadcrumbList\",\"@id\":\"https:\\\/\\\/www.fuss-ev.de\\\/land-brandenburg\\\/kontakt\\\/#breadcrumb\",\"itemListElement\":[{\"@type\":\"ListItem\",\"position\":1,\"name\":\"Startseite\",\"item\":\"https:\\\/\\\/www.fuss-ev.de\\\/land-brandenburg\\\/\"},{\"@type\":\"ListItem\",\"position\":2,\"name\":\"Kontakt\"}]},{\"@type\":\"WebSite\",\"@id\":\"https:\\\/\\\/www.fuss-ev.de\\\/land-brandenburg\\\/#website\",\"url\":\"https:\\\/\\\/www.fuss-ev.de\\\/land-brandenburg\\\/\",\"name\":\"FUSS e.V. Land Brandenburg\",\"description\":\"\",\"publisher\":{\"@id\":\"https:\\\/\\\/www.fuss-ev.de\\\/land-brandenburg\\\/#organization\"},\"potentialAction\":[{\"@type\":\"SearchAction\",\"target\":{\"@type\":\"EntryPoint\",\"urlTemplate\":\"https:\\\/\\\/www.fuss-ev.de\\\/land-brandenburg\\\/?s={search_term_string}\"},\"query-input\":{\"@type\":\"PropertyValueSpecification\",\"valueRequired\":true,\"valueName\":\"search_term_string\"}}],\"inLanguage\":\"de\"},{\"@type\":\"Organization\",\"@id\":\"https:\\\/\\\/www.fuss-ev.de\\\/land-brandenburg\\\/#organization\",\"name\":\"FUSS e.V. Land Brandenburg\",\"url\":\"https:\\\/\\\/www.fuss-ev.de\\\/land-brandenburg\\\/\",\"logo\":{\"@type\":\"ImageObject\",\"inLanguage\":\"de\",\"@id\":\"https:\\\/\\\/www.fuss-ev.de\\\/land-brandenburg\\\/#\\\/schema\\\/logo\\\/image\\\/\",\"url\":\"https:\\\/\\\/www.fuss-ev.de\\\/land-brandenburg\\\/wp-content\\\/uploads\\\/sites\\\/22\\\/2025\\\/04\\\/cropped-FUSS-Logo_Brandenburg_web_300pxbreit.png\",\"contentUrl\":\"https:\\\/\\\/www.fuss-ev.de\\\/land-brandenburg\\\/wp-content\\\/uploads\\\/sites\\\/22\\\/2025\\\/04\\\/cropped-FUSS-Logo_Brandenburg_web_300pxbreit.png\",\"width\":300,\"height\":110,\"caption\":\"FUSS e.V. Land Brandenburg\"},\"image\":{\"@id\":\"https:\\\/\\\/www.fuss-ev.de\\\/land-brandenburg\\\/#\\\/schema\\\/logo\\\/image\\\/\"}}]}<\/script>\n<!-- \/ Yoast SEO plugin. -->","yoast_head_json":{"title":"Kontakt - FUSS e.V. Land Brandenburg","description":"Anregungen, Fragen oder Hinweise zum Thema Fu\u00dfverkehr in Brandenburg? Nehmen Sie gerne Kontakt auf!","robots":{"index":"noindex","follow":"follow","max-snippet":"max-snippet:-1","max-image-preview":"max-image-preview:large","max-video-preview":"max-video-preview:-1"},"og_locale":"de_DE","og_type":"article","og_title":"Kontakt - FUSS e.V. Land Brandenburg","og_description":"Anregungen, Fragen oder Hinweise zum Thema Fu\u00dfverkehr in Brandenburg? Nehmen Sie gerne Kontakt auf!","og_url":"https:\/\/www.fuss-ev.de\/land-brandenburg\/kontakt\/","og_site_name":"FUSS e.V. Land Brandenburg","article_modified_time":"2025-04-17T10:04:33+00:00","twitter_card":"summary_large_image","twitter_misc":{"Gesch\u00e4tzte Lesezeit":"2\u00a0Minuten"},"schema":{"@context":"https:\/\/schema.org","@graph":[{"@type":"WebPage","@id":"https:\/\/www.fuss-ev.de\/land-brandenburg\/kontakt\/","url":"https:\/\/www.fuss-ev.de\/land-brandenburg\/kontakt\/","name":"Kontakt - FUSS e.V. Land Brandenburg","isPartOf":{"@id":"https:\/\/www.fuss-ev.de\/land-brandenburg\/#website"},"datePublished":"2025-01-29T10:31:03+00:00","dateModified":"2025-04-17T10:04:33+00:00","description":"Anregungen, Fragen oder Hinweise zum Thema Fu\u00dfverkehr in Brandenburg? Nehmen Sie gerne Kontakt auf!","breadcrumb":{"@id":"https:\/\/www.fuss-ev.de\/land-brandenburg\/kontakt\/#breadcrumb"},"inLanguage":"de","potentialAction":[{"@type":"ReadAction","target":["https:\/\/www.fuss-ev.de\/land-brandenburg\/kontakt\/"]}]},{"@type":"BreadcrumbList","@id":"https:\/\/www.fuss-ev.de\/land-brandenburg\/kontakt\/#breadcrumb","itemListElement":[{"@type":"ListItem","position":1,"name":"Startseite","item":"https:\/\/www.fuss-ev.de\/land-brandenburg\/"},{"@type":"ListItem","position":2,"name":"Kontakt"}]},{"@type":"WebSite","@id":"https:\/\/www.fuss-ev.de\/land-brandenburg\/#website","url":"https:\/\/www.fuss-ev.de\/land-brandenburg\/","name":"FUSS e.V. Land Brandenburg","description":"","publisher":{"@id":"https:\/\/www.fuss-ev.de\/land-brandenburg\/#organization"},"potentialAction":[{"@type":"SearchAction","target":{"@type":"EntryPoint","urlTemplate":"https:\/\/www.fuss-ev.de\/land-brandenburg\/?s={search_term_string}"},"query-input":{"@type":"PropertyValueSpecification","valueRequired":true,"valueName":"search_term_string"}}],"inLanguage":"de"},{"@type":"Organization","@id":"https:\/\/www.fuss-ev.de\/land-brandenburg\/#organization","name":"FUSS e.V. Land Brandenburg","url":"https:\/\/www.fuss-ev.de\/land-brandenburg\/","logo":{"@type":"ImageObject","inLanguage":"de","@id":"https:\/\/www.fuss-ev.de\/land-brandenburg\/#\/schema\/logo\/image\/","url":"https:\/\/www.fuss-ev.de\/land-brandenburg\/wp-content\/uploads\/sites\/22\/2025\/04\/cropped-FUSS-Logo_Brandenburg_web_300pxbreit.png","contentUrl":"https:\/\/www.fuss-ev.de\/land-brandenburg\/wp-content\/uploads\/sites\/22\/2025\/04\/cropped-FUSS-Logo_Brandenburg_web_300pxbreit.png","width":300,"height":110,"caption":"FUSS e.V. Land Brandenburg"},"image":{"@id":"https:\/\/www.fuss-ev.de\/land-brandenburg\/#\/schema\/logo\/image\/"}}]}},"publishpress_future_action":{"enabled":false,"date":"2026-05-04 18:00:59","action":"change-status","newStatus":"draft","terms":[],"taxonomy":"","extraData":[]},"publishpress_future_workflow_manual_trigger":{"enabledWorkflows":[]},"_links":{"self":[{"href":"https:\/\/www.fuss-ev.de\/land-brandenburg\/wp-json\/wp\/v2\/pages\/82","targetHints":{"allow":["GET"]}}],"collection":[{"href":"https:\/\/www.fuss-ev.de\/land-brandenburg\/wp-json\/wp\/v2\/pages"}],"about":[{"href":"https:\/\/www.fuss-ev.de\/land-brandenburg\/wp-json\/wp\/v2\/types\/page"}],"author":[{"embeddable":true,"href":"https:\/\/www.fuss-ev.de\/land-brandenburg\/wp-json\/wp\/v2\/users\/1"}],"replies":[{"embeddable":true,"href":"https:\/\/www.fuss-ev.de\/land-brandenburg\/wp-json\/wp\/v2\/comments?post=82"}],"version-history":[{"count":4,"href":"https:\/\/www.fuss-ev.de\/land-brandenburg\/wp-json\/wp\/v2\/pages\/82\/revisions"}],"predecessor-version":[{"id":4822,"href":"https:\/\/www.fuss-ev.de\/land-brandenburg\/wp-json\/wp\/v2\/pages\/82\/revisions\/4822"}],"wp:attachment":[{"href":"https:\/\/www.fuss-ev.de\/land-brandenburg\/wp-json\/wp\/v2\/media?parent=82"}],"curies":[{"name":"wp","href":"https:\/\/api.w.org\/{rel}","templated":true}]}}