{"id":4697,"date":"2025-04-16T12:18:28","date_gmt":"2025-04-16T10:18:28","guid":{"rendered":"https:\/\/www.fuss-ev.de\/land-brandenburg\/?page_id=4697"},"modified":"2025-04-17T12:01:45","modified_gmt":"2025-04-17T10:01:45","slug":"mobilitaetsstrategie","status":"publish","type":"page","link":"https:\/\/www.fuss-ev.de\/land-brandenburg\/mobilitaetsstrategie\/","title":{"rendered":"Mobilit\u00e4tsstrategie"},"content":{"rendered":"<div class=\"wpb-content-wrapper\"><p>[vc_row][vc_column width=&#8221;2\/3&#8243;][vc_column_text css=&#8221;&#8221;]<\/p>\n<h1>Mobilit\u00e4tsstrategie Brandenburg 2030<\/h1>\n<div class=\"com-content-article__body\">\n<p>Die \u201eMobilit\u00e4tsstrategie Brandenburg 2030\u201c beinhaltet die Gr\u00fcndung einer Landesinitiative \u201eStadt zu Fu\u00df\u201c sowie die \u201eUnterst\u00fctzung von Strategien f\u00fcr eine St\u00e4rkung \u2026des Fu\u00dfverkehrs.\u201c FUSS e.V. hat diese Aussagen aufgegriffen und versucht sie mit Leben zu f\u00fcllen, vgl. die folgenden Aktivit\u00e4ten. Ziel ist die Schaffung eines kleinen St\u00e4dtenetzes zur Verbesserung der Bedingungen f\u00fcr Fu\u00dfg\u00e4ngerinnen und Fu\u00dfg\u00e4nger in den St\u00e4dten Brandenburgs. Die St\u00e4dte und Kreise m\u00fcssen zum Mitmachen motiviert werden und daf\u00fcr sind aktive Mitstreiterinnen und Mitstreiter vor Ort notwendig! (<a title=\"Link \u00f6ffnet sich in neuem Tab\" href=\"https:\/\/www.fuss-ev.de\/land-brandenburg\/kontakt\/\" target=\"_blank\" rel=\"noopener\">Kontakt<\/a>)<\/p>\n<\/div>\n<p>[\/vc_column_text][vc_btn title=&#8221;Download der Mobilit\u00e4tsstrategie Brandenburg 2030&#8243; align=&#8221;left&#8221; css=&#8221;&#8221; link=&#8221;url:https%3A%2F%2Fmil.brandenburg.de%2Fmil%2Fde%2Fthemen%2Fmobilitaet-verkehr%2Fneue-mobilitaet%2F%3Fskip200545%3D6%23|target:_blank&#8221;][vc_btn title=&#8221;zur Stellungsnahme von FUSS e.V.&#8221; align=&#8221;left&#8221; css=&#8221;&#8221; link=&#8221;url:https%3A%2F%2Fwww.fuss-ev.de%2Fland-brandenburg%2F2019%2F12%2F29%2Fstellungnahme-fuss-ev-mobilitaetsstrategie-brandenburg-2030%2F|title:Bedeutung%20des%20Fu%C3%9Fverkehrs%20in%20der%20Mobilit%C3%A4tsstrategie%20Brandenburg%202030|target:_blank&#8221;][\/vc_column][vc_column width=&#8221;1\/3&#8243;][vc_single_image image=&#8221;4675&#8243; alignment=&#8221;right&#8221; css=&#8221;&#8221;][\/vc_column][\/vc_row][vc_row][vc_column width=&#8221;1\/3&#8243;][vc_single_image image=&#8221;4745&#8243; css=&#8221;&#8221;][vc_column_text css=&#8221;&#8221;]Fu\u00dfg\u00e4nger in Frankfurt (Oder) (Foto: Bernd Herzog-Schlagk, FUSS e.V.)[\/vc_column_text][\/vc_column][vc_column width=&#8221;2\/3&#8243;][vc_column_text css=&#8221;&#8221;]<\/p>\n<h2>Mobilit\u00e4tsgesetz Brandenburg 2024<\/h2>\n<p>Dem \u201eB\u00fcndnis Verkehrswende Brandenburg jetzt!\u201c ist es gelungen, dass die Landesregierung einen Dialogprozess mit dem Ziel umsetzten will, noch bis zum Ende der Wahlperiode dem Landtag ein \u201eMobilit\u00e4tsgesetz Brandenburg\u201c zur Abstimmung vorzulegen. Am 29. April hat der Landtag beschlossen, dass das Gesetz bis zum Jahr 2024 zu erarbeiten ist. Dadurch soll der Autoverkehrsanteil am Gesamtverkehr von derzeit etwa 60 bis zum Jahr 2030 auf 30 Prozent gesenkt und der Verkehr bis 2050 in Brandenburg klimaneutral werden (Drucksache 7\/3463). Der Fu\u00dfverkehr hatte in der vom Landtag gleichzeitig abgelehnten Beschlussvorlage zur Volksinitiative einen eigenst\u00e4ndigen Absatz \u201eFu\u00dfverkehr f\u00f6rdern\u201c (Punkt 8 von 10 Zielen). FUSS e.V. Brandenburg hat dem Ministerium f\u00fcr Infrastruktur und Landesplanung seine Mitarbeit im Dialogprozess angeboten. Weitere Informationen k\u00f6nnen Sie erst einmal dem Protokoll der Landtagssitzung sowie dem Vorschlag des FUSS e.V. Brandenburg Mobilit\u00e4tsgesetz-Vorschlag entnehmen.[\/vc_column_text][vc_btn title=&#8221;Protokoll der Landtagssitzung&#8221; align=&#8221;left&#8221; css=&#8221;&#8221; link=&#8221;url:https%3A%2F%2Fwww.parlamentsdokumentation.brandenburg.de%2Fparladoku%2Fw7%2Fdrs%2Fab_3400%2F3463.pdf|target:_blank&#8221;][vc_btn title=&#8221;Vorschlag FUSS e.V. Brandenburg zum Brandenburger Mobilit\u00e4tsgesetz-Vorschlag (PDF)&#8221; align=&#8221;left&#8221; css=&#8221;&#8221; link=&#8221;url:https%3A%2F%2Fwww.fuss-ev.de%2Fland-brandenburg%2Fwp-content%2Fuploads%2Fsites%2F22%2F2025%2F04%2FMobilittsgesetz-BRA-Vorschlag-des-FUSS-1.pdf|target:_blank&#8221;][\/vc_column][\/vc_row][vc_row][vc_column width=&#8221;2\/3&#8243;][vc_column_text css=&#8221;&#8221;]<\/p>\n<h2>Inner\u00f6rtliche Mobilit\u00e4t<\/h2>\n<p>Das Ministerium f\u00fcr Infrastruktur und Landesplanung (MIL Brandenburg) hat eine Umfrage in brandenburgischen Kommunen mit \u00fcber 10.000 Einwohnern und bei weiteren Fachexperten u.a. dem FUSS e.V. Brandenburg in Auftrag gegeben, um eine Standortbestimmung und Handlungsempfehlungen zur F\u00f6rderung einer umweltgerechten inner\u00f6rtlichen Mobilit\u00e4t zu erarbeiten. Der Endbericht wurde im September 2022 ver\u00f6ffentlicht und sollte in die zuk\u00fcnftige Diskussion auf Landesebene aber auch gerade in den Kommunen einflie\u00dfen. Wir haben die wesentlichen Aussagen zum Umweltverbund und die \u00fcberschaubaren Hinweise zum Fu\u00dfverkehr in Brandenburger St\u00e4dten zusammengefasst.[\/vc_column_text][vc_btn title=&#8221;Endbericht zur Umfrage des MIL Brandenburg&#8221; align=&#8221;left&#8221; css=&#8221;&#8221; link=&#8221;url:https%3A%2F%2Fmil.brandenburg.de%2Fmil%2Fde%2Fpresse%2Fdetail%2F~25-08-2022-neues-gutachten-schafft-grundlagen-fuer-die-staerkung-einer-umweltgerechten-inneroertlich|target:_blank&#8221;][vc_btn title=&#8221;Download der Hinweise zum Fu\u00dfverkehr in Brandenburger St\u00e4dten (PDF)&#8221; align=&#8221;left&#8221; css=&#8221;&#8221; link=&#8221;url:https%3A%2F%2Fwww.fuss-ev.de%2Fland-brandenburg%2Fwp-content%2Fuploads%2Fsites%2F22%2F2025%2F04%2FInneroertliche_Mobilitaet_2022.pdf|target:_blank&#8221;][\/vc_column][vc_column width=&#8221;1\/3&#8243;][vc_single_image image=&#8221;4742&#8243; alignment=&#8221;right&#8221; css=&#8221;&#8221;][vc_column_text css=&#8221;&#8221;]Erreichbarkeit der Fu\u00dfg\u00e4ngerzone in Kleinmachnow (Foto: Bernd Herzog-Schlagk, FUSS e.V.)[\/vc_column_text][\/vc_column][\/vc_row]<\/p>\n<\/div>","protected":false},"excerpt":{"rendered":"<p>[vc_row][vc_column width=&#8221;2\/3&#8243;][vc_column_text css=&#8221;&#8221;] Mobilit\u00e4tsstrategie Brandenburg 2030 Die \u201eMobilit\u00e4tsstrategie Brandenburg 2030\u201c beinhaltet die Gr\u00fcndung einer Landesinitiative \u201eStadt zu Fu\u00df\u201c sowie die \u201eUnterst\u00fctzung von Strategien f\u00fcr eine St\u00e4rkung \u2026des Fu\u00dfverkehrs.\u201c FUSS e.V. hat diese Aussagen aufgegriffen und [&hellip;]<\/p>\n","protected":false},"author":6,"featured_media":0,"parent":0,"menu_order":0,"comment_status":"closed","ping_status":"closed","template":"","meta":{"_acf_changed":false,"_relevanssi_hide_post":"","_relevanssi_hide_content":"","_relevanssi_pin_for_all":"","_relevanssi_pin_keywords":"","_relevanssi_unpin_keywords":"","_relevanssi_related_keywords":"","_relevanssi_related_include_ids":"","_relevanssi_related_exclude_ids":"","_relevanssi_related_no_append":"","_relevanssi_related_not_related":"","_relevanssi_related_posts":"","_relevanssi_noindex_reason":"","footnotes":""},"class_list":["post-4697","page","type-page","status-publish","hentry"],"acf":[],"yoast_head":"<!-- This site is optimized with the Yoast SEO plugin v27.4 - https:\/\/yoast.com\/product\/yoast-seo-wordpress\/ -->\n<title>Mobilit\u00e4tsstrategie - FUSS e.V. Land Brandenburg<\/title>\n<meta name=\"description\" content=\"Die Mobilit\u00e4tsstrategie Brandenburg 2030 beinhaltet die Gr\u00fcndung einer Landesinitiative \u201eStadt zu Fu\u00df\u201c sowie die \u201eUnterst\u00fctzung von Strategien f\u00fcr eine St\u00e4rkung \u2026 des Fu\u00dfverkehrs\u201d. FUSS e.V. Brandenburg hat diese Aussagen aufgegriffen und versucht sie mit Leben zu f\u00fcllen.\" \/>\n<meta name=\"robots\" content=\"noindex, follow, max-snippet:-1, max-image-preview:large, max-video-preview:-1\" \/>\n<meta property=\"og:locale\" content=\"de_DE\" \/>\n<meta property=\"og:type\" content=\"article\" \/>\n<meta property=\"og:title\" content=\"Mobilit\u00e4tsstrategie - FUSS e.V. Land Brandenburg\" \/>\n<meta property=\"og:description\" content=\"Die Mobilit\u00e4tsstrategie Brandenburg 2030 beinhaltet die Gr\u00fcndung einer Landesinitiative \u201eStadt zu Fu\u00df\u201c sowie die \u201eUnterst\u00fctzung von Strategien f\u00fcr eine St\u00e4rkung \u2026 des Fu\u00dfverkehrs\u201d. FUSS e.V. Brandenburg hat diese Aussagen aufgegriffen und versucht sie mit Leben zu f\u00fcllen.\" \/>\n<meta property=\"og:url\" content=\"https:\/\/www.fuss-ev.de\/land-brandenburg\/mobilitaetsstrategie\/\" \/>\n<meta property=\"og:site_name\" content=\"FUSS e.V. Land Brandenburg\" \/>\n<meta property=\"article:modified_time\" content=\"2025-04-17T10:01:45+00:00\" \/>\n<meta name=\"twitter:card\" content=\"summary_large_image\" \/>\n<meta name=\"twitter:label1\" content=\"Gesch\u00e4tzte Lesezeit\" \/>\n\t<meta name=\"twitter:data1\" content=\"3\u00a0Minuten\" \/>\n<script type=\"application\/ld+json\" class=\"yoast-schema-graph\">{\"@context\":\"https:\\\/\\\/schema.org\",\"@graph\":[{\"@type\":\"WebPage\",\"@id\":\"https:\\\/\\\/www.fuss-ev.de\\\/land-brandenburg\\\/mobilitaetsstrategie\\\/\",\"url\":\"https:\\\/\\\/www.fuss-ev.de\\\/land-brandenburg\\\/mobilitaetsstrategie\\\/\",\"name\":\"Mobilit\u00e4tsstrategie - FUSS e.V. Land Brandenburg\",\"isPartOf\":{\"@id\":\"https:\\\/\\\/www.fuss-ev.de\\\/land-brandenburg\\\/#website\"},\"datePublished\":\"2025-04-16T10:18:28+00:00\",\"dateModified\":\"2025-04-17T10:01:45+00:00\",\"description\":\"Die Mobilit\u00e4tsstrategie Brandenburg 2030 beinhaltet die Gr\u00fcndung einer Landesinitiative \u201eStadt zu Fu\u00df\u201c sowie die \u201eUnterst\u00fctzung von Strategien f\u00fcr eine St\u00e4rkung \u2026 des Fu\u00dfverkehrs\u201d. FUSS e.V. Brandenburg hat diese Aussagen aufgegriffen und versucht sie mit Leben zu f\u00fcllen.\",\"breadcrumb\":{\"@id\":\"https:\\\/\\\/www.fuss-ev.de\\\/land-brandenburg\\\/mobilitaetsstrategie\\\/#breadcrumb\"},\"inLanguage\":\"de\",\"potentialAction\":[{\"@type\":\"ReadAction\",\"target\":[\"https:\\\/\\\/www.fuss-ev.de\\\/land-brandenburg\\\/mobilitaetsstrategie\\\/\"]}]},{\"@type\":\"BreadcrumbList\",\"@id\":\"https:\\\/\\\/www.fuss-ev.de\\\/land-brandenburg\\\/mobilitaetsstrategie\\\/#breadcrumb\",\"itemListElement\":[{\"@type\":\"ListItem\",\"position\":1,\"name\":\"Startseite\",\"item\":\"https:\\\/\\\/www.fuss-ev.de\\\/land-brandenburg\\\/\"},{\"@type\":\"ListItem\",\"position\":2,\"name\":\"Mobilit\u00e4tsstrategie\"}]},{\"@type\":\"WebSite\",\"@id\":\"https:\\\/\\\/www.fuss-ev.de\\\/land-brandenburg\\\/#website\",\"url\":\"https:\\\/\\\/www.fuss-ev.de\\\/land-brandenburg\\\/\",\"name\":\"FUSS e.V. Land Brandenburg\",\"description\":\"\",\"publisher\":{\"@id\":\"https:\\\/\\\/www.fuss-ev.de\\\/land-brandenburg\\\/#organization\"},\"potentialAction\":[{\"@type\":\"SearchAction\",\"target\":{\"@type\":\"EntryPoint\",\"urlTemplate\":\"https:\\\/\\\/www.fuss-ev.de\\\/land-brandenburg\\\/?s={search_term_string}\"},\"query-input\":{\"@type\":\"PropertyValueSpecification\",\"valueRequired\":true,\"valueName\":\"search_term_string\"}}],\"inLanguage\":\"de\"},{\"@type\":\"Organization\",\"@id\":\"https:\\\/\\\/www.fuss-ev.de\\\/land-brandenburg\\\/#organization\",\"name\":\"FUSS e.V. Land Brandenburg\",\"url\":\"https:\\\/\\\/www.fuss-ev.de\\\/land-brandenburg\\\/\",\"logo\":{\"@type\":\"ImageObject\",\"inLanguage\":\"de\",\"@id\":\"https:\\\/\\\/www.fuss-ev.de\\\/land-brandenburg\\\/#\\\/schema\\\/logo\\\/image\\\/\",\"url\":\"https:\\\/\\\/www.fuss-ev.de\\\/land-brandenburg\\\/wp-content\\\/uploads\\\/sites\\\/22\\\/2025\\\/04\\\/cropped-FUSS-Logo_Brandenburg_web_300pxbreit.png\",\"contentUrl\":\"https:\\\/\\\/www.fuss-ev.de\\\/land-brandenburg\\\/wp-content\\\/uploads\\\/sites\\\/22\\\/2025\\\/04\\\/cropped-FUSS-Logo_Brandenburg_web_300pxbreit.png\",\"width\":300,\"height\":110,\"caption\":\"FUSS e.V. Land Brandenburg\"},\"image\":{\"@id\":\"https:\\\/\\\/www.fuss-ev.de\\\/land-brandenburg\\\/#\\\/schema\\\/logo\\\/image\\\/\"}}]}<\/script>\n<!-- \/ Yoast SEO plugin. -->","yoast_head_json":{"title":"Mobilit\u00e4tsstrategie - FUSS e.V. Land Brandenburg","description":"Die Mobilit\u00e4tsstrategie Brandenburg 2030 beinhaltet die Gr\u00fcndung einer Landesinitiative \u201eStadt zu Fu\u00df\u201c sowie die \u201eUnterst\u00fctzung von Strategien f\u00fcr eine St\u00e4rkung \u2026 des Fu\u00dfverkehrs\u201d. FUSS e.V. Brandenburg hat diese Aussagen aufgegriffen und versucht sie mit Leben zu f\u00fcllen.","robots":{"index":"noindex","follow":"follow","max-snippet":"max-snippet:-1","max-image-preview":"max-image-preview:large","max-video-preview":"max-video-preview:-1"},"og_locale":"de_DE","og_type":"article","og_title":"Mobilit\u00e4tsstrategie - FUSS e.V. Land Brandenburg","og_description":"Die Mobilit\u00e4tsstrategie Brandenburg 2030 beinhaltet die Gr\u00fcndung einer Landesinitiative \u201eStadt zu Fu\u00df\u201c sowie die \u201eUnterst\u00fctzung von Strategien f\u00fcr eine St\u00e4rkung \u2026 des Fu\u00dfverkehrs\u201d. FUSS e.V. Brandenburg hat diese Aussagen aufgegriffen und versucht sie mit Leben zu f\u00fcllen.","og_url":"https:\/\/www.fuss-ev.de\/land-brandenburg\/mobilitaetsstrategie\/","og_site_name":"FUSS e.V. Land Brandenburg","article_modified_time":"2025-04-17T10:01:45+00:00","twitter_card":"summary_large_image","twitter_misc":{"Gesch\u00e4tzte Lesezeit":"3\u00a0Minuten"},"schema":{"@context":"https:\/\/schema.org","@graph":[{"@type":"WebPage","@id":"https:\/\/www.fuss-ev.de\/land-brandenburg\/mobilitaetsstrategie\/","url":"https:\/\/www.fuss-ev.de\/land-brandenburg\/mobilitaetsstrategie\/","name":"Mobilit\u00e4tsstrategie - FUSS e.V. Land Brandenburg","isPartOf":{"@id":"https:\/\/www.fuss-ev.de\/land-brandenburg\/#website"},"datePublished":"2025-04-16T10:18:28+00:00","dateModified":"2025-04-17T10:01:45+00:00","description":"Die Mobilit\u00e4tsstrategie Brandenburg 2030 beinhaltet die Gr\u00fcndung einer Landesinitiative \u201eStadt zu Fu\u00df\u201c sowie die \u201eUnterst\u00fctzung von Strategien f\u00fcr eine St\u00e4rkung \u2026 des Fu\u00dfverkehrs\u201d. FUSS e.V. Brandenburg hat diese Aussagen aufgegriffen und versucht sie mit Leben zu f\u00fcllen.","breadcrumb":{"@id":"https:\/\/www.fuss-ev.de\/land-brandenburg\/mobilitaetsstrategie\/#breadcrumb"},"inLanguage":"de","potentialAction":[{"@type":"ReadAction","target":["https:\/\/www.fuss-ev.de\/land-brandenburg\/mobilitaetsstrategie\/"]}]},{"@type":"BreadcrumbList","@id":"https:\/\/www.fuss-ev.de\/land-brandenburg\/mobilitaetsstrategie\/#breadcrumb","itemListElement":[{"@type":"ListItem","position":1,"name":"Startseite","item":"https:\/\/www.fuss-ev.de\/land-brandenburg\/"},{"@type":"ListItem","position":2,"name":"Mobilit\u00e4tsstrategie"}]},{"@type":"WebSite","@id":"https:\/\/www.fuss-ev.de\/land-brandenburg\/#website","url":"https:\/\/www.fuss-ev.de\/land-brandenburg\/","name":"FUSS e.V. Land Brandenburg","description":"","publisher":{"@id":"https:\/\/www.fuss-ev.de\/land-brandenburg\/#organization"},"potentialAction":[{"@type":"SearchAction","target":{"@type":"EntryPoint","urlTemplate":"https:\/\/www.fuss-ev.de\/land-brandenburg\/?s={search_term_string}"},"query-input":{"@type":"PropertyValueSpecification","valueRequired":true,"valueName":"search_term_string"}}],"inLanguage":"de"},{"@type":"Organization","@id":"https:\/\/www.fuss-ev.de\/land-brandenburg\/#organization","name":"FUSS e.V. Land Brandenburg","url":"https:\/\/www.fuss-ev.de\/land-brandenburg\/","logo":{"@type":"ImageObject","inLanguage":"de","@id":"https:\/\/www.fuss-ev.de\/land-brandenburg\/#\/schema\/logo\/image\/","url":"https:\/\/www.fuss-ev.de\/land-brandenburg\/wp-content\/uploads\/sites\/22\/2025\/04\/cropped-FUSS-Logo_Brandenburg_web_300pxbreit.png","contentUrl":"https:\/\/www.fuss-ev.de\/land-brandenburg\/wp-content\/uploads\/sites\/22\/2025\/04\/cropped-FUSS-Logo_Brandenburg_web_300pxbreit.png","width":300,"height":110,"caption":"FUSS e.V. Land Brandenburg"},"image":{"@id":"https:\/\/www.fuss-ev.de\/land-brandenburg\/#\/schema\/logo\/image\/"}}]}},"publishpress_future_action":{"enabled":false,"date":"2026-05-08 14:29:30","action":"change-status","newStatus":"draft","terms":[],"taxonomy":"","extraData":[]},"publishpress_future_workflow_manual_trigger":{"enabledWorkflows":[]},"_links":{"self":[{"href":"https:\/\/www.fuss-ev.de\/land-brandenburg\/wp-json\/wp\/v2\/pages\/4697","targetHints":{"allow":["GET"]}}],"collection":[{"href":"https:\/\/www.fuss-ev.de\/land-brandenburg\/wp-json\/wp\/v2\/pages"}],"about":[{"href":"https:\/\/www.fuss-ev.de\/land-brandenburg\/wp-json\/wp\/v2\/types\/page"}],"author":[{"embeddable":true,"href":"https:\/\/www.fuss-ev.de\/land-brandenburg\/wp-json\/wp\/v2\/users\/6"}],"replies":[{"embeddable":true,"href":"https:\/\/www.fuss-ev.de\/land-brandenburg\/wp-json\/wp\/v2\/comments?post=4697"}],"version-history":[{"count":7,"href":"https:\/\/www.fuss-ev.de\/land-brandenburg\/wp-json\/wp\/v2\/pages\/4697\/revisions"}],"predecessor-version":[{"id":4818,"href":"https:\/\/www.fuss-ev.de\/land-brandenburg\/wp-json\/wp\/v2\/pages\/4697\/revisions\/4818"}],"wp:attachment":[{"href":"https:\/\/www.fuss-ev.de\/land-brandenburg\/wp-json\/wp\/v2\/media?parent=4697"}],"curies":[{"name":"wp","href":"https:\/\/api.w.org\/{rel}","templated":true}]}}