{"id":31,"date":"2025-01-28T16:47:05","date_gmt":"2025-01-28T15:47:05","guid":{"rendered":"https:\/\/www.fuss-ev.de\/land-brandenburg\/?page_id=31"},"modified":"2026-02-13T17:40:07","modified_gmt":"2026-02-13T16:40:07","slug":"in-brandenburg-zu-fuss-unterwegs","status":"publish","type":"page","link":"https:\/\/www.fuss-ev.de\/land-brandenburg\/","title":{"rendered":"In Brandenburg zu Fu\u00df unterwegs"},"content":{"rendered":"<div class=\"wpb-content-wrapper\"><p>[vc_row full_width=&#8221;stretch_row&#8221; css=&#8221;.vc_custom_1738151806191{margin-top: 20px !important;}&#8221;][vc_column width=&#8221;1\/5&#8243;][\/vc_column][vc_column width=&#8221;3\/5&#8243;][vc_column_text css=&#8221;&#8221;]<\/p>\n<h1 style=\"text-align: center;\">In Brandenburg zu Fu\u00df unterwegs<\/h1>\n<p>[\/vc_column_text][vc_column_text css=&#8221;&#8221;]Auch im \u00fcberaus d\u00fcnn besiedelten Fl\u00e4chenland Brandenburg mit nur zwei Gro\u00dfst\u00e4dten ist der Fachverband Fu\u00dfverkehr Deutschland FUSS e.V. unterwegs. Wir setzen uns f\u00fcr folgende sechs Hauptziele ein:<\/p>\n<p>&nbsp;[\/vc_column_text]<div class=\"demands-list\">\r\n                  <h5>1.<\/h5>\r\n                  <p>Klima- und witterungsgerechte Aufenthaltsfl\u00e4chen f\u00fcr alle Generationen in den St\u00e4dten und Gemeinden mit viel Gr\u00fcn, m\u00f6glichst hellen Bel\u00e4gen in Stra\u00dfen und auf Pl\u00e4tzen sowie Wasserfl\u00e4chen und Versickerungsstellen.<\/p>\r\n                <\/div><div class=\"demands-list\">\r\n                  <h5>2.<\/h5>\r\n                  <p>Verbesserung der Sicherheit f\u00fcr die Zu-Fu\u00df-Gehenden sowie der Barrierefreiheit in den St\u00e4dten, den D\u00f6rfern und auf den au\u00dfer\u00f6rtlichen Stra\u00dfen zwischen den D\u00f6rfern, insbesondere sichere und komfortable Querungsanlagen \u00fcber die Fahrbahn\u00aden.<\/p>\r\n                <\/div><div class=\"demands-list\">\r\n                  <h5>3.<\/h5>\r\n                  <p>Schaffung von attraktiven Gehwegnetzen, gr\u00fcnen Wegeverbindungen und Wegen an Flussl\u00e4ufen, wo das \u00fcberhaupt nur m\u00f6glich ist.<\/p>\r\n                <\/div><div class=\"demands-list\">\r\n                  <h5>4.<\/h5>\r\n                  <p>Deutliche Geschwindigkeitsreduzierungen f\u00fcr den Kraftfahrzeugverkehr in St\u00e4dten, insbesondere auf Orts\u00addurch\u00adfahr\u00adten und auch im au\u00dfer\u00f6rtlichen Stra\u00dfennetz.<\/p>\r\n                <\/div><div class=\"demands-list\">\r\n                  <h5>5.<\/h5>\r\n                  <p>Ausbau der Angebote im \u00f6ffentlichen Personennah- und Fernverkehr, Er\u00adhalt der kleinen Bahnh\u00f6fe, Taktverdichtung im Zug- und Busverkehr, barrierefreie Erreichbarkeit von Haltestellen und \u2013punkten.<\/p>\r\n                <\/div><div class=\"demands-list\">\r\n                  <h5>6.<\/h5>\r\n                  <p>Pflege, Weiterentwicklung und Vernetzung von \u00fcberregionalen, regionalen und kommunalen Wanderangeboten mit einer sachkundigen Wegweisung und Markierung.<\/p>\r\n                <\/div>[vc_column_text css=&#8221;&#8221;]Wir w\u00fcrden uns freuen, wenn wir Sie durch die folgenden Beispiele von FUSS e.V.-Aktivit\u00e4ten in Brandenburg dazu motivieren k\u00f6nnen, sich mit uns gemeinsam f\u00fcr die Umsetzung der anschlie\u00dfend zusammengestellten Ziele einzusetzen.[\/vc_column_text]<div class=\"current-card\">\r\n      <div class=\"current-inner-card\">\r\n        FUSS e.V. Brandenburg ist Partnerorganisation im <a href=\"https:\/\/mil.brandenburg.de\/mil\/de\/themen\/mobilitaet-verkehr\/buendnis-fuer-mobilitaet-brandenburg\/#\" target=\"_blank\" rel=\"noopener\"><strong>B\u00fcndnis f\u00fcr Mobilit\u00e4t Brandenburg<\/strong><\/a>, das sich am 13. Februar 2026 in Potsdam gegr\u00fcndet hat.\r\n      <\/div>\r\n    <\/div>[\/vc_column][vc_column width=&#8221;1\/5&#8243;][\/vc_column][\/vc_row][vc_row][vc_column][vc_column_text css=&#8221;.vc_custom_1746796703504{margin-bottom: 0px !important;}&#8221;]<\/p>\n<h2 style=\"text-align: center;\">Unsere Themen<\/h2>\n<p>[\/vc_column_text][\/vc_column][\/vc_row][vc_row][vc_column width=&#8221;1\/6&#8243;][\/vc_column][vc_column width=&#8221;1\/3&#8243;]<div class=\"article-card\">\r\n      <div class=\"article-inner-card\">\r\n        <div class=\"article-card-img\">\r\n          <div class=\"single-image-holder\"><img loading=\"lazy\" decoding=\"async\" width=\"300\" height=\"300\" src=\"https:\/\/www.fuss-ev.de\/land-brandenburg\/wp-content\/uploads\/sites\/22\/2025\/04\/Mobilittsgesetz_300.jpg\" class=\"attachment-full size-full\" alt=\"\" srcset=\"https:\/\/www.fuss-ev.de\/land-brandenburg\/wp-content\/uploads\/sites\/22\/2025\/04\/Mobilittsgesetz_300.jpg 300w, https:\/\/www.fuss-ev.de\/land-brandenburg\/wp-content\/uploads\/sites\/22\/2025\/04\/Mobilittsgesetz_300-150x150.jpg 150w, https:\/\/www.fuss-ev.de\/land-brandenburg\/wp-content\/uploads\/sites\/22\/2025\/04\/Mobilittsgesetz_300-100x100.jpg 100w\" sizes=\"auto, (max-width: 300px) 100vw, 300px\" \/><\/div>\r\n        <\/div>\r\n        <div class=\"article-slider-text\"><h3>Mobilit\u00e4ts-Strategie<\/h3>\r\n          <p>Die Mobilit\u00e4tsstrategie Brandenburg 2030 beinhaltet die Gr\u00fcndung einer Landesinitiative \u201eStadt zu Fu\u00df\u201c sowie die \u201eUnterst\u00fctzung von Strategien f\u00fcr eine St\u00e4rkung \u2026 des Fu\u00dfverkehrs&#8221;. FUSS e.V. Brandenburg hat diese Aussagen aufgegriffen und versucht sie mit Leben zu f\u00fcllen.<\/p>\r\n          <a href=\"https:\/\/www.fuss-ev.de\/land-brandenburg\/mobilitaetsstrategie\/\" title=\"Mobilit\u00e4tsstrategie\" >Mehr...<\/a>\r\n        <\/div>\r\n      <\/div>\r\n    <\/div>[vc_row_inner][vc_column_inner]<div class=\"article-card\">\r\n      <div class=\"article-inner-card\">\r\n        <div class=\"article-card-img\">\r\n          <div class=\"single-image-holder\"><img loading=\"lazy\" decoding=\"async\" width=\"425\" height=\"425\" src=\"https:\/\/www.fuss-ev.de\/land-brandenburg\/wp-content\/uploads\/sites\/22\/2025\/04\/Bra_Dannenwalde.jpg\" class=\"attachment-full size-full\" alt=\"\" srcset=\"https:\/\/www.fuss-ev.de\/land-brandenburg\/wp-content\/uploads\/sites\/22\/2025\/04\/Bra_Dannenwalde.jpg 425w, https:\/\/www.fuss-ev.de\/land-brandenburg\/wp-content\/uploads\/sites\/22\/2025\/04\/Bra_Dannenwalde-300x300.jpg 300w, https:\/\/www.fuss-ev.de\/land-brandenburg\/wp-content\/uploads\/sites\/22\/2025\/04\/Bra_Dannenwalde-150x150.jpg 150w, https:\/\/www.fuss-ev.de\/land-brandenburg\/wp-content\/uploads\/sites\/22\/2025\/04\/Bra_Dannenwalde-100x100.jpg 100w\" sizes=\"auto, (max-width: 425px) 100vw, 425px\" \/><\/div>\r\n        <\/div>\r\n        <div class=\"article-slider-text\"><h3>Nahverkehr und Bahnh\u00f6fe<\/h3>\r\n          <p>Im Jahre 1995 starteten die Vereine FUSS und UMKEHR e.V. die Kampagne \u201eRettet die kleinen Bahnh\u00f6fe in Brandenburg\u201c und erreichte die Wiederer\u00f6ffnung des Bahnhofes Dannenwalde (Gransee). Zudem ist FUSS e.V. seit 1996 Mitglied im Nahverkehrsbeirat des Landkreises Oberhavel.<\/p>\r\n          <a href=\"https:\/\/www.fuss-ev.de\/land-brandenburg\/nahverkehr-und-bahnhoefe\/\" title=\"Nahverkehr und Bahnh\u00f6fe\" >Mehr...<\/a>\r\n        <\/div>\r\n      <\/div>\r\n    <\/div>[\/vc_column_inner][\/vc_row_inner][\/vc_column][vc_column width=&#8221;1\/3&#8243;]<div class=\"article-card\">\r\n      <div class=\"article-inner-card\">\r\n        <div class=\"article-card-img\">\r\n          <div class=\"single-image-holder\"><img loading=\"lazy\" decoding=\"async\" width=\"425\" height=\"426\" src=\"https:\/\/www.fuss-ev.de\/land-brandenburg\/wp-content\/uploads\/sites\/22\/2025\/04\/Bra_Check-1.jpg\" class=\"attachment-full size-full\" alt=\"\" srcset=\"https:\/\/www.fuss-ev.de\/land-brandenburg\/wp-content\/uploads\/sites\/22\/2025\/04\/Bra_Check-1.jpg 425w, https:\/\/www.fuss-ev.de\/land-brandenburg\/wp-content\/uploads\/sites\/22\/2025\/04\/Bra_Check-1-300x300.jpg 300w, https:\/\/www.fuss-ev.de\/land-brandenburg\/wp-content\/uploads\/sites\/22\/2025\/04\/Bra_Check-1-150x150.jpg 150w, https:\/\/www.fuss-ev.de\/land-brandenburg\/wp-content\/uploads\/sites\/22\/2025\/04\/Bra_Check-1-100x100.jpg 100w\" sizes=\"auto, (max-width: 425px) 100vw, 425px\" \/><\/div>\r\n        <\/div>\r\n        <div class=\"article-slider-text\"><h3>St\u00e4dte und Regionen<\/h3>\r\n          <p>FUSS e.V. Brandenburg war und ist in einigen St\u00e4dten und Kreisen aktiv. Fu\u00dfverkehrs-Checks oder auch Begehungen sind h\u00e4ufig die Einstiegs-Aktivit\u00e4t, um vor Ort auf die Bedingungen und Bed\u00fcrfnisse von Zu-Fu\u00df-Gehenden hinweisen zu k\u00f6nnen.<\/p>\r\n          <a href=\"https:\/\/www.fuss-ev.de\/land-brandenburg\/staedte-und-regionen\/\" title=\"St\u00e4dte und Regionen\" >Mehr...<\/a>\r\n        <\/div>\r\n      <\/div>\r\n    <\/div>[vc_row_inner][vc_column_inner]<div class=\"article-card\">\r\n      <div class=\"article-inner-card\">\r\n        <div class=\"article-card-img\">\r\n          <div class=\"single-image-holder\"><img loading=\"lazy\" decoding=\"async\" width=\"425\" height=\"425\" src=\"https:\/\/www.fuss-ev.de\/land-brandenburg\/wp-content\/uploads\/sites\/22\/2025\/04\/Bra_Wanderweg_E_11_Bahnhof_Fra-1.jpg\" class=\"attachment-full size-full\" alt=\"\" srcset=\"https:\/\/www.fuss-ev.de\/land-brandenburg\/wp-content\/uploads\/sites\/22\/2025\/04\/Bra_Wanderweg_E_11_Bahnhof_Fra-1.jpg 425w, https:\/\/www.fuss-ev.de\/land-brandenburg\/wp-content\/uploads\/sites\/22\/2025\/04\/Bra_Wanderweg_E_11_Bahnhof_Fra-1-300x300.jpg 300w, https:\/\/www.fuss-ev.de\/land-brandenburg\/wp-content\/uploads\/sites\/22\/2025\/04\/Bra_Wanderweg_E_11_Bahnhof_Fra-1-150x150.jpg 150w, https:\/\/www.fuss-ev.de\/land-brandenburg\/wp-content\/uploads\/sites\/22\/2025\/04\/Bra_Wanderweg_E_11_Bahnhof_Fra-1-100x100.jpg 100w\" sizes=\"auto, (max-width: 425px) 100vw, 425px\" \/><\/div>\r\n        <\/div>\r\n        <div class=\"article-slider-text\"><h3>Wandern<\/h3>\r\n          <p>Das Land verf\u00fcgt durch die aktive Mitarbeit des FUSS e.V. seit 2003 \u00fcber ein in Deutschland einmaliges, mit \u00f6ffentlichen Verkehrsmitteln erreichbares Hauptwanderwegenetz. FUSS e.V. Brandenburg hat zusammen mit dem Umweltbahnhof Dannenwalde e.V. einzelne Wanderwege getestet.<\/p>\r\n          <a href=\"https:\/\/www.fuss-ev.de\/land-brandenburg\/wandern\/\" title=\"Wandern\" >Mehr...<\/a>\r\n        <\/div>\r\n      <\/div>\r\n    <\/div>[\/vc_column_inner][\/vc_row_inner][\/vc_column][vc_column width=&#8221;1\/6&#8243;][\/vc_column][\/vc_row][vc_row][vc_column][vc_column_text css=&#8221;.vc_custom_1744796674925{margin-bottom: 0px !important;}&#8221;]<\/p>\n<h1><span style=\"color: #167479;\">Aktiv werden im FUSS e.V.<\/span><\/h1>\n<p>[\/vc_column_text][vc_separator color=&#8221;custom&#8221; border_width=&#8221;2&#8243; css=&#8221;.vc_custom_1738151619780{margin-top: 0px !important;padding-top: 0px !important;}&#8221; accent_color=&#8221;#167479&#8243;][vc_row_inner][vc_column_inner width=&#8221;1\/3&#8243;]<a href=\"https:\/\/fuss-ev.de\/ueber-uns\/mitgliedschaft\/\" title=\"Mitgliedschaft\" target=\"_blank\" class=\"wb-media-link\">\r\n      <div class=\"single-image-holder\"><img loading=\"lazy\" decoding=\"async\" width=\"1080\" height=\"1080\" src=\"https:\/\/www.fuss-ev.de\/land-brandenburg\/wp-content\/uploads\/sites\/22\/2025\/01\/Aufruf-Mitglied-zu-werden-FUSS-eV.jpg\" class=\"attachment-full size-full\" alt=\"\" srcset=\"https:\/\/www.fuss-ev.de\/land-brandenburg\/wp-content\/uploads\/sites\/22\/2025\/01\/Aufruf-Mitglied-zu-werden-FUSS-eV.jpg 1080w, https:\/\/www.fuss-ev.de\/land-brandenburg\/wp-content\/uploads\/sites\/22\/2025\/01\/Aufruf-Mitglied-zu-werden-FUSS-eV-300x300.jpg 300w, https:\/\/www.fuss-ev.de\/land-brandenburg\/wp-content\/uploads\/sites\/22\/2025\/01\/Aufruf-Mitglied-zu-werden-FUSS-eV-1024x1024.jpg 1024w, https:\/\/www.fuss-ev.de\/land-brandenburg\/wp-content\/uploads\/sites\/22\/2025\/01\/Aufruf-Mitglied-zu-werden-FUSS-eV-150x150.jpg 150w, https:\/\/www.fuss-ev.de\/land-brandenburg\/wp-content\/uploads\/sites\/22\/2025\/01\/Aufruf-Mitglied-zu-werden-FUSS-eV-768x768.jpg 768w, https:\/\/www.fuss-ev.de\/land-brandenburg\/wp-content\/uploads\/sites\/22\/2025\/01\/Aufruf-Mitglied-zu-werden-FUSS-eV-100x100.jpg 100w\" sizes=\"auto, (max-width: 1080px) 100vw, 1080px\" \/><\/div><\/a>[\/vc_column_inner][vc_column_inner width=&#8221;1\/3&#8243;]<a href=\"https:\/\/fuss-ev.de\/spenden\/\" title=\"Spenden\" target=\"_blank\" class=\"wb-media-link\">\r\n      <div class=\"single-image-holder\"><img loading=\"lazy\" decoding=\"async\" width=\"1080\" height=\"1080\" src=\"https:\/\/www.fuss-ev.de\/land-brandenburg\/wp-content\/uploads\/sites\/22\/2025\/01\/Aufruf-zu-spenden-FUSS-eV.jpg\" class=\"attachment-full size-full\" alt=\"\" srcset=\"https:\/\/www.fuss-ev.de\/land-brandenburg\/wp-content\/uploads\/sites\/22\/2025\/01\/Aufruf-zu-spenden-FUSS-eV.jpg 1080w, https:\/\/www.fuss-ev.de\/land-brandenburg\/wp-content\/uploads\/sites\/22\/2025\/01\/Aufruf-zu-spenden-FUSS-eV-300x300.jpg 300w, https:\/\/www.fuss-ev.de\/land-brandenburg\/wp-content\/uploads\/sites\/22\/2025\/01\/Aufruf-zu-spenden-FUSS-eV-1024x1024.jpg 1024w, https:\/\/www.fuss-ev.de\/land-brandenburg\/wp-content\/uploads\/sites\/22\/2025\/01\/Aufruf-zu-spenden-FUSS-eV-150x150.jpg 150w, https:\/\/www.fuss-ev.de\/land-brandenburg\/wp-content\/uploads\/sites\/22\/2025\/01\/Aufruf-zu-spenden-FUSS-eV-768x768.jpg 768w, https:\/\/www.fuss-ev.de\/land-brandenburg\/wp-content\/uploads\/sites\/22\/2025\/01\/Aufruf-zu-spenden-FUSS-eV-100x100.jpg 100w\" sizes=\"auto, (max-width: 1080px) 100vw, 1080px\" \/><\/div><\/a>[\/vc_column_inner][vc_column_inner width=&#8221;1\/3&#8243;]<a href=\"https:\/\/fuss-ev.de\/ueber-uns\/in-ihrer-stadt\/\" title=\"Mitmachen vor Ort\" target=\"_blank\" class=\"wb-media-link\">\r\n      <div class=\"single-image-holder\"><img loading=\"lazy\" decoding=\"async\" width=\"1080\" height=\"1080\" src=\"https:\/\/www.fuss-ev.de\/land-brandenburg\/wp-content\/uploads\/sites\/22\/2025\/01\/Aufruf-um-Mitzumachen-FUSS-eV.jpg\" class=\"attachment-full size-full\" alt=\"\" srcset=\"https:\/\/www.fuss-ev.de\/land-brandenburg\/wp-content\/uploads\/sites\/22\/2025\/01\/Aufruf-um-Mitzumachen-FUSS-eV.jpg 1080w, https:\/\/www.fuss-ev.de\/land-brandenburg\/wp-content\/uploads\/sites\/22\/2025\/01\/Aufruf-um-Mitzumachen-FUSS-eV-300x300.jpg 300w, https:\/\/www.fuss-ev.de\/land-brandenburg\/wp-content\/uploads\/sites\/22\/2025\/01\/Aufruf-um-Mitzumachen-FUSS-eV-1024x1024.jpg 1024w, https:\/\/www.fuss-ev.de\/land-brandenburg\/wp-content\/uploads\/sites\/22\/2025\/01\/Aufruf-um-Mitzumachen-FUSS-eV-150x150.jpg 150w, https:\/\/www.fuss-ev.de\/land-brandenburg\/wp-content\/uploads\/sites\/22\/2025\/01\/Aufruf-um-Mitzumachen-FUSS-eV-768x768.jpg 768w, https:\/\/www.fuss-ev.de\/land-brandenburg\/wp-content\/uploads\/sites\/22\/2025\/01\/Aufruf-um-Mitzumachen-FUSS-eV-100x100.jpg 100w\" sizes=\"auto, (max-width: 1080px) 100vw, 1080px\" \/><\/div><\/a>[\/vc_column_inner][\/vc_row_inner][\/vc_column][\/vc_row]<\/p>\n<\/div>","protected":false},"excerpt":{"rendered":"<p>[vc_row full_width=&#8221;stretch_row&#8221; css=&#8221;.vc_custom_1738151806191{margin-top: 20px !important;}&#8221;][vc_column width=&#8221;1\/5&#8243;][\/vc_column][vc_column width=&#8221;3\/5&#8243;][vc_column_text css=&#8221;&#8221;] In Brandenburg zu Fu\u00df unterwegs [\/vc_column_text][vc_column_text css=&#8221;&#8221;]Auch im \u00fcberaus d\u00fcnn besiedelten Fl\u00e4chenland Brandenburg mit nur zwei Gro\u00dfst\u00e4dten ist der Fachverband Fu\u00dfverkehr Deutschland FUSS e.V. unterwegs. Wir setzen [&hellip;]<\/p>\n","protected":false},"author":1,"featured_media":4688,"parent":0,"menu_order":0,"comment_status":"closed","ping_status":"closed","template":"","meta":{"_acf_changed":false,"_relevanssi_hide_post":"","_relevanssi_hide_content":"","_relevanssi_pin_for_all":"","_relevanssi_pin_keywords":"","_relevanssi_unpin_keywords":"","_relevanssi_related_keywords":"","_relevanssi_related_include_ids":"","_relevanssi_related_exclude_ids":"","_relevanssi_related_no_append":"","_relevanssi_related_not_related":"","_relevanssi_related_posts":"","_relevanssi_noindex_reason":"","inline_featured_image":false,"footnotes":""},"class_list":["post-31","page","type-page","status-publish","has-post-thumbnail","hentry"],"acf":[],"yoast_head":"<!-- This site is optimized with the Yoast SEO plugin v27.4 - https:\/\/yoast.com\/product\/yoast-seo-wordpress\/ -->\n<title>In Brandenburg zu Fu\u00df unterwegs - FUSS e.V. Land Brandenburg<\/title>\n<meta name=\"description\" content=\"Auch im \u00fcberaus d\u00fcnn besiedelten Fl\u00e4chenland Brandenburg mit nur zwei Gro\u00dfst\u00e4dten ist der Fachverband Fu\u00dfverkehr Deutschland FUSS e.V. unterwegs. Wir w\u00fcrden uns freuen, wenn wir Sie durch die Beispiele von FUSS e.V.-Aktivit\u00e4ten in Brandenburg dazu motivieren k\u00f6nnen, sich mit uns gemeinsam f\u00fcr die Umsetzung der anschlie\u00dfend zusammengestellten Ziele einzusetzen.\" \/>\n<meta name=\"robots\" content=\"noindex, follow, max-snippet:-1, max-image-preview:large, max-video-preview:-1\" \/>\n<meta property=\"og:locale\" content=\"de_DE\" \/>\n<meta property=\"og:type\" content=\"article\" \/>\n<meta property=\"og:title\" content=\"In Brandenburg zu Fu\u00df unterwegs - FUSS e.V. Land Brandenburg\" \/>\n<meta property=\"og:description\" content=\"Auch im \u00fcberaus d\u00fcnn besiedelten Fl\u00e4chenland Brandenburg mit nur zwei Gro\u00dfst\u00e4dten ist der Fachverband Fu\u00dfverkehr Deutschland FUSS e.V. unterwegs. Wir w\u00fcrden uns freuen, wenn wir Sie durch die Beispiele von FUSS e.V.-Aktivit\u00e4ten in Brandenburg dazu motivieren k\u00f6nnen, sich mit uns gemeinsam f\u00fcr die Umsetzung der anschlie\u00dfend zusammengestellten Ziele einzusetzen.\" \/>\n<meta property=\"og:url\" content=\"https:\/\/www.fuss-ev.de\/land-brandenburg\/\" \/>\n<meta property=\"og:site_name\" content=\"FUSS e.V. Land Brandenburg\" \/>\n<meta property=\"article:modified_time\" content=\"2026-02-13T16:40:07+00:00\" \/>\n<meta property=\"og:image\" content=\"https:\/\/www.fuss-ev.de\/land-brandenburg\/wp-content\/uploads\/sites\/22\/2025\/04\/Kleinmachnow_banner-scaled.jpg\" \/>\n\t<meta property=\"og:image:width\" content=\"2560\" \/>\n\t<meta property=\"og:image:height\" content=\"1180\" \/>\n\t<meta property=\"og:image:type\" content=\"image\/jpeg\" \/>\n<meta name=\"twitter:card\" content=\"summary_large_image\" \/>\n<meta name=\"twitter:label1\" content=\"Gesch\u00e4tzte Lesezeit\" \/>\n\t<meta name=\"twitter:data1\" content=\"4\u00a0Minuten\" \/>\n<script type=\"application\/ld+json\" class=\"yoast-schema-graph\">{\"@context\":\"https:\\\/\\\/schema.org\",\"@graph\":[{\"@type\":\"WebPage\",\"@id\":\"https:\\\/\\\/www.fuss-ev.de\\\/land-brandenburg\\\/\",\"url\":\"https:\\\/\\\/www.fuss-ev.de\\\/land-brandenburg\\\/\",\"name\":\"In Brandenburg zu Fu\u00df unterwegs - FUSS e.V. Land Brandenburg\",\"isPartOf\":{\"@id\":\"https:\\\/\\\/www.fuss-ev.de\\\/land-brandenburg\\\/#website\"},\"primaryImageOfPage\":{\"@id\":\"https:\\\/\\\/www.fuss-ev.de\\\/land-brandenburg\\\/#primaryimage\"},\"image\":{\"@id\":\"https:\\\/\\\/www.fuss-ev.de\\\/land-brandenburg\\\/#primaryimage\"},\"thumbnailUrl\":\"https:\\\/\\\/www.fuss-ev.de\\\/land-brandenburg\\\/wp-content\\\/uploads\\\/sites\\\/22\\\/2025\\\/04\\\/Kleinmachnow_banner-scaled.jpg\",\"datePublished\":\"2025-01-28T15:47:05+00:00\",\"dateModified\":\"2026-02-13T16:40:07+00:00\",\"description\":\"Auch im \u00fcberaus d\u00fcnn besiedelten Fl\u00e4chenland Brandenburg mit nur zwei Gro\u00dfst\u00e4dten ist der Fachverband Fu\u00dfverkehr Deutschland FUSS e.V. unterwegs. Wir w\u00fcrden uns freuen, wenn wir Sie durch die Beispiele von FUSS e.V.-Aktivit\u00e4ten in Brandenburg dazu motivieren k\u00f6nnen, sich mit uns gemeinsam f\u00fcr die Umsetzung der anschlie\u00dfend zusammengestellten Ziele einzusetzen.\",\"breadcrumb\":{\"@id\":\"https:\\\/\\\/www.fuss-ev.de\\\/land-brandenburg\\\/#breadcrumb\"},\"inLanguage\":\"de\",\"potentialAction\":[{\"@type\":\"ReadAction\",\"target\":[\"https:\\\/\\\/www.fuss-ev.de\\\/land-brandenburg\\\/\"]}]},{\"@type\":\"ImageObject\",\"inLanguage\":\"de\",\"@id\":\"https:\\\/\\\/www.fuss-ev.de\\\/land-brandenburg\\\/#primaryimage\",\"url\":\"https:\\\/\\\/www.fuss-ev.de\\\/land-brandenburg\\\/wp-content\\\/uploads\\\/sites\\\/22\\\/2025\\\/04\\\/Kleinmachnow_banner-scaled.jpg\",\"contentUrl\":\"https:\\\/\\\/www.fuss-ev.de\\\/land-brandenburg\\\/wp-content\\\/uploads\\\/sites\\\/22\\\/2025\\\/04\\\/Kleinmachnow_banner-scaled.jpg\",\"width\":2560,\"height\":1180},{\"@type\":\"BreadcrumbList\",\"@id\":\"https:\\\/\\\/www.fuss-ev.de\\\/land-brandenburg\\\/#breadcrumb\",\"itemListElement\":[{\"@type\":\"ListItem\",\"position\":1,\"name\":\"Startseite\",\"item\":\"https:\\\/\\\/www.fuss-ev.de\\\/land-brandenburg\\\/\"},{\"@type\":\"ListItem\",\"position\":2,\"name\":\"In Brandenburg zu Fu\u00df unterwegs\"}]},{\"@type\":\"WebSite\",\"@id\":\"https:\\\/\\\/www.fuss-ev.de\\\/land-brandenburg\\\/#website\",\"url\":\"https:\\\/\\\/www.fuss-ev.de\\\/land-brandenburg\\\/\",\"name\":\"FUSS e.V. Land Brandenburg\",\"description\":\"\",\"publisher\":{\"@id\":\"https:\\\/\\\/www.fuss-ev.de\\\/land-brandenburg\\\/#organization\"},\"potentialAction\":[{\"@type\":\"SearchAction\",\"target\":{\"@type\":\"EntryPoint\",\"urlTemplate\":\"https:\\\/\\\/www.fuss-ev.de\\\/land-brandenburg\\\/?s={search_term_string}\"},\"query-input\":{\"@type\":\"PropertyValueSpecification\",\"valueRequired\":true,\"valueName\":\"search_term_string\"}}],\"inLanguage\":\"de\"},{\"@type\":\"Organization\",\"@id\":\"https:\\\/\\\/www.fuss-ev.de\\\/land-brandenburg\\\/#organization\",\"name\":\"FUSS e.V. Land Brandenburg\",\"url\":\"https:\\\/\\\/www.fuss-ev.de\\\/land-brandenburg\\\/\",\"logo\":{\"@type\":\"ImageObject\",\"inLanguage\":\"de\",\"@id\":\"https:\\\/\\\/www.fuss-ev.de\\\/land-brandenburg\\\/#\\\/schema\\\/logo\\\/image\\\/\",\"url\":\"https:\\\/\\\/www.fuss-ev.de\\\/land-brandenburg\\\/wp-content\\\/uploads\\\/sites\\\/22\\\/2025\\\/04\\\/cropped-FUSS-Logo_Brandenburg_web_300pxbreit.png\",\"contentUrl\":\"https:\\\/\\\/www.fuss-ev.de\\\/land-brandenburg\\\/wp-content\\\/uploads\\\/sites\\\/22\\\/2025\\\/04\\\/cropped-FUSS-Logo_Brandenburg_web_300pxbreit.png\",\"width\":300,\"height\":110,\"caption\":\"FUSS e.V. Land Brandenburg\"},\"image\":{\"@id\":\"https:\\\/\\\/www.fuss-ev.de\\\/land-brandenburg\\\/#\\\/schema\\\/logo\\\/image\\\/\"}}]}<\/script>\n<!-- \/ Yoast SEO plugin. -->","yoast_head_json":{"title":"In Brandenburg zu Fu\u00df unterwegs - FUSS e.V. Land Brandenburg","description":"Auch im \u00fcberaus d\u00fcnn besiedelten Fl\u00e4chenland Brandenburg mit nur zwei Gro\u00dfst\u00e4dten ist der Fachverband Fu\u00dfverkehr Deutschland FUSS e.V. unterwegs. Wir w\u00fcrden uns freuen, wenn wir Sie durch die Beispiele von FUSS e.V.-Aktivit\u00e4ten in Brandenburg dazu motivieren k\u00f6nnen, sich mit uns gemeinsam f\u00fcr die Umsetzung der anschlie\u00dfend zusammengestellten Ziele einzusetzen.","robots":{"index":"noindex","follow":"follow","max-snippet":"max-snippet:-1","max-image-preview":"max-image-preview:large","max-video-preview":"max-video-preview:-1"},"og_locale":"de_DE","og_type":"article","og_title":"In Brandenburg zu Fu\u00df unterwegs - FUSS e.V. Land Brandenburg","og_description":"Auch im \u00fcberaus d\u00fcnn besiedelten Fl\u00e4chenland Brandenburg mit nur zwei Gro\u00dfst\u00e4dten ist der Fachverband Fu\u00dfverkehr Deutschland FUSS e.V. unterwegs. Wir w\u00fcrden uns freuen, wenn wir Sie durch die Beispiele von FUSS e.V.-Aktivit\u00e4ten in Brandenburg dazu motivieren k\u00f6nnen, sich mit uns gemeinsam f\u00fcr die Umsetzung der anschlie\u00dfend zusammengestellten Ziele einzusetzen.","og_url":"https:\/\/www.fuss-ev.de\/land-brandenburg\/","og_site_name":"FUSS e.V. Land Brandenburg","article_modified_time":"2026-02-13T16:40:07+00:00","og_image":[{"width":2560,"height":1180,"url":"https:\/\/www.fuss-ev.de\/land-brandenburg\/wp-content\/uploads\/sites\/22\/2025\/04\/Kleinmachnow_banner-scaled.jpg","type":"image\/jpeg"}],"twitter_card":"summary_large_image","twitter_misc":{"Gesch\u00e4tzte Lesezeit":"4\u00a0Minuten"},"schema":{"@context":"https:\/\/schema.org","@graph":[{"@type":"WebPage","@id":"https:\/\/www.fuss-ev.de\/land-brandenburg\/","url":"https:\/\/www.fuss-ev.de\/land-brandenburg\/","name":"In Brandenburg zu Fu\u00df unterwegs - FUSS e.V. Land Brandenburg","isPartOf":{"@id":"https:\/\/www.fuss-ev.de\/land-brandenburg\/#website"},"primaryImageOfPage":{"@id":"https:\/\/www.fuss-ev.de\/land-brandenburg\/#primaryimage"},"image":{"@id":"https:\/\/www.fuss-ev.de\/land-brandenburg\/#primaryimage"},"thumbnailUrl":"https:\/\/www.fuss-ev.de\/land-brandenburg\/wp-content\/uploads\/sites\/22\/2025\/04\/Kleinmachnow_banner-scaled.jpg","datePublished":"2025-01-28T15:47:05+00:00","dateModified":"2026-02-13T16:40:07+00:00","description":"Auch im \u00fcberaus d\u00fcnn besiedelten Fl\u00e4chenland Brandenburg mit nur zwei Gro\u00dfst\u00e4dten ist der Fachverband Fu\u00dfverkehr Deutschland FUSS e.V. unterwegs. Wir w\u00fcrden uns freuen, wenn wir Sie durch die Beispiele von FUSS e.V.-Aktivit\u00e4ten in Brandenburg dazu motivieren k\u00f6nnen, sich mit uns gemeinsam f\u00fcr die Umsetzung der anschlie\u00dfend zusammengestellten Ziele einzusetzen.","breadcrumb":{"@id":"https:\/\/www.fuss-ev.de\/land-brandenburg\/#breadcrumb"},"inLanguage":"de","potentialAction":[{"@type":"ReadAction","target":["https:\/\/www.fuss-ev.de\/land-brandenburg\/"]}]},{"@type":"ImageObject","inLanguage":"de","@id":"https:\/\/www.fuss-ev.de\/land-brandenburg\/#primaryimage","url":"https:\/\/www.fuss-ev.de\/land-brandenburg\/wp-content\/uploads\/sites\/22\/2025\/04\/Kleinmachnow_banner-scaled.jpg","contentUrl":"https:\/\/www.fuss-ev.de\/land-brandenburg\/wp-content\/uploads\/sites\/22\/2025\/04\/Kleinmachnow_banner-scaled.jpg","width":2560,"height":1180},{"@type":"BreadcrumbList","@id":"https:\/\/www.fuss-ev.de\/land-brandenburg\/#breadcrumb","itemListElement":[{"@type":"ListItem","position":1,"name":"Startseite","item":"https:\/\/www.fuss-ev.de\/land-brandenburg\/"},{"@type":"ListItem","position":2,"name":"In Brandenburg zu Fu\u00df unterwegs"}]},{"@type":"WebSite","@id":"https:\/\/www.fuss-ev.de\/land-brandenburg\/#website","url":"https:\/\/www.fuss-ev.de\/land-brandenburg\/","name":"FUSS e.V. Land Brandenburg","description":"","publisher":{"@id":"https:\/\/www.fuss-ev.de\/land-brandenburg\/#organization"},"potentialAction":[{"@type":"SearchAction","target":{"@type":"EntryPoint","urlTemplate":"https:\/\/www.fuss-ev.de\/land-brandenburg\/?s={search_term_string}"},"query-input":{"@type":"PropertyValueSpecification","valueRequired":true,"valueName":"search_term_string"}}],"inLanguage":"de"},{"@type":"Organization","@id":"https:\/\/www.fuss-ev.de\/land-brandenburg\/#organization","name":"FUSS e.V. Land Brandenburg","url":"https:\/\/www.fuss-ev.de\/land-brandenburg\/","logo":{"@type":"ImageObject","inLanguage":"de","@id":"https:\/\/www.fuss-ev.de\/land-brandenburg\/#\/schema\/logo\/image\/","url":"https:\/\/www.fuss-ev.de\/land-brandenburg\/wp-content\/uploads\/sites\/22\/2025\/04\/cropped-FUSS-Logo_Brandenburg_web_300pxbreit.png","contentUrl":"https:\/\/www.fuss-ev.de\/land-brandenburg\/wp-content\/uploads\/sites\/22\/2025\/04\/cropped-FUSS-Logo_Brandenburg_web_300pxbreit.png","width":300,"height":110,"caption":"FUSS e.V. Land Brandenburg"},"image":{"@id":"https:\/\/www.fuss-ev.de\/land-brandenburg\/#\/schema\/logo\/image\/"}}]}},"publishpress_future_action":{"enabled":false,"date":"2026-05-04 14:56:03","action":"change-status","newStatus":"draft","terms":[],"taxonomy":"","extraData":[]},"publishpress_future_workflow_manual_trigger":{"enabledWorkflows":[]},"_links":{"self":[{"href":"https:\/\/www.fuss-ev.de\/land-brandenburg\/wp-json\/wp\/v2\/pages\/31","targetHints":{"allow":["GET"]}}],"collection":[{"href":"https:\/\/www.fuss-ev.de\/land-brandenburg\/wp-json\/wp\/v2\/pages"}],"about":[{"href":"https:\/\/www.fuss-ev.de\/land-brandenburg\/wp-json\/wp\/v2\/types\/page"}],"author":[{"embeddable":true,"href":"https:\/\/www.fuss-ev.de\/land-brandenburg\/wp-json\/wp\/v2\/users\/1"}],"replies":[{"embeddable":true,"href":"https:\/\/www.fuss-ev.de\/land-brandenburg\/wp-json\/wp\/v2\/comments?post=31"}],"version-history":[{"count":37,"href":"https:\/\/www.fuss-ev.de\/land-brandenburg\/wp-json\/wp\/v2\/pages\/31\/revisions"}],"predecessor-version":[{"id":4837,"href":"https:\/\/www.fuss-ev.de\/land-brandenburg\/wp-json\/wp\/v2\/pages\/31\/revisions\/4837"}],"wp:featuredmedia":[{"embeddable":true,"href":"https:\/\/www.fuss-ev.de\/land-brandenburg\/wp-json\/wp\/v2\/media\/4688"}],"wp:attachment":[{"href":"https:\/\/www.fuss-ev.de\/land-brandenburg\/wp-json\/wp\/v2\/media?parent=31"}],"curies":[{"name":"wp","href":"https:\/\/api.w.org\/{rel}","templated":true}]}}