{"id":85,"date":"2025-01-29T11:35:49","date_gmt":"2025-01-29T10:35:49","guid":{"rendered":"https:\/\/www.fuss-ev.de\/koeln\/?page_id=85"},"modified":"2025-11-25T10:54:19","modified_gmt":"2025-11-25T09:54:19","slug":"aktuelles","status":"publish","type":"page","link":"https:\/\/www.fuss-ev.de\/koeln\/aktuelles\/","title":{"rendered":"Aktuelles"},"content":{"rendered":"<div class=\"wpb-content-wrapper\"><p>[vc_row][vc_column][vc_column_text css=&#8221;&#8221;]<\/p>\n<h1><span style=\"color: #009933;\">Neuigkeiten<\/span><\/h1>\n<p><span style=\"color: #009933;\"><strong>Hier finden Sie Termine, Pressemitteilungen, Aktionen, Stellungnahmen und vieles mehr rund um den K\u00f6lner Fu\u00dfverkehr.<\/strong><\/span>[\/vc_column_text]    <div id=\"posts-grid-69f5c7198a592\"\r\n         class=\"posts-grid-container \"\r\n         data-atts='{&quot;post_type&quot;:&quot;post&quot;,&quot;category&quot;:&quot;&quot;,&quot;category_slugs&quot;:&quot;&quot;,&quot;posts_per_page&quot;:9,&quot;columns&quot;:3,&quot;orderby&quot;:&quot;date&quot;,&quot;order&quot;:&quot;DESC&quot;,&quot;ajax_pagination&quot;:&quot;yes&quot;,&quot;grid_title&quot;:&quot;&quot;,&quot;extra_class&quot;:&quot;&quot;}'\r\n         data-nonce=\"ae12c3ec83\">\r\n\r\n        \r\n        <div class=\"posts-grid-content\">\r\n                <div class=\"articles-grid columns-3\">\r\n                    <div class=\"article-card\">\r\n                <div class=\"article-inner-card\">\r\n                    <!-- Article Image -->\r\n                    <div class=\"article-card-img\">\r\n                                                    <a href=\"https:\/\/www.fuss-ev.de\/koeln\/janes-walk-in-der-koelner-innenstadt-am-3-mai-2026\/\">\r\n                                <div class=\"single-image-holder\"><img loading=\"lazy\" decoding=\"async\" width=\"768\" height=\"960\" src=\"https:\/\/www.fuss-ev.de\/koeln\/wp-content\/uploads\/sites\/28\/2026\/04\/janeswalk_koeln_2026-innenstadt-1-768x960.jpg\" class=\"attachment-medium_large size-medium_large\" alt=\"Grafik zum Jane&#039;s Walk K\u00f6ln Innenstadt\" srcset=\"https:\/\/www.fuss-ev.de\/koeln\/wp-content\/uploads\/sites\/28\/2026\/04\/janeswalk_koeln_2026-innenstadt-1-768x960.jpg 768w, https:\/\/www.fuss-ev.de\/koeln\/wp-content\/uploads\/sites\/28\/2026\/04\/janeswalk_koeln_2026-innenstadt-1-240x300.jpg 240w, https:\/\/www.fuss-ev.de\/koeln\/wp-content\/uploads\/sites\/28\/2026\/04\/janeswalk_koeln_2026-innenstadt-1-819x1024.jpg 819w, https:\/\/www.fuss-ev.de\/koeln\/wp-content\/uploads\/sites\/28\/2026\/04\/janeswalk_koeln_2026-innenstadt-1.jpg 1024w\" sizes=\"auto, (max-width: 768px) 100vw, 768px\" \/><\/div>                            <\/a>\r\n                                            <\/div>\r\n\r\n                    <!-- Article Content -->\r\n                    <div class=\"article-slider-text\">\r\n                        <span class=\"article-date\">19.04.26<\/span>\r\n                        <h3 class=\"article-title\">Jane\u2018s Walk in der K\u00f6lner Innenstadt am 3. Mai 2026<\/h3>\r\n                        <div class=\"article-excerpt\"><p>[vc_row][vc_column][vc_column_text css=&#8221;&#8221;]FUSS e.V., VCD und RADKOMM laden zum &#8220;Jane\u2018s Walk&#8221; durch die Innenstadt am 3. Mai ein.<\/p>\n<\/div>\r\n                        <a href=\"https:\/\/www.fuss-ev.de\/koeln\/janes-walk-in-der-koelner-innenstadt-am-3-mai-2026\/\" class=\"read-more-link\" tabindex=\"0\">Mehr...<\/a>\r\n                    <\/div>\r\n                <\/div>\r\n            <\/div>\r\n                    <div class=\"article-card\">\r\n                <div class=\"article-inner-card\">\r\n                    <!-- Article Image -->\r\n                    <div class=\"article-card-img\">\r\n                                                    <a href=\"https:\/\/www.fuss-ev.de\/koeln\/janes-walk-in-koeln-kalk-am-2-mai-2026\/\">\r\n                                <div class=\"single-image-holder\"><img loading=\"lazy\" decoding=\"async\" width=\"768\" height=\"960\" src=\"https:\/\/www.fuss-ev.de\/koeln\/wp-content\/uploads\/sites\/28\/2026\/04\/janeswalk_koeln_2026-Kalk-1-768x960.jpg\" class=\"attachment-medium_large size-medium_large\" alt=\"\" srcset=\"https:\/\/www.fuss-ev.de\/koeln\/wp-content\/uploads\/sites\/28\/2026\/04\/janeswalk_koeln_2026-Kalk-1-768x960.jpg 768w, https:\/\/www.fuss-ev.de\/koeln\/wp-content\/uploads\/sites\/28\/2026\/04\/janeswalk_koeln_2026-Kalk-1-240x300.jpg 240w, https:\/\/www.fuss-ev.de\/koeln\/wp-content\/uploads\/sites\/28\/2026\/04\/janeswalk_koeln_2026-Kalk-1-819x1024.jpg 819w, https:\/\/www.fuss-ev.de\/koeln\/wp-content\/uploads\/sites\/28\/2026\/04\/janeswalk_koeln_2026-Kalk-1.jpg 1024w\" sizes=\"auto, (max-width: 768px) 100vw, 768px\" \/><\/div>                            <\/a>\r\n                                            <\/div>\r\n\r\n                    <!-- Article Content -->\r\n                    <div class=\"article-slider-text\">\r\n                        <span class=\"article-date\">19.04.26<\/span>\r\n                        <h3 class=\"article-title\">Jane\u2018s Walk in K\u00f6ln Kalk am 2. Mai 2026<\/h3>\r\n                        <div class=\"article-excerpt\"><p>[vc_row][vc_column][vc_column_text css=&#8221;&#8221;]FUSS e.V., VCD und RADKOMM laden zum &#8220;Jane\u2018s Walk&#8221; durch K\u00f6ln Kalk am 2. Mai ein.<\/p>\n<\/div>\r\n                        <a href=\"https:\/\/www.fuss-ev.de\/koeln\/janes-walk-in-koeln-kalk-am-2-mai-2026\/\" class=\"read-more-link\" tabindex=\"0\">Mehr...<\/a>\r\n                    <\/div>\r\n                <\/div>\r\n            <\/div>\r\n                    <div class=\"article-card\">\r\n                <div class=\"article-inner-card\">\r\n                    <!-- Article Image -->\r\n                    <div class=\"article-card-img\">\r\n                                                    <a href=\"https:\/\/www.fuss-ev.de\/koeln\/janes-walk-in-koeln-am-2-und-3-mai-2026\/\">\r\n                                <div class=\"single-image-holder\"><img loading=\"lazy\" decoding=\"async\" width=\"768\" height=\"960\" src=\"https:\/\/www.fuss-ev.de\/koeln\/wp-content\/uploads\/sites\/28\/2026\/04\/janeswalk_koeln_2026d-768x960.jpg\" class=\"attachment-medium_large size-medium_large\" alt=\"Plakat zum K\u00f6lner Janes Walk 2026\" srcset=\"https:\/\/www.fuss-ev.de\/koeln\/wp-content\/uploads\/sites\/28\/2026\/04\/janeswalk_koeln_2026d-768x960.jpg 768w, https:\/\/www.fuss-ev.de\/koeln\/wp-content\/uploads\/sites\/28\/2026\/04\/janeswalk_koeln_2026d-240x300.jpg 240w, https:\/\/www.fuss-ev.de\/koeln\/wp-content\/uploads\/sites\/28\/2026\/04\/janeswalk_koeln_2026d-819x1024.jpg 819w, https:\/\/www.fuss-ev.de\/koeln\/wp-content\/uploads\/sites\/28\/2026\/04\/janeswalk_koeln_2026d.jpg 1024w\" sizes=\"auto, (max-width: 768px) 100vw, 768px\" \/><\/div>                            <\/a>\r\n                                            <\/div>\r\n\r\n                    <!-- Article Content -->\r\n                    <div class=\"article-slider-text\">\r\n                        <span class=\"article-date\">09.04.26<\/span>\r\n                        <h3 class=\"article-title\">Jane\u2018s Walk in K\u00f6ln am 2. und 3. Mai 2026<\/h3>\r\n                        <div class=\"article-excerpt\"><p>[vc_row][vc_column][vc_column_text css=&#8221;&#8221;]FUSS e.V., VCD und RADKOMM laden in K\u00f6ln bereits zum 3. Mal zum &#8220;Jane\u2018s Walk&#8221; ein.<\/p>\n<\/div>\r\n                        <a href=\"https:\/\/www.fuss-ev.de\/koeln\/janes-walk-in-koeln-am-2-und-3-mai-2026\/\" class=\"read-more-link\" tabindex=\"0\">Mehr...<\/a>\r\n                    <\/div>\r\n                <\/div>\r\n            <\/div>\r\n                    <div class=\"article-card\">\r\n                <div class=\"article-inner-card\">\r\n                    <!-- Article Image -->\r\n                    <div class=\"article-card-img\">\r\n                                                    <a href=\"https:\/\/www.fuss-ev.de\/koeln\/einladung-zum-gemeinsamen-pressegespraech-von-vcd-und-fuss-e-v-am-13-maerz-2026\/\">\r\n                                <div class=\"single-image-holder\"><img loading=\"lazy\" decoding=\"async\" width=\"768\" height=\"960\" src=\"https:\/\/www.fuss-ev.de\/koeln\/wp-content\/uploads\/sites\/28\/2026\/01\/fb-gehwegparken-768x960.jpg\" class=\"attachment-medium_large size-medium_large\" alt=\"Autos sind schr\u00e4g auf einem Gehweg geparkt und lassen nur wenig Platz f\u00fcr Zufu\u00dfgehende; \u00a9 Anne Grose\" srcset=\"https:\/\/www.fuss-ev.de\/koeln\/wp-content\/uploads\/sites\/28\/2026\/01\/fb-gehwegparken-768x960.jpg 768w, https:\/\/www.fuss-ev.de\/koeln\/wp-content\/uploads\/sites\/28\/2026\/01\/fb-gehwegparken-240x300.jpg 240w, https:\/\/www.fuss-ev.de\/koeln\/wp-content\/uploads\/sites\/28\/2026\/01\/fb-gehwegparken-819x1024.jpg 819w, https:\/\/www.fuss-ev.de\/koeln\/wp-content\/uploads\/sites\/28\/2026\/01\/fb-gehwegparken-1229x1536.jpg 1229w, https:\/\/www.fuss-ev.de\/koeln\/wp-content\/uploads\/sites\/28\/2026\/01\/fb-gehwegparken-1638x2048.jpg 1638w, https:\/\/www.fuss-ev.de\/koeln\/wp-content\/uploads\/sites\/28\/2026\/01\/fb-gehwegparken-scaled.jpg 2048w\" sizes=\"auto, (max-width: 768px) 100vw, 768px\" \/><\/div>                            <\/a>\r\n                                            <\/div>\r\n\r\n                    <!-- Article Content -->\r\n                    <div class=\"article-slider-text\">\r\n                        <span class=\"article-date\">18.03.26<\/span>\r\n                        <h3 class=\"article-title\">Presse-Gespr\u00e4ch von VCD und FUSS e.V. am 13. M\u00e4rz 2026<\/h3>\r\n                        <div class=\"article-excerpt\"><p>[vc_row][vc_column][vc_column_text css=&#8221;&#8221;] Die VCD-Aktion \u201eFreie Gehwege\u201c legt offen: Behinderndes Parken auf dem Gehweg ist auch in K\u00f6ln ein Problem \u2013 K\u00f6ln ist unr\u00fchmlicher bundesweiter Spitzenreiter mit 315 Meldungen.<\/p>\n<\/div>\r\n                        <a href=\"https:\/\/www.fuss-ev.de\/koeln\/einladung-zum-gemeinsamen-pressegespraech-von-vcd-und-fuss-e-v-am-13-maerz-2026\/\" class=\"read-more-link\" tabindex=\"0\">Mehr...<\/a>\r\n                    <\/div>\r\n                <\/div>\r\n            <\/div>\r\n                    <div class=\"article-card\">\r\n                <div class=\"article-inner-card\">\r\n                    <!-- Article Image -->\r\n                    <div class=\"article-card-img\">\r\n                                                    <a href=\"https:\/\/www.fuss-ev.de\/koeln\/naechstes-treffen-der-ortsgruppe\/\">\r\n                                <div class=\"single-image-holder\"><img loading=\"lazy\" decoding=\"async\" width=\"768\" height=\"480\" src=\"https:\/\/www.fuss-ev.de\/koeln\/wp-content\/uploads\/sites\/28\/2026\/02\/fuss_kolen-treffen-20260303-768x480.jpg\" class=\"attachment-medium_large size-medium_large\" alt=\"Gr\u00fcnes Logo des FUSS e.V. K\u00f6ln und die Ank\u00fcndigung des n\u00e4chsten Treffens am 3. M\u00e4rz 2026\" srcset=\"https:\/\/www.fuss-ev.de\/koeln\/wp-content\/uploads\/sites\/28\/2026\/02\/fuss_kolen-treffen-20260303-768x480.jpg 768w, https:\/\/www.fuss-ev.de\/koeln\/wp-content\/uploads\/sites\/28\/2026\/02\/fuss_kolen-treffen-20260303-300x188.jpg 300w, https:\/\/www.fuss-ev.de\/koeln\/wp-content\/uploads\/sites\/28\/2026\/02\/fuss_kolen-treffen-20260303-1024x640.jpg 1024w, https:\/\/www.fuss-ev.de\/koeln\/wp-content\/uploads\/sites\/28\/2026\/02\/fuss_kolen-treffen-20260303-1536x960.jpg 1536w, https:\/\/www.fuss-ev.de\/koeln\/wp-content\/uploads\/sites\/28\/2026\/02\/fuss_kolen-treffen-20260303.jpg 1920w\" sizes=\"auto, (max-width: 768px) 100vw, 768px\" \/><\/div>                            <\/a>\r\n                                            <\/div>\r\n\r\n                    <!-- Article Content -->\r\n                    <div class=\"article-slider-text\">\r\n                        <span class=\"article-date\">12.02.26<\/span>\r\n                        <h3 class=\"article-title\">N\u00e4chstes Treffen der Ortsgruppe<\/h3>\r\n                        <div class=\"article-excerpt\"><p>[vc_row][vc_column][vc_column_text css=&#8221;&#8221;] Die K\u00f6lner Ortsgruppe trifft sich am Dienstag, den 3. M\u00e4rz 2026 von 18 bis 20 Uhr in der Seniorenresidenz am Dom, Unter den Dominikanern 6-8 in der N\u00e4he des Hauptbahnhofs.<\/p>\n<\/div>\r\n                        <a href=\"https:\/\/www.fuss-ev.de\/koeln\/naechstes-treffen-der-ortsgruppe\/\" class=\"read-more-link\" tabindex=\"0\">Mehr...<\/a>\r\n                    <\/div>\r\n                <\/div>\r\n            <\/div>\r\n                    <div class=\"article-card\">\r\n                <div class=\"article-inner-card\">\r\n                    <!-- Article Image -->\r\n                    <div class=\"article-card-img\">\r\n                                                    <a href=\"https:\/\/www.fuss-ev.de\/koeln\/demo-am-25-01-2026-muelheimer-bruecke-fuer-alle\/\">\r\n                                <div class=\"single-image-holder\"><img loading=\"lazy\" decoding=\"async\" width=\"768\" height=\"960\" src=\"https:\/\/www.fuss-ev.de\/koeln\/wp-content\/uploads\/sites\/28\/2026\/01\/DEMO-Muelheimer-Bruecke-fuer-Alle-768x960.png\" class=\"attachment-medium_large size-medium_large\" alt=\"Bild von der K\u00f6ln-M\u00fclheimer Br\u00fccke, darauf der Demoaufruf mit dem Termin\" srcset=\"https:\/\/www.fuss-ev.de\/koeln\/wp-content\/uploads\/sites\/28\/2026\/01\/DEMO-Muelheimer-Bruecke-fuer-Alle-768x960.png 768w, https:\/\/www.fuss-ev.de\/koeln\/wp-content\/uploads\/sites\/28\/2026\/01\/DEMO-Muelheimer-Bruecke-fuer-Alle-240x300.png 240w, https:\/\/www.fuss-ev.de\/koeln\/wp-content\/uploads\/sites\/28\/2026\/01\/DEMO-Muelheimer-Bruecke-fuer-Alle-819x1024.png 819w, https:\/\/www.fuss-ev.de\/koeln\/wp-content\/uploads\/sites\/28\/2026\/01\/DEMO-Muelheimer-Bruecke-fuer-Alle.png 1080w\" sizes=\"auto, (max-width: 768px) 100vw, 768px\" \/><\/div>                            <\/a>\r\n                                            <\/div>\r\n\r\n                    <!-- Article Content -->\r\n                    <div class=\"article-slider-text\">\r\n                        <span class=\"article-date\">23.01.26<\/span>\r\n                        <h3 class=\"article-title\">Demo am 25.01.2026: M\u00fclheimer Br\u00fccke f\u00fcr alle!<\/h3>\r\n                        <div class=\"article-excerpt\"><p>[vc_row][vc_column][vc_single_image image=&#8221;4985&#8243; css=&#8221;&#8221;][vc_column_text css=&#8221;&#8221;]Auf der M\u00fclheimer Br\u00fccke m\u00fcssen sich Radfahrende und Fu\u00dfg\u00e4nger:innen viel zu wenig Platz teilen.<\/p>\n<\/div>\r\n                        <a href=\"https:\/\/www.fuss-ev.de\/koeln\/demo-am-25-01-2026-muelheimer-bruecke-fuer-alle\/\" class=\"read-more-link\" tabindex=\"0\">Mehr...<\/a>\r\n                    <\/div>\r\n                <\/div>\r\n            <\/div>\r\n                    <div class=\"article-card\">\r\n                <div class=\"article-inner-card\">\r\n                    <!-- Article Image -->\r\n                    <div class=\"article-card-img\">\r\n                                                    <a href=\"https:\/\/www.fuss-ev.de\/koeln\/muelheimer-bruecke-belange-des-fussverkehrs-beruecksichtigen\/\">\r\n                                <div class=\"single-image-holder\"><img loading=\"lazy\" decoding=\"async\" width=\"768\" height=\"960\" src=\"https:\/\/www.fuss-ev.de\/koeln\/wp-content\/uploads\/sites\/28\/2026\/03\/muelheimer-bruecke-rhine-7873611_1080-768x960.jpg\" class=\"attachment-medium_large size-medium_large\" alt=\"Blick auf die M\u00fclheimer Br\u00fccke in K\u00f6ln\" srcset=\"https:\/\/www.fuss-ev.de\/koeln\/wp-content\/uploads\/sites\/28\/2026\/03\/muelheimer-bruecke-rhine-7873611_1080-768x960.jpg 768w, https:\/\/www.fuss-ev.de\/koeln\/wp-content\/uploads\/sites\/28\/2026\/03\/muelheimer-bruecke-rhine-7873611_1080-240x300.jpg 240w, https:\/\/www.fuss-ev.de\/koeln\/wp-content\/uploads\/sites\/28\/2026\/03\/muelheimer-bruecke-rhine-7873611_1080-819x1024.jpg 819w, https:\/\/www.fuss-ev.de\/koeln\/wp-content\/uploads\/sites\/28\/2026\/03\/muelheimer-bruecke-rhine-7873611_1080-1229x1536.jpg 1229w, https:\/\/www.fuss-ev.de\/koeln\/wp-content\/uploads\/sites\/28\/2026\/03\/muelheimer-bruecke-rhine-7873611_1080-1638x2048.jpg 1638w, https:\/\/www.fuss-ev.de\/koeln\/wp-content\/uploads\/sites\/28\/2026\/03\/muelheimer-bruecke-rhine-7873611_1080-scaled.jpg 2048w\" sizes=\"auto, (max-width: 768px) 100vw, 768px\" \/><\/div>                            <\/a>\r\n                                            <\/div>\r\n\r\n                    <!-- Article Content -->\r\n                    <div class=\"article-slider-text\">\r\n                        <span class=\"article-date\">20.01.26<\/span>\r\n                        <h3 class=\"article-title\">M\u00fclheimer Br\u00fccke: Belange des Fu\u00dfverkehrs ber\u00fccksichtigen<\/h3>\r\n                        <div class=\"article-excerpt\"><p>[vc_row][vc_column][vc_single_image image=&#8221;4995&#8243; css=&#8221;&#8221;][vc_column_text css=&#8221;&#8221;]Pressemitteilung der K\u00f6lner Ortsgruppe des FUSS e.V vom 20. Januar 2026:<\/p>\n<\/div>\r\n                        <a href=\"https:\/\/www.fuss-ev.de\/koeln\/muelheimer-bruecke-belange-des-fussverkehrs-beruecksichtigen\/\" class=\"read-more-link\" tabindex=\"0\">Mehr...<\/a>\r\n                    <\/div>\r\n                <\/div>\r\n            <\/div>\r\n                    <div class=\"article-card\">\r\n                <div class=\"article-inner-card\">\r\n                    <!-- Article Image -->\r\n                    <div class=\"article-card-img\">\r\n                                                    <a href=\"https:\/\/www.fuss-ev.de\/koeln\/tempo-30-auf-koelner-strassen\/\">\r\n                                <div class=\"single-image-holder\"><img loading=\"lazy\" decoding=\"async\" width=\"768\" height=\"454\" src=\"https:\/\/www.fuss-ev.de\/koeln\/wp-content\/uploads\/sites\/28\/2025\/12\/neue-30er-strassen-koeln-FUSS-eV-2-768x454.jpg\" class=\"attachment-medium_large size-medium_large\" alt=\"Ein Tempo-30-Schild mit dem Zusatz L\u00e4rmschutz an einer Stra\u00dfe, an der Menschen auf Cafest\u00fchlen sitzen, auf der anderen Seite viele Autos im Stau\" srcset=\"https:\/\/www.fuss-ev.de\/koeln\/wp-content\/uploads\/sites\/28\/2025\/12\/neue-30er-strassen-koeln-FUSS-eV-2-768x454.jpg 768w, https:\/\/www.fuss-ev.de\/koeln\/wp-content\/uploads\/sites\/28\/2025\/12\/neue-30er-strassen-koeln-FUSS-eV-2-300x177.jpg 300w, https:\/\/www.fuss-ev.de\/koeln\/wp-content\/uploads\/sites\/28\/2025\/12\/neue-30er-strassen-koeln-FUSS-eV-2-1024x605.jpg 1024w, https:\/\/www.fuss-ev.de\/koeln\/wp-content\/uploads\/sites\/28\/2025\/12\/neue-30er-strassen-koeln-FUSS-eV-2-1536x907.jpg 1536w, https:\/\/www.fuss-ev.de\/koeln\/wp-content\/uploads\/sites\/28\/2025\/12\/neue-30er-strassen-koeln-FUSS-eV-2-2048x1210.jpg 2048w\" sizes=\"auto, (max-width: 768px) 100vw, 768px\" \/><\/div>                            <\/a>\r\n                                            <\/div>\r\n\r\n                    <!-- Article Content -->\r\n                    <div class=\"article-slider-text\">\r\n                        <span class=\"article-date\">10.12.25<\/span>\r\n                        <h3 class=\"article-title\">Tempo 30 auf K\u00f6lner Stra\u00dfen<\/h3>\r\n                        <div class=\"article-excerpt\"><p>[vc_row][vc_column][vc_column_text css=&#8221;&#8221;] Die K\u00f6lner Ortsgruppe des FUSS e.V. hat anl\u00e4sslich des Artikels &#8220;Stadt K\u00f6ln f\u00fchrt auf sechs weiteren Stra\u00dfen Tempo 30 wegen L\u00e4rms ein&#8221; im K\u00f6lner Stadtanzeiger vom 9. Dezember 2025 eine Pressemitteilung ver\u00f6ffentlicht:<\/p>\n<\/div>\r\n                        <a href=\"https:\/\/www.fuss-ev.de\/koeln\/tempo-30-auf-koelner-strassen\/\" class=\"read-more-link\" tabindex=\"0\">Mehr...<\/a>\r\n                    <\/div>\r\n                <\/div>\r\n            <\/div>\r\n                    <div class=\"article-card\">\r\n                <div class=\"article-inner-card\">\r\n                    <!-- Article Image -->\r\n                    <div class=\"article-card-img\">\r\n                                                    <a href=\"https:\/\/www.fuss-ev.de\/koeln\/stuehle-und-baeume-fuer-das-klettenplaetzchen-vom-parkplatz-zur-gruenen-oase\/\">\r\n                                <div class=\"single-image-holder\"><img loading=\"lazy\" decoding=\"async\" width=\"768\" height=\"480\" src=\"https:\/\/www.fuss-ev.de\/koeln\/wp-content\/uploads\/sites\/28\/2025\/10\/Klettenplaetzchen-1_20250920-768x480.jpg\" class=\"attachment-medium_large size-medium_large\" alt=\"Mehrere Menschen stehen auf einem sonnigen, durch Topfpflanzen begr\u00fcnten Platz und unterhalten sich.\" srcset=\"https:\/\/www.fuss-ev.de\/koeln\/wp-content\/uploads\/sites\/28\/2025\/10\/Klettenplaetzchen-1_20250920-768x480.jpg 768w, https:\/\/www.fuss-ev.de\/koeln\/wp-content\/uploads\/sites\/28\/2025\/10\/Klettenplaetzchen-1_20250920-300x188.jpg 300w, https:\/\/www.fuss-ev.de\/koeln\/wp-content\/uploads\/sites\/28\/2025\/10\/Klettenplaetzchen-1_20250920-1024x640.jpg 1024w, https:\/\/www.fuss-ev.de\/koeln\/wp-content\/uploads\/sites\/28\/2025\/10\/Klettenplaetzchen-1_20250920-1536x960.jpg 1536w, https:\/\/www.fuss-ev.de\/koeln\/wp-content\/uploads\/sites\/28\/2025\/10\/Klettenplaetzchen-1_20250920-2048x1280.jpg 2048w\" sizes=\"auto, (max-width: 768px) 100vw, 768px\" \/><\/div>                            <\/a>\r\n                                            <\/div>\r\n\r\n                    <!-- Article Content -->\r\n                    <div class=\"article-slider-text\">\r\n                        <span class=\"article-date\">15.10.25<\/span>\r\n                        <h3 class=\"article-title\">Das Klettenpl\u00e4tzchen: vom Parkplatz zur gr\u00fcnen Oase<\/h3>\r\n                        <div class=\"article-excerpt\"><p>Der Kreuzungsbereich Hardtstra\u00dfe\/ Breibergstra\u00dfe in Klettenberg ist einer der vielen h\u00e4sslichen Pl\u00e4tze, von denen es in K\u00f6ln (noch) viele gibt. Wie es auch anders geht, konnte man am 20.09.2025 erleben.<\/p>\n<\/div>\r\n                        <a href=\"https:\/\/www.fuss-ev.de\/koeln\/stuehle-und-baeume-fuer-das-klettenplaetzchen-vom-parkplatz-zur-gruenen-oase\/\" class=\"read-more-link\" tabindex=\"0\">Mehr...<\/a>\r\n                    <\/div>\r\n                <\/div>\r\n            <\/div>\r\n            <\/div>\r\n            <\/div>\r\n\r\n                    <div class=\"posts-grid-pagination\" data-max-pages=\"3\" data-current-page=\"1\">\r\n                    <nav class=\"posts-grid-nav ajax-pagination\">\r\n        \r\n        <span class=\"page-link current\">1<\/span><a href=\"#\" class=\"page-link page-number\" data-page=\"2\">2<\/a><a href=\"#\" class=\"page-link page-number\" data-page=\"3\">3<\/a>\r\n                    <a href=\"#\" class=\"page-link next-page\" data-page=\"2\">Weiter \u2192<\/a>\r\n            <\/nav>\r\n                <\/div>\r\n        \r\n    <\/div>\r\n    [\/vc_column][\/vc_row]<\/p>\n<\/div>","protected":false},"excerpt":{"rendered":"<p>[vc_row][vc_column][vc_column_text css=&#8221;&#8221;] Neuigkeiten Hier finden Sie Termine, Pressemitteilungen, Aktionen, Stellungnahmen und vieles mehr rund um den K\u00f6lner Fu\u00dfverkehr.[\/vc_column_text][\/vc_column][\/vc_row]<\/p>\n","protected":false},"author":1,"featured_media":0,"parent":0,"menu_order":1,"comment_status":"closed","ping_status":"closed","template":"","meta":{"_acf_changed":false,"_relevanssi_hide_post":"","_relevanssi_hide_content":"","_relevanssi_pin_for_all":"","_relevanssi_pin_keywords":"","_relevanssi_unpin_keywords":"","_relevanssi_related_keywords":"","_relevanssi_related_include_ids":"","_relevanssi_related_exclude_ids":"","_relevanssi_related_no_append":"","_relevanssi_related_not_related":"","_relevanssi_related_posts":"","_relevanssi_noindex_reason":"","footnotes":""},"class_list":["post-85","page","type-page","status-publish","hentry"],"acf":[],"yoast_head":"<!-- This site is optimized with the Yoast SEO plugin v27.4 - https:\/\/yoast.com\/product\/yoast-seo-wordpress\/ -->\n<title>Aktuelles - FUSS e.V. K\u00f6ln<\/title>\n<meta name=\"robots\" content=\"index, follow, max-snippet:-1, max-image-preview:large, max-video-preview:-1\" \/>\n<link rel=\"canonical\" href=\"https:\/\/www.fuss-ev.de\/koeln\/aktuelles\/\" \/>\n<meta property=\"og:locale\" content=\"de_DE\" \/>\n<meta property=\"og:type\" content=\"article\" \/>\n<meta property=\"og:title\" content=\"Aktuelles - FUSS e.V. K\u00f6ln\" \/>\n<meta property=\"og:description\" content=\"[vc_row][vc_column][vc_column_text css=&#8221;&#8221;] Neuigkeiten Hier finden Sie Termine, Pressemitteilungen, Aktionen, Stellungnahmen und vieles mehr rund um den K\u00f6lner Fu\u00dfverkehr.[\/vc_column_text][\/vc_column][\/vc_row]\" \/>\n<meta property=\"og:url\" content=\"https:\/\/www.fuss-ev.de\/koeln\/aktuelles\/\" \/>\n<meta property=\"og:site_name\" content=\"FUSS e.V. K\u00f6ln\" \/>\n<meta property=\"article:modified_time\" content=\"2025-11-25T09:54:19+00:00\" \/>\n<meta name=\"twitter:card\" content=\"summary_large_image\" \/>\n<meta name=\"twitter:label1\" content=\"Gesch\u00e4tzte Lesezeit\" \/>\n\t<meta name=\"twitter:data1\" content=\"1\u00a0Minute\" \/>\n<script type=\"application\/ld+json\" class=\"yoast-schema-graph\">{\"@context\":\"https:\\\/\\\/schema.org\",\"@graph\":[{\"@type\":\"WebPage\",\"@id\":\"https:\\\/\\\/www.fuss-ev.de\\\/koeln\\\/aktuelles\\\/\",\"url\":\"https:\\\/\\\/www.fuss-ev.de\\\/koeln\\\/aktuelles\\\/\",\"name\":\"Aktuelles - FUSS e.V. K\u00f6ln\",\"isPartOf\":{\"@id\":\"https:\\\/\\\/www.fuss-ev.de\\\/koeln\\\/#website\"},\"datePublished\":\"2025-01-29T10:35:49+00:00\",\"dateModified\":\"2025-11-25T09:54:19+00:00\",\"breadcrumb\":{\"@id\":\"https:\\\/\\\/www.fuss-ev.de\\\/koeln\\\/aktuelles\\\/#breadcrumb\"},\"inLanguage\":\"de\",\"potentialAction\":[{\"@type\":\"ReadAction\",\"target\":[\"https:\\\/\\\/www.fuss-ev.de\\\/koeln\\\/aktuelles\\\/\"]}]},{\"@type\":\"BreadcrumbList\",\"@id\":\"https:\\\/\\\/www.fuss-ev.de\\\/koeln\\\/aktuelles\\\/#breadcrumb\",\"itemListElement\":[{\"@type\":\"ListItem\",\"position\":1,\"name\":\"Startseite\",\"item\":\"https:\\\/\\\/www.fuss-ev.de\\\/koeln\\\/\"},{\"@type\":\"ListItem\",\"position\":2,\"name\":\"Aktuelles\"}]},{\"@type\":\"WebSite\",\"@id\":\"https:\\\/\\\/www.fuss-ev.de\\\/koeln\\\/#website\",\"url\":\"https:\\\/\\\/www.fuss-ev.de\\\/koeln\\\/\",\"name\":\"FUSS e.V. K\u00f6ln\",\"description\":\"Zu Fu\u00df durch K\u00f6ln \u2013 sicher und bequem!\",\"publisher\":{\"@id\":\"https:\\\/\\\/www.fuss-ev.de\\\/koeln\\\/#organization\"},\"potentialAction\":[{\"@type\":\"SearchAction\",\"target\":{\"@type\":\"EntryPoint\",\"urlTemplate\":\"https:\\\/\\\/www.fuss-ev.de\\\/koeln\\\/?s={search_term_string}\"},\"query-input\":{\"@type\":\"PropertyValueSpecification\",\"valueRequired\":true,\"valueName\":\"search_term_string\"}}],\"inLanguage\":\"de\"},{\"@type\":\"Organization\",\"@id\":\"https:\\\/\\\/www.fuss-ev.de\\\/koeln\\\/#organization\",\"name\":\"FUSS e.V. K\u00f6ln\",\"url\":\"https:\\\/\\\/www.fuss-ev.de\\\/koeln\\\/\",\"logo\":{\"@type\":\"ImageObject\",\"inLanguage\":\"de\",\"@id\":\"https:\\\/\\\/www.fuss-ev.de\\\/koeln\\\/#\\\/schema\\\/logo\\\/image\\\/\",\"url\":\"https:\\\/\\\/www.fuss-ev.de\\\/koeln\\\/wp-content\\\/uploads\\\/sites\\\/28\\\/2025\\\/01\\\/FUSS_Logo.jpg\",\"contentUrl\":\"https:\\\/\\\/www.fuss-ev.de\\\/koeln\\\/wp-content\\\/uploads\\\/sites\\\/28\\\/2025\\\/01\\\/FUSS_Logo.jpg\",\"width\":2082,\"height\":979,\"caption\":\"FUSS e.V. K\u00f6ln\"},\"image\":{\"@id\":\"https:\\\/\\\/www.fuss-ev.de\\\/koeln\\\/#\\\/schema\\\/logo\\\/image\\\/\"}}]}<\/script>\n<!-- \/ Yoast SEO plugin. -->","yoast_head_json":{"title":"Aktuelles - FUSS e.V. K\u00f6ln","robots":{"index":"index","follow":"follow","max-snippet":"max-snippet:-1","max-image-preview":"max-image-preview:large","max-video-preview":"max-video-preview:-1"},"canonical":"https:\/\/www.fuss-ev.de\/koeln\/aktuelles\/","og_locale":"de_DE","og_type":"article","og_title":"Aktuelles - FUSS e.V. K\u00f6ln","og_description":"[vc_row][vc_column][vc_column_text css=&#8221;&#8221;] Neuigkeiten Hier finden Sie Termine, Pressemitteilungen, Aktionen, Stellungnahmen und vieles mehr rund um den K\u00f6lner Fu\u00dfverkehr.[\/vc_column_text][\/vc_column][\/vc_row]","og_url":"https:\/\/www.fuss-ev.de\/koeln\/aktuelles\/","og_site_name":"FUSS e.V. K\u00f6ln","article_modified_time":"2025-11-25T09:54:19+00:00","twitter_card":"summary_large_image","twitter_misc":{"Gesch\u00e4tzte Lesezeit":"1\u00a0Minute"},"schema":{"@context":"https:\/\/schema.org","@graph":[{"@type":"WebPage","@id":"https:\/\/www.fuss-ev.de\/koeln\/aktuelles\/","url":"https:\/\/www.fuss-ev.de\/koeln\/aktuelles\/","name":"Aktuelles - FUSS e.V. K\u00f6ln","isPartOf":{"@id":"https:\/\/www.fuss-ev.de\/koeln\/#website"},"datePublished":"2025-01-29T10:35:49+00:00","dateModified":"2025-11-25T09:54:19+00:00","breadcrumb":{"@id":"https:\/\/www.fuss-ev.de\/koeln\/aktuelles\/#breadcrumb"},"inLanguage":"de","potentialAction":[{"@type":"ReadAction","target":["https:\/\/www.fuss-ev.de\/koeln\/aktuelles\/"]}]},{"@type":"BreadcrumbList","@id":"https:\/\/www.fuss-ev.de\/koeln\/aktuelles\/#breadcrumb","itemListElement":[{"@type":"ListItem","position":1,"name":"Startseite","item":"https:\/\/www.fuss-ev.de\/koeln\/"},{"@type":"ListItem","position":2,"name":"Aktuelles"}]},{"@type":"WebSite","@id":"https:\/\/www.fuss-ev.de\/koeln\/#website","url":"https:\/\/www.fuss-ev.de\/koeln\/","name":"FUSS e.V. K\u00f6ln","description":"Zu Fu\u00df durch K\u00f6ln \u2013 sicher und bequem!","publisher":{"@id":"https:\/\/www.fuss-ev.de\/koeln\/#organization"},"potentialAction":[{"@type":"SearchAction","target":{"@type":"EntryPoint","urlTemplate":"https:\/\/www.fuss-ev.de\/koeln\/?s={search_term_string}"},"query-input":{"@type":"PropertyValueSpecification","valueRequired":true,"valueName":"search_term_string"}}],"inLanguage":"de"},{"@type":"Organization","@id":"https:\/\/www.fuss-ev.de\/koeln\/#organization","name":"FUSS e.V. K\u00f6ln","url":"https:\/\/www.fuss-ev.de\/koeln\/","logo":{"@type":"ImageObject","inLanguage":"de","@id":"https:\/\/www.fuss-ev.de\/koeln\/#\/schema\/logo\/image\/","url":"https:\/\/www.fuss-ev.de\/koeln\/wp-content\/uploads\/sites\/28\/2025\/01\/FUSS_Logo.jpg","contentUrl":"https:\/\/www.fuss-ev.de\/koeln\/wp-content\/uploads\/sites\/28\/2025\/01\/FUSS_Logo.jpg","width":2082,"height":979,"caption":"FUSS e.V. K\u00f6ln"},"image":{"@id":"https:\/\/www.fuss-ev.de\/koeln\/#\/schema\/logo\/image\/"}}]}},"publishpress_future_action":{"enabled":false,"date":"2026-05-09 11:42:49","action":"change-status","newStatus":"draft","terms":[],"taxonomy":"","extraData":[]},"publishpress_future_workflow_manual_trigger":{"enabledWorkflows":[]},"_links":{"self":[{"href":"https:\/\/www.fuss-ev.de\/koeln\/wp-json\/wp\/v2\/pages\/85","targetHints":{"allow":["GET"]}}],"collection":[{"href":"https:\/\/www.fuss-ev.de\/koeln\/wp-json\/wp\/v2\/pages"}],"about":[{"href":"https:\/\/www.fuss-ev.de\/koeln\/wp-json\/wp\/v2\/types\/page"}],"author":[{"embeddable":true,"href":"https:\/\/www.fuss-ev.de\/koeln\/wp-json\/wp\/v2\/users\/1"}],"replies":[{"embeddable":true,"href":"https:\/\/www.fuss-ev.de\/koeln\/wp-json\/wp\/v2\/comments?post=85"}],"version-history":[{"count":8,"href":"https:\/\/www.fuss-ev.de\/koeln\/wp-json\/wp\/v2\/pages\/85\/revisions"}],"predecessor-version":[{"id":4963,"href":"https:\/\/www.fuss-ev.de\/koeln\/wp-json\/wp\/v2\/pages\/85\/revisions\/4963"}],"wp:attachment":[{"href":"https:\/\/www.fuss-ev.de\/koeln\/wp-json\/wp\/v2\/media?parent=85"}],"curies":[{"name":"wp","href":"https:\/\/api.w.org\/{rel}","templated":true}]}}