{"id":31,"date":"2025-01-28T16:47:05","date_gmt":"2025-01-28T15:47:05","guid":{"rendered":"https:\/\/www.fuss-ev.de\/hannover\/?page_id=31"},"modified":"2025-09-07T17:39:54","modified_gmt":"2025-09-07T15:39:54","slug":"startseite","status":"publish","type":"page","link":"https:\/\/www.fuss-ev.de\/hannover\/","title":{"rendered":"Hannover zu Fuss"},"content":{"rendered":"<div class=\"wpb-content-wrapper\"><p>[vc_row][vc_column][vc_column_text css=&#8221;&#8221;]<\/p>\n<h1 style=\"text-align: center\"><span style=\"color: #167479\">Wir engagieren uns f\u00fcr Hannover&#8230;<\/span><\/h1>\n<p>[\/vc_column_text][vc_row_inner][vc_column_inner width=&#8221;1\/3&#8243;][vc_icon icon_fontawesome=&#8221;fa fa-solid fa-people-roof&#8221; color=&#8221;custom&#8221; align=&#8221;center&#8221; css=&#8221;&#8221; custom_color=&#8221;#167479&#8243;][vc_column_text css=&#8221;&#8221;]<\/p>\n<p style=\"text-align: center\"><span style=\"font-size: 18pt\"><strong><span style=\"color: #167479\">\u2026 f\u00fcr mehr R\u00fccksichtnahme und ein gutes Miteinander aller Verkehrsteilnehmden<\/span><\/strong><\/span><\/p>\n<p style=\"text-align: center\"><span style=\"color: #a6d81c\">.<\/span><\/p>\n<p>[\/vc_column_text][\/vc_column_inner][vc_column_inner width=&#8221;1\/3&#8243;][vc_icon icon_fontawesome=&#8221;fa fa-solid fa-child-reaching&#8221; color=&#8221;custom&#8221; align=&#8221;center&#8221; css=&#8221;&#8221; custom_color=&#8221;#167479&#8243;][vc_column_text css=&#8221;&#8221;]<\/p>\n<p style=\"text-align: center\"><span style=\"color: #167479;font-size: 18pt\"><strong>&#8230; f\u00fcr Gleichbehandung von Fu\u00df- und Fahrzeugverkehr &amp; eine enge Verzahnung aller Mobilit\u00e4tsarten<\/strong><\/span><\/p>\n<p>[\/vc_column_text][\/vc_column_inner][vc_column_inner width=&#8221;1\/3&#8243;][vc_icon type=&#8221;entypo&#8221; icon_entypo=&#8221;entypo-icon entypo-icon-globe&#8221; color=&#8221;custom&#8221; align=&#8221;center&#8221; css=&#8221;&#8221; custom_color=&#8221;#167479&#8243;][vc_column_text css=&#8221;&#8221;]<\/p>\n<p style=\"text-align: center\"><span style=\"color: #167479;font-size: 18pt\"><strong>\u2026 f\u00fcr eine bessere Lebensqualit\u00e4t durch eine nachhaltige Mobilit\u00e4t der Zukunft!<\/strong><\/span><\/p>\n<p>[\/vc_column_text][\/vc_column_inner][\/vc_row_inner][\/vc_column][\/vc_row][vc_row][vc_column][vc_column_text css=&#8221;&#8221;]<\/p>\n<h1>Unsere Aktivit\u00e4ten<\/h1>\n<p>[\/vc_column_text][vc_row_inner][vc_column_inner width=&#8221;1\/2&#8243;][vc_single_image image=&#8221;4849&#8243; img_size=&#8221;large&#8221; onclick=&#8221;img_link_large&#8221; img_link_target=&#8221;_blank&#8221; css=&#8221;&#8221;][\/vc_column_inner][vc_column_inner width=&#8221;1\/2&#8243;][vc_btn title=&#8221;Was wir tun&#8221; align=&#8221;center&#8221; i_icon_fontawesome=&#8221;fa fa-solid fa-link&#8221; css=&#8221;&#8221; button_block=&#8221;true&#8221; add_icon=&#8221;true&#8221; link=&#8221;url:https%3A%2F%2Fwww.fuss-ev.de%2Fhannover%2Fwas-wir-tun%2F|title:Was%20wir%20tun|target:_blank&#8221;][vc_btn title=&#8221;Unsere Forderungen &amp; Visionen&#8221; align=&#8221;center&#8221; i_icon_fontawesome=&#8221;fa fa-solid fa-link&#8221; css=&#8221;&#8221; button_block=&#8221;true&#8221; add_icon=&#8221;true&#8221; link=&#8221;url:https%3A%2F%2Fwww.fuss-ev.de%2Fhannover%2Funsere-forderungen-visionen%2F|title:Unsere%20Forderungen|target:_blank&#8221;][vc_btn title=&#8221;N\u00fctzliche Links&#8221; align=&#8221;center&#8221; i_icon_fontawesome=&#8221;fa fa-solid fa-link&#8221; css=&#8221;&#8221; button_block=&#8221;true&#8221; add_icon=&#8221;true&#8221; link=&#8221;url:https%3A%2F%2Fwww.fuss-ev.de%2Fhannover%2Fnuetzliche-links%2F|title:N%C3%BCtzliche%20Links|target:_blank&#8221;][vc_message message_box_color=&#8221;white&#8221; css=&#8221;.vc_custom_1746026859066{border-radius: 35px !important;border-color: #A6D81C !important;}&#8221;]<\/p>\n<h1><span style=\"color: #167479\">Mach mit!<\/span><\/h1>\n<p><span style=\"color: #000000\">Kommt gern zu unseren Treffen! Wir freuen uns \u00fcber Interessierte und neue Aktive!<\/span><\/p>\n<p><span style=\"color: #000000\">Alle Infos dazu <a href=\"https:\/\/www.fuss-ev.de\/hannover\/mach-mit\/\" target=\"_blank\" rel=\"noopener\">hier<\/a><\/span>[\/vc_message][vc_column_text css=&#8221;&#8221;][\/vc_column_text][\/vc_column_inner][\/vc_row_inner][\/vc_column][\/vc_row][vc_row full_width=&#8221;stretch_row&#8221;][vc_column]<section class=\"ziele-area\"><div class=\"container\">\r\n          <div class=\"row\">\r\n            <div class=\"col-12\">\r\n              <div class=\"width-1040\">\r\n\r\n                <div class=\"article-inner\">\r\n                  <div class=\"article-title title\">\r\n                    <h3>Aktuelles<\/h3>\r\n                  <\/div>\r\n                  <div class=\"article-arrows\">\r\n                    <div class=\"r-left\">\r\n                      <svg width=\"45\" height=\"45\" viewBox=\"0 0 45 45\" fill=\"none\" xmlns=\"http:\/\/www.w3.org\/2000\/svg\">\r\n                        <circle cx=\"22.5\" cy=\"22.5\" r=\"22\" transform=\"rotate(-180 22.5 22.5)\" stroke=\"#858585\" \/>\r\n                        <g clip-path=\"url(#clip0_2_130)\">\r\n                          <path\r\n                            d=\"M16.6233 23.9804L19.3646 26.7499C19.4304 26.8163 19.5088 26.869 19.5951 26.905C19.6814 26.941 19.774 26.9595 19.8675 26.9595C19.961 26.9595 20.0536 26.941 20.1399 26.905C20.2262 26.869 20.3046 26.8163 20.3704 26.7499C20.5023 26.6172 20.5764 26.4377 20.5764 26.2506C20.5764 26.0634 20.5023 25.8839 20.3704 25.7512L17.8487 23.2083L32.2917 23.2083C32.4795 23.2083 32.6597 23.1337 32.7925 23.0008C32.9254 22.868 33 22.6878 33 22.4999V22.4999C33 22.3121 32.9254 22.1319 32.7925 21.9991C32.6597 21.8662 32.4795 21.7916 32.2917 21.7916L17.8062 21.7916L20.3704 19.2345C20.4368 19.1687 20.4895 19.0903 20.5255 19.004C20.5614 18.9177 20.5799 18.8251 20.5799 18.7316C20.5799 18.6381 20.5614 18.5455 20.5255 18.4592C20.4895 18.3729 20.4368 18.2945 20.3704 18.2287C20.3046 18.1623 20.2262 18.1096 20.1399 18.0736C20.0536 18.0377 19.961 18.0192 19.8675 18.0192C19.774 18.0192 19.6814 18.0377 19.5951 18.0736C19.5088 18.1096 19.4304 18.1623 19.3646 18.2287L16.6233 20.977C16.2254 21.3755 16.0019 21.9156 16.0019 22.4787C16.0019 23.0418 16.2254 23.5819 16.6233 23.9804Z\"\r\n                            fill=\"#858585\" \/>\r\n                        <\/g>\r\n                        <defs>\r\n                          <clipPath id=\"clip0_2_130\">\r\n                            <rect width=\"17\" height=\"17\" fill=\"white\" transform=\"translate(33 31) rotate(-180)\" \/>\r\n                          <\/clipPath>\r\n                        <\/defs>\r\n                      <\/svg>\r\n\r\n                    <\/div><!-- \/.r-left -->\r\n                    <div class=\"r-right\">\r\n                      <svg width=\"45\" height=\"45\" viewBox=\"0 0 45 45\" fill=\"none\" xmlns=\"http:\/\/www.w3.org\/2000\/svg\">\r\n                        <circle cx=\"22.5\" cy=\"22.5\" r=\"22\" stroke=\"#858585\" \/>\r\n                        <g clip-path=\"url(#clip0_2_406)\">\r\n                          <path\r\n                            d=\"M28.3767 21.0196L25.6354 18.25C25.5696 18.1836 25.4912 18.1309 25.4049 18.0949C25.3186 18.059 25.226 18.0405 25.1325 18.0405C25.039 18.0405 24.9464 18.059 24.8601 18.0949C24.7738 18.1309 24.6954 18.1836 24.6296 18.25C24.4977 18.3827 24.4236 18.5622 24.4236 18.7494C24.4236 18.9365 24.4977 19.116 24.6296 19.2487L27.1513 21.7917H12.7083C12.5205 21.7917 12.3403 21.8663 12.2075 21.9991C12.0746 22.132 12 22.3121 12 22.5V22.5C12 22.6879 12.0746 22.868 12.2075 23.0009C12.3403 23.1337 12.5205 23.2083 12.7083 23.2083H27.1938L24.6296 25.7654C24.5632 25.8313 24.5105 25.9096 24.4745 25.9959C24.4386 26.0822 24.4201 26.1748 24.4201 26.2683C24.4201 26.3618 24.4386 26.4544 24.4745 26.5407C24.5105 26.627 24.5632 26.7054 24.6296 26.7712C24.6954 26.8376 24.7738 26.8903 24.8601 26.9263C24.9464 26.9622 25.039 26.9808 25.1325 26.9808C25.226 26.9808 25.3186 26.9622 25.4049 26.9263C25.4912 26.8903 25.5696 26.8376 25.6354 26.7712L28.3767 24.0229C28.7746 23.6245 28.9981 23.0844 28.9981 22.5212C28.9981 21.9581 28.7746 21.418 28.3767 21.0196Z\"\r\n                            fill=\"#858585\" \/>\r\n                        <\/g>\r\n                        <defs>\r\n                          <clipPath id=\"clip0_2_406\">\r\n                            <rect width=\"17\" height=\"17\" fill=\"white\" transform=\"translate(12 14)\" \/>\r\n                          <\/clipPath>\r\n                        <\/defs>\r\n                      <\/svg>\r\n\r\n                    <\/div><!-- \/.r-right -->\r\n\r\n                    <\/div>\r\n                  <\/div>\r\n                  <div class=\"ziele-slider\" data-slides=\"3\">\r\n                \r\n<div class=\"article-card\">\r\n  <div class=\"article-inner-card\">\r\n    <div class=\"article-card-img\"><div class=\"single-image-holder\"><img loading=\"lazy\" decoding=\"async\" width=\"820\" height=\"448\" src=\"https:\/\/www.fuss-ev.de\/hannover\/wp-content\/uploads\/sites\/12\/2026\/04\/Fuss-Stadtspaziergaenge-2026-e1776001527783.jpg\" class=\"attachment-full size-full wp-post-image\" alt=\"Menschen vor einem B\u00fccherschrank\" srcset=\"https:\/\/www.fuss-ev.de\/hannover\/wp-content\/uploads\/sites\/12\/2026\/04\/Fuss-Stadtspaziergaenge-2026-e1776001527783.jpg 820w, https:\/\/www.fuss-ev.de\/hannover\/wp-content\/uploads\/sites\/12\/2026\/04\/Fuss-Stadtspaziergaenge-2026-e1776001527783-300x164.jpg 300w, https:\/\/www.fuss-ev.de\/hannover\/wp-content\/uploads\/sites\/12\/2026\/04\/Fuss-Stadtspaziergaenge-2026-e1776001527783-768x420.jpg 768w\" sizes=\"auto, (max-width: 820px) 100vw, 820px\" \/><\/div><\/div>    <div class=\"article-slider-text\">\r\n      <span>12.04.26<\/span>      <h3>Unterwegs mit FUSS e.\u00a0V. 2026<\/h3>\r\n      <p><p>[vc_row][vc_column][vc_column_text css=&#8221;&#8221;]Die FUSS e.\u00a0V.-Ortsgruppe Hannover bietet auch in diesem Jahr wieder Stadtteilspazierg\u00e4nge an. Wir erkunden, jeweils freitags ab 16 Uhr, hannoversche Quartiere aus der Perspektive von Fu\u00dfg\u00e4nger*innen.<\/p>\n<\/p>\r\n      <a href=\"https:\/\/www.fuss-ev.de\/hannover\/2026\/04\/12\/unterwegs-mit-fuss-e-v-2026\/\" target=\"_blank\">Mehr...<\/a>\r\n    <\/div>\r\n  <\/div>\r\n<\/div>\r\n\r\n<div class=\"article-card\">\r\n  <div class=\"article-inner-card\">\r\n    <div class=\"article-card-img\"><div class=\"single-image-holder\"><img loading=\"lazy\" decoding=\"async\" width=\"1080\" height=\"1350\" src=\"https:\/\/www.fuss-ev.de\/hannover\/wp-content\/uploads\/sites\/12\/2025\/09\/KidicalMass-21092025-1.jpg\" class=\"attachment-full size-full wp-post-image\" alt=\"Flyer: Einladung zur Kidical Mass am 21.9.2021, K\u00fcchengartenplatz Hannover Linden. Ab 13 Uhr Kinderprogramm, ab 15 Uhr Fahrrad-Demo\" srcset=\"https:\/\/www.fuss-ev.de\/hannover\/wp-content\/uploads\/sites\/12\/2025\/09\/KidicalMass-21092025-1.jpg 1080w, https:\/\/www.fuss-ev.de\/hannover\/wp-content\/uploads\/sites\/12\/2025\/09\/KidicalMass-21092025-1-240x300.jpg 240w, https:\/\/www.fuss-ev.de\/hannover\/wp-content\/uploads\/sites\/12\/2025\/09\/KidicalMass-21092025-1-819x1024.jpg 819w, https:\/\/www.fuss-ev.de\/hannover\/wp-content\/uploads\/sites\/12\/2025\/09\/KidicalMass-21092025-1-768x960.jpg 768w\" sizes=\"auto, (max-width: 1080px) 100vw, 1080px\" \/><\/div><\/div>    <div class=\"article-slider-text\">\r\n      <span>04.09.25<\/span>      <h3>Stra\u00dfen sind f\u00fcr alle da! Kidical Mass Demo in Hannover am 21.09.25<\/h3>\r\n      <p><p>[vc_row][vc_column][vc_column_text css=&#8221;&#8221;]Das Kidical Mass Aktionsb\u00fcndnis Hannover ruft am Sonntag, 21. September zur Fahrraddemo auf!<\/p>\n<\/p>\r\n      <a href=\"https:\/\/www.fuss-ev.de\/hannover\/2025\/09\/04\/strassen-sind-fuer-alle-da-kidical-mass-demo-in-hannover-am-21-09-25\/\" target=\"_blank\">Mehr...<\/a>\r\n    <\/div>\r\n  <\/div>\r\n<\/div>\r\n\r\n<div class=\"article-card\">\r\n  <div class=\"article-inner-card\">\r\n    <div class=\"article-card-img\"><div class=\"single-image-holder\"><img loading=\"lazy\" decoding=\"async\" width=\"820\" height=\"519\" src=\"https:\/\/www.fuss-ev.de\/hannover\/wp-content\/uploads\/sites\/12\/2025\/04\/unterwegs-mit-FUSS-e.V.-2025-e1745424034885.jpg\" class=\"attachment-full size-full wp-post-image\" alt=\"Fussg\u00e4nger bei den Nanas am Leineufer in Hannover\" srcset=\"https:\/\/www.fuss-ev.de\/hannover\/wp-content\/uploads\/sites\/12\/2025\/04\/unterwegs-mit-FUSS-e.V.-2025-e1745424034885.jpg 820w, https:\/\/www.fuss-ev.de\/hannover\/wp-content\/uploads\/sites\/12\/2025\/04\/unterwegs-mit-FUSS-e.V.-2025-e1745424034885-300x190.jpg 300w, https:\/\/www.fuss-ev.de\/hannover\/wp-content\/uploads\/sites\/12\/2025\/04\/unterwegs-mit-FUSS-e.V.-2025-e1745424034885-768x486.jpg 768w\" sizes=\"auto, (max-width: 820px) 100vw, 820px\" \/><\/div><\/div>    <div class=\"article-slider-text\">\r\n      <span>01.09.25<\/span>      <h3>Unterwegs mit FUSS e.\u00a0V.<\/h3>\r\n      <p><p>[vc_row][vc_column][vc_column_text css=&#8221;&#8221;]N\u00e4chster Termin: Freitag, 10. Oktober, 16 Uhr Vom Fiedeler Platz zur Leineinsel und zur\u00fcck &#8211; unterwegs in D\u00f6hren Treffpunkt: B\u00fccherschrank Fiedeler Platz<\/p>\n<\/p>\r\n      <a href=\"https:\/\/www.fuss-ev.de\/hannover\/2025\/09\/01\/unterwegs-mit-fuss-e-v\/\" target=\"_blank\">Mehr...<\/a>\r\n    <\/div>\r\n  <\/div>\r\n<\/div>\r\n\r\n<div class=\"article-card\">\r\n  <div class=\"article-inner-card\">\r\n    <div class=\"article-card-img\"><div class=\"single-image-holder\"><img loading=\"lazy\" decoding=\"async\" width=\"843\" height=\"540\" src=\"https:\/\/www.fuss-ev.de\/hannover\/wp-content\/uploads\/sites\/12\/2025\/08\/HAZ-Klimatalk-in-der-VHS_allgemein.jpg-JPEG-Grafik-1200-\u00d7-673-Pixel-Skaliert-95.jpg\" class=\"attachment-full size-full wp-post-image\" alt=\"Ein Blick auf das Podium beim HAZ-Klimatalk. Im Vordergrund Zuschauh\u00f6rerin.\" srcset=\"https:\/\/www.fuss-ev.de\/hannover\/wp-content\/uploads\/sites\/12\/2025\/08\/HAZ-Klimatalk-in-der-VHS_allgemein.jpg-JPEG-Grafik-1200-\u00d7-673-Pixel-Skaliert-95.jpg 843w, https:\/\/www.fuss-ev.de\/hannover\/wp-content\/uploads\/sites\/12\/2025\/08\/HAZ-Klimatalk-in-der-VHS_allgemein.jpg-JPEG-Grafik-1200-\u00d7-673-Pixel-Skaliert-95-300x192.jpg 300w, https:\/\/www.fuss-ev.de\/hannover\/wp-content\/uploads\/sites\/12\/2025\/08\/HAZ-Klimatalk-in-der-VHS_allgemein.jpg-JPEG-Grafik-1200-\u00d7-673-Pixel-Skaliert-95-768x492.jpg 768w\" sizes=\"auto, (max-width: 843px) 100vw, 843px\" \/><div class=\"img-source\"><span>\u00a9 Klimaschutzagenur Region Hannover<\/span><\/div><\/div><\/div>    <div class=\"article-slider-text\">\r\n      <span>01.08.25<\/span>      <h3>Klima kann jede:r! HAZ-Klimatalk am 28.08.2025<\/h3>\r\n      <p><p>[vc_row][vc_column][vc_column_text css=&#8221;&#8221;]Donnerstag 28.08.2025 | 18:00 Uhr | Gro\u00dfer Saal der VHS Hannover Die Klimaschutzagentur Region Hannover\u00a0l\u00e4dt ein zum HAZ-Klimatalk<\/p>\n<\/p>\r\n      <a href=\"https:\/\/www.fuss-ev.de\/hannover\/2025\/08\/01\/klima-kann-jeder-haz-klimatalk-am-28-08-2025\/\" target=\"_blank\">Mehr...<\/a>\r\n    <\/div>\r\n  <\/div>\r\n<\/div>\r\n\r\n<div class=\"article-card\">\r\n  <div class=\"article-inner-card\">\r\n    <div class=\"article-card-img\"><div class=\"single-image-holder\"><img loading=\"lazy\" decoding=\"async\" width=\"777\" height=\"646\" src=\"https:\/\/www.fuss-ev.de\/hannover\/wp-content\/uploads\/sites\/12\/2025\/07\/NDR-Projekt-besseres-Klima.jpg\" class=\"attachment-full size-full wp-post-image\" alt=\"\" srcset=\"https:\/\/www.fuss-ev.de\/hannover\/wp-content\/uploads\/sites\/12\/2025\/07\/NDR-Projekt-besseres-Klima.jpg 777w, https:\/\/www.fuss-ev.de\/hannover\/wp-content\/uploads\/sites\/12\/2025\/07\/NDR-Projekt-besseres-Klima-300x249.jpg 300w, https:\/\/www.fuss-ev.de\/hannover\/wp-content\/uploads\/sites\/12\/2025\/07\/NDR-Projekt-besseres-Klima-768x639.jpg 768w\" sizes=\"auto, (max-width: 777px) 100vw, 777px\" \/><\/div><\/div>    <div class=\"article-slider-text\">\r\n      <span>12.07.25<\/span>      <h3>Test-Fu\u00dfg\u00e4nger*innen in Hannovers Nordstadt f\u00fcr Klimaprojekt gesucht<\/h3>\r\n      <p><p>Alle, die in Hannovers Nordstadt wohnen, arbeiten oder regelm\u00e4\u00dfig zu Fu\u00df unterwegs sind, k\u00f6nnen sich aktiv am Modellprojekt \u201eBesseres Klima in Kommunen geht gut\u201c beteiligen. Gesucht werden Quartiersgeher*innen, die ihre Beobachtungen im Alltag dokumentieren und [&hellip;]<\/p>\n<\/p>\r\n      <a href=\"https:\/\/www.fuss-ev.de\/hannover\/2025\/07\/12\/test-fussgaengerinnen-in-hannovers-nordstadt-fuer-klimaprojekt-gesucht\/\" target=\"_blank\">Mehr...<\/a>\r\n    <\/div>\r\n  <\/div>\r\n<\/div>\r\n\r\n<div class=\"article-card\">\r\n  <div class=\"article-inner-card\">\r\n    <div class=\"article-card-img\"><div class=\"single-image-holder\"><img loading=\"lazy\" decoding=\"async\" width=\"1904\" height=\"835\" src=\"https:\/\/www.fuss-ev.de\/hannover\/wp-content\/uploads\/sites\/12\/2025\/06\/FUSSWEGE-technik-salon.jpg\" class=\"attachment-full size-full wp-post-image\" alt=\"\" srcset=\"https:\/\/www.fuss-ev.de\/hannover\/wp-content\/uploads\/sites\/12\/2025\/06\/FUSSWEGE-technik-salon.jpg 1904w, https:\/\/www.fuss-ev.de\/hannover\/wp-content\/uploads\/sites\/12\/2025\/06\/FUSSWEGE-technik-salon-300x132.jpg 300w, https:\/\/www.fuss-ev.de\/hannover\/wp-content\/uploads\/sites\/12\/2025\/06\/FUSSWEGE-technik-salon-1024x449.jpg 1024w, https:\/\/www.fuss-ev.de\/hannover\/wp-content\/uploads\/sites\/12\/2025\/06\/FUSSWEGE-technik-salon-768x337.jpg 768w, https:\/\/www.fuss-ev.de\/hannover\/wp-content\/uploads\/sites\/12\/2025\/06\/FUSSWEGE-technik-salon-1536x674.jpg 1536w\" sizes=\"auto, (max-width: 1904px) 100vw, 1904px\" \/><\/div><\/div>    <div class=\"article-slider-text\">\r\n      <span>23.06.25<\/span>      <h3>FUSSWEGE. Ein Verkehrsraum f\u00fcr alle(s)<\/h3>\r\n      <p><p>Podiumsdiskussion mit Ilka B\u00fcrling (Verkehrsplanerin, Planersociet\u00e4t Hamburg), Uta\u00a0Sch\u00e4fer (Fu\u00dfverkehrsbeauftragte der Stadt\u00a0Hannover), Paul Simons (FUSS e.V. Ortsgruppe Hannover) im Technik-Salon der Gottfried Wilhelm Leibniz Universit\u00e4t Hannover.<\/p>\n<\/p>\r\n      <a href=\"https:\/\/www.fuss-ev.de\/hannover\/2025\/06\/23\/fusswege-ein-verkehrsraum-fuer-alles\/\" target=\"_blank\">Mehr...<\/a>\r\n    <\/div>\r\n  <\/div>\r\n<\/div>\r\n\r\n                  <\/div>\r\n                  <\/div>\r\n                  <\/div>\r\n                  <\/div>\r\n                  <\/div>\r\n                  <\/section>[\/vc_column][\/vc_row]<\/p>\n<\/div>","protected":false},"excerpt":{"rendered":"<p>[vc_row][vc_column][vc_column_text css=&#8221;&#8221;] Wir engagieren uns f\u00fcr Hannover&#8230; [\/vc_column_text][vc_row_inner][vc_column_inner width=&#8221;1\/3&#8243;][vc_icon icon_fontawesome=&#8221;fa fa-solid fa-people-roof&#8221; color=&#8221;custom&#8221; align=&#8221;center&#8221; css=&#8221;&#8221; custom_color=&#8221;#167479&#8243;][vc_column_text css=&#8221;&#8221;] \u2026 f\u00fcr mehr R\u00fccksichtnahme und ein gutes Miteinander aller Verkehrsteilnehmden . [\/vc_column_text][\/vc_column_inner][vc_column_inner width=&#8221;1\/3&#8243;][vc_icon icon_fontawesome=&#8221;fa fa-solid fa-child-reaching&#8221; color=&#8221;custom&#8221; align=&#8221;center&#8221; [&hellip;]<\/p>\n","protected":false},"author":1,"featured_media":5308,"parent":0,"menu_order":0,"comment_status":"closed","ping_status":"closed","template":"","meta":{"_acf_changed":false,"_relevanssi_hide_post":"","_relevanssi_hide_content":"","_relevanssi_pin_for_all":"","_relevanssi_pin_keywords":"","_relevanssi_unpin_keywords":"","_relevanssi_related_keywords":"","_relevanssi_related_include_ids":"","_relevanssi_related_exclude_ids":"","_relevanssi_related_no_append":"","_relevanssi_related_not_related":"","_relevanssi_related_posts":"","_relevanssi_noindex_reason":"","inline_featured_image":false,"footnotes":""},"class_list":["post-31","page","type-page","status-publish","has-post-thumbnail","hentry"],"acf":[],"yoast_head":"<!-- This site is optimized with the Yoast SEO plugin v27.4 - https:\/\/yoast.com\/product\/yoast-seo-wordpress\/ -->\n<title>Hannover zu Fuss - Hannover - FUSS e.V.<\/title>\n<meta name=\"robots\" content=\"index, follow, max-snippet:-1, max-image-preview:large, max-video-preview:-1\" \/>\n<link rel=\"canonical\" href=\"https:\/\/www.fuss-ev.de\/hannover\/\" \/>\n<meta property=\"og:locale\" content=\"de_DE\" \/>\n<meta property=\"og:type\" content=\"article\" \/>\n<meta property=\"og:title\" content=\"Hannover zu Fuss - Hannover - FUSS e.V.\" \/>\n<meta property=\"og:description\" content=\"[vc_row][vc_column][vc_column_text css=&#8221;&#8221;] Wir engagieren uns f\u00fcr Hannover&#8230; [\/vc_column_text][vc_row_inner][vc_column_inner width=&#8221;1\/3&#8243;][vc_icon icon_fontawesome=&#8221;fa fa-solid fa-people-roof&#8221; color=&#8221;custom&#8221; align=&#8221;center&#8221; css=&#8221;&#8221; custom_color=&#8221;#167479&#8243;][vc_column_text css=&#8221;&#8221;] \u2026 f\u00fcr mehr R\u00fccksichtnahme und ein gutes Miteinander aller Verkehrsteilnehmden . [\/vc_column_text][\/vc_column_inner][vc_column_inner width=&#8221;1\/3&#8243;][vc_icon icon_fontawesome=&#8221;fa fa-solid fa-child-reaching&#8221; color=&#8221;custom&#8221; align=&#8221;center&#8221; [&hellip;]\" \/>\n<meta property=\"og:url\" content=\"https:\/\/www.fuss-ev.de\/hannover\/\" \/>\n<meta property=\"og:site_name\" content=\"Hannover - FUSS e.V.\" \/>\n<meta property=\"article:modified_time\" content=\"2025-09-07T15:39:54+00:00\" \/>\n<meta property=\"og:image\" content=\"https:\/\/www.fuss-ev.de\/hannover\/wp-content\/uploads\/sites\/12\/2025\/09\/w-Leineufer-Rathaus.jpg\" \/>\n\t<meta property=\"og:image:width\" content=\"1000\" \/>\n\t<meta property=\"og:image:height\" content=\"326\" \/>\n\t<meta property=\"og:image:type\" content=\"image\/jpeg\" \/>\n<meta name=\"twitter:card\" content=\"summary_large_image\" \/>\n<meta name=\"twitter:label1\" content=\"Gesch\u00e4tzte Lesezeit\" \/>\n\t<meta name=\"twitter:data1\" content=\"2\u00a0Minuten\" \/>\n<script type=\"application\/ld+json\" class=\"yoast-schema-graph\">{\"@context\":\"https:\\\/\\\/schema.org\",\"@graph\":[{\"@type\":\"WebPage\",\"@id\":\"https:\\\/\\\/www.fuss-ev.de\\\/hannover\\\/\",\"url\":\"https:\\\/\\\/www.fuss-ev.de\\\/hannover\\\/\",\"name\":\"Hannover zu Fuss - Hannover - FUSS e.V.\",\"isPartOf\":{\"@id\":\"https:\\\/\\\/www.fuss-ev.de\\\/hannover\\\/#website\"},\"primaryImageOfPage\":{\"@id\":\"https:\\\/\\\/www.fuss-ev.de\\\/hannover\\\/#primaryimage\"},\"image\":{\"@id\":\"https:\\\/\\\/www.fuss-ev.de\\\/hannover\\\/#primaryimage\"},\"thumbnailUrl\":\"https:\\\/\\\/www.fuss-ev.de\\\/hannover\\\/wp-content\\\/uploads\\\/sites\\\/12\\\/2025\\\/09\\\/w-Leineufer-Rathaus.jpg\",\"datePublished\":\"2025-01-28T15:47:05+00:00\",\"dateModified\":\"2025-09-07T15:39:54+00:00\",\"breadcrumb\":{\"@id\":\"https:\\\/\\\/www.fuss-ev.de\\\/hannover\\\/#breadcrumb\"},\"inLanguage\":\"de\",\"potentialAction\":[{\"@type\":\"ReadAction\",\"target\":[\"https:\\\/\\\/www.fuss-ev.de\\\/hannover\\\/\"]}]},{\"@type\":\"ImageObject\",\"inLanguage\":\"de\",\"@id\":\"https:\\\/\\\/www.fuss-ev.de\\\/hannover\\\/#primaryimage\",\"url\":\"https:\\\/\\\/www.fuss-ev.de\\\/hannover\\\/wp-content\\\/uploads\\\/sites\\\/12\\\/2025\\\/09\\\/w-Leineufer-Rathaus.jpg\",\"contentUrl\":\"https:\\\/\\\/www.fuss-ev.de\\\/hannover\\\/wp-content\\\/uploads\\\/sites\\\/12\\\/2025\\\/09\\\/w-Leineufer-Rathaus.jpg\",\"width\":1000,\"height\":326,\"caption\":\"Fu\u00dfg\u00e4nger_innen am Leineufer in Hannover. Im Hintergrund das Neue Rathaus.\"},{\"@type\":\"BreadcrumbList\",\"@id\":\"https:\\\/\\\/www.fuss-ev.de\\\/hannover\\\/#breadcrumb\",\"itemListElement\":[{\"@type\":\"ListItem\",\"position\":1,\"name\":\"Startseite\",\"item\":\"https:\\\/\\\/www.fuss-ev.de\\\/hannover\\\/\"},{\"@type\":\"ListItem\",\"position\":2,\"name\":\"Hannover zu Fuss\"}]},{\"@type\":\"WebSite\",\"@id\":\"https:\\\/\\\/www.fuss-ev.de\\\/hannover\\\/#website\",\"url\":\"https:\\\/\\\/www.fuss-ev.de\\\/hannover\\\/\",\"name\":\"Hannover - FUSS e.V.\",\"description\":\"\",\"publisher\":{\"@id\":\"https:\\\/\\\/www.fuss-ev.de\\\/hannover\\\/#organization\"},\"potentialAction\":[{\"@type\":\"SearchAction\",\"target\":{\"@type\":\"EntryPoint\",\"urlTemplate\":\"https:\\\/\\\/www.fuss-ev.de\\\/hannover\\\/?s={search_term_string}\"},\"query-input\":{\"@type\":\"PropertyValueSpecification\",\"valueRequired\":true,\"valueName\":\"search_term_string\"}}],\"inLanguage\":\"de\"},{\"@type\":\"Organization\",\"@id\":\"https:\\\/\\\/www.fuss-ev.de\\\/hannover\\\/#organization\",\"name\":\"Hannover - FUSS e.V.\",\"url\":\"https:\\\/\\\/www.fuss-ev.de\\\/hannover\\\/\",\"logo\":{\"@type\":\"ImageObject\",\"inLanguage\":\"de\",\"@id\":\"https:\\\/\\\/www.fuss-ev.de\\\/hannover\\\/#\\\/schema\\\/logo\\\/image\\\/\",\"url\":\"https:\\\/\\\/www.fuss-ev.de\\\/hannover\\\/wp-content\\\/uploads\\\/sites\\\/12\\\/2025\\\/03\\\/cropped-Logo-Fuss-e-V-Hannover-klein.jpg\",\"contentUrl\":\"https:\\\/\\\/www.fuss-ev.de\\\/hannover\\\/wp-content\\\/uploads\\\/sites\\\/12\\\/2025\\\/03\\\/cropped-Logo-Fuss-e-V-Hannover-klein.jpg\",\"width\":375,\"height\":138,\"caption\":\"Hannover - FUSS e.V.\"},\"image\":{\"@id\":\"https:\\\/\\\/www.fuss-ev.de\\\/hannover\\\/#\\\/schema\\\/logo\\\/image\\\/\"}}]}<\/script>\n<!-- \/ Yoast SEO plugin. -->","yoast_head_json":{"title":"Hannover zu Fuss - Hannover - FUSS e.V.","robots":{"index":"index","follow":"follow","max-snippet":"max-snippet:-1","max-image-preview":"max-image-preview:large","max-video-preview":"max-video-preview:-1"},"canonical":"https:\/\/www.fuss-ev.de\/hannover\/","og_locale":"de_DE","og_type":"article","og_title":"Hannover zu Fuss - Hannover - FUSS e.V.","og_description":"[vc_row][vc_column][vc_column_text css=&#8221;&#8221;] Wir engagieren uns f\u00fcr Hannover&#8230; [\/vc_column_text][vc_row_inner][vc_column_inner width=&#8221;1\/3&#8243;][vc_icon icon_fontawesome=&#8221;fa fa-solid fa-people-roof&#8221; color=&#8221;custom&#8221; align=&#8221;center&#8221; css=&#8221;&#8221; custom_color=&#8221;#167479&#8243;][vc_column_text css=&#8221;&#8221;] \u2026 f\u00fcr mehr R\u00fccksichtnahme und ein gutes Miteinander aller Verkehrsteilnehmden . [\/vc_column_text][\/vc_column_inner][vc_column_inner width=&#8221;1\/3&#8243;][vc_icon icon_fontawesome=&#8221;fa fa-solid fa-child-reaching&#8221; color=&#8221;custom&#8221; align=&#8221;center&#8221; [&hellip;]","og_url":"https:\/\/www.fuss-ev.de\/hannover\/","og_site_name":"Hannover - FUSS e.V.","article_modified_time":"2025-09-07T15:39:54+00:00","og_image":[{"width":1000,"height":326,"url":"https:\/\/www.fuss-ev.de\/hannover\/wp-content\/uploads\/sites\/12\/2025\/09\/w-Leineufer-Rathaus.jpg","type":"image\/jpeg"}],"twitter_card":"summary_large_image","twitter_misc":{"Gesch\u00e4tzte Lesezeit":"2\u00a0Minuten"},"schema":{"@context":"https:\/\/schema.org","@graph":[{"@type":"WebPage","@id":"https:\/\/www.fuss-ev.de\/hannover\/","url":"https:\/\/www.fuss-ev.de\/hannover\/","name":"Hannover zu Fuss - Hannover - FUSS e.V.","isPartOf":{"@id":"https:\/\/www.fuss-ev.de\/hannover\/#website"},"primaryImageOfPage":{"@id":"https:\/\/www.fuss-ev.de\/hannover\/#primaryimage"},"image":{"@id":"https:\/\/www.fuss-ev.de\/hannover\/#primaryimage"},"thumbnailUrl":"https:\/\/www.fuss-ev.de\/hannover\/wp-content\/uploads\/sites\/12\/2025\/09\/w-Leineufer-Rathaus.jpg","datePublished":"2025-01-28T15:47:05+00:00","dateModified":"2025-09-07T15:39:54+00:00","breadcrumb":{"@id":"https:\/\/www.fuss-ev.de\/hannover\/#breadcrumb"},"inLanguage":"de","potentialAction":[{"@type":"ReadAction","target":["https:\/\/www.fuss-ev.de\/hannover\/"]}]},{"@type":"ImageObject","inLanguage":"de","@id":"https:\/\/www.fuss-ev.de\/hannover\/#primaryimage","url":"https:\/\/www.fuss-ev.de\/hannover\/wp-content\/uploads\/sites\/12\/2025\/09\/w-Leineufer-Rathaus.jpg","contentUrl":"https:\/\/www.fuss-ev.de\/hannover\/wp-content\/uploads\/sites\/12\/2025\/09\/w-Leineufer-Rathaus.jpg","width":1000,"height":326,"caption":"Fu\u00dfg\u00e4nger_innen am Leineufer in Hannover. Im Hintergrund das Neue Rathaus."},{"@type":"BreadcrumbList","@id":"https:\/\/www.fuss-ev.de\/hannover\/#breadcrumb","itemListElement":[{"@type":"ListItem","position":1,"name":"Startseite","item":"https:\/\/www.fuss-ev.de\/hannover\/"},{"@type":"ListItem","position":2,"name":"Hannover zu Fuss"}]},{"@type":"WebSite","@id":"https:\/\/www.fuss-ev.de\/hannover\/#website","url":"https:\/\/www.fuss-ev.de\/hannover\/","name":"Hannover - FUSS e.V.","description":"","publisher":{"@id":"https:\/\/www.fuss-ev.de\/hannover\/#organization"},"potentialAction":[{"@type":"SearchAction","target":{"@type":"EntryPoint","urlTemplate":"https:\/\/www.fuss-ev.de\/hannover\/?s={search_term_string}"},"query-input":{"@type":"PropertyValueSpecification","valueRequired":true,"valueName":"search_term_string"}}],"inLanguage":"de"},{"@type":"Organization","@id":"https:\/\/www.fuss-ev.de\/hannover\/#organization","name":"Hannover - FUSS e.V.","url":"https:\/\/www.fuss-ev.de\/hannover\/","logo":{"@type":"ImageObject","inLanguage":"de","@id":"https:\/\/www.fuss-ev.de\/hannover\/#\/schema\/logo\/image\/","url":"https:\/\/www.fuss-ev.de\/hannover\/wp-content\/uploads\/sites\/12\/2025\/03\/cropped-Logo-Fuss-e-V-Hannover-klein.jpg","contentUrl":"https:\/\/www.fuss-ev.de\/hannover\/wp-content\/uploads\/sites\/12\/2025\/03\/cropped-Logo-Fuss-e-V-Hannover-klein.jpg","width":375,"height":138,"caption":"Hannover - FUSS e.V."},"image":{"@id":"https:\/\/www.fuss-ev.de\/hannover\/#\/schema\/logo\/image\/"}}]}},"publishpress_future_action":{"enabled":false,"date":"2026-05-04 14:55:53","action":"change-status","newStatus":"draft","terms":[],"taxonomy":"","extraData":[]},"publishpress_future_workflow_manual_trigger":{"enabledWorkflows":[]},"_links":{"self":[{"href":"https:\/\/www.fuss-ev.de\/hannover\/wp-json\/wp\/v2\/pages\/31","targetHints":{"allow":["GET"]}}],"collection":[{"href":"https:\/\/www.fuss-ev.de\/hannover\/wp-json\/wp\/v2\/pages"}],"about":[{"href":"https:\/\/www.fuss-ev.de\/hannover\/wp-json\/wp\/v2\/types\/page"}],"author":[{"embeddable":true,"href":"https:\/\/www.fuss-ev.de\/hannover\/wp-json\/wp\/v2\/users\/1"}],"replies":[{"embeddable":true,"href":"https:\/\/www.fuss-ev.de\/hannover\/wp-json\/wp\/v2\/comments?post=31"}],"version-history":[{"count":137,"href":"https:\/\/www.fuss-ev.de\/hannover\/wp-json\/wp\/v2\/pages\/31\/revisions"}],"predecessor-version":[{"id":5309,"href":"https:\/\/www.fuss-ev.de\/hannover\/wp-json\/wp\/v2\/pages\/31\/revisions\/5309"}],"wp:featuredmedia":[{"embeddable":true,"href":"https:\/\/www.fuss-ev.de\/hannover\/wp-json\/wp\/v2\/media\/5308"}],"wp:attachment":[{"href":"https:\/\/www.fuss-ev.de\/hannover\/wp-json\/wp\/v2\/media?parent=31"}],"curies":[{"name":"wp","href":"https:\/\/api.w.org\/{rel}","templated":true}]}}