{"id":4677,"date":"2025-04-22T12:37:13","date_gmt":"2025-04-22T10:37:13","guid":{"rendered":"https:\/\/www.fuss-ev.de\/berlin\/?page_id=4677"},"modified":"2026-04-06T15:40:43","modified_gmt":"2026-04-06T13:40:43","slug":"friedrichshain-kreuzberg","status":"publish","type":"page","link":"https:\/\/www.fuss-ev.de\/berlin\/bezirke\/friedrichshain-kreuzberg\/","title":{"rendered":"Friedrichshain-Kreuzberg"},"content":{"rendered":"<div class=\"wpb-content-wrapper\"><p>[vc_row][vc_column width=&#8221;1\/6&#8243;][vc_row_inner][vc_column_inner][vc_btn title=&#8221;Startseite&#8221; shape=&#8221;square&#8221; size=&#8221;sm&#8221; align=&#8221;center&#8221; i_icon_fontawesome=&#8221;fa fa-solid fa-house&#8221; css=&#8221;&#8221; button_block=&#8221;true&#8221; add_icon=&#8221;true&#8221; link=&#8221;url:https%3A%2F%2Fwww.fuss-ev.de%2Fberlin%2Fbezirke%2Ffriedrichshain-kreuzberg%2F|title:Friedrichshain-Kreuzberg&#8221;][vc_btn title=&#8221;Aktuelles&#8221; size=&#8221;sm&#8221; align=&#8221;center&#8221; i_icon_fontawesome=&#8221;fa fa-solid fa-newspaper&#8221; css=&#8221;&#8221; button_block=&#8221;true&#8221; add_icon=&#8221;true&#8221; link=&#8221;url:https%3A%2F%2Fwww.fuss-ev.de%2Fberlin%2Fbezirke%2Ffriedrichshain-kreuzberg%2Faktuelles%2F|title:Aktuelles%20aus%20Friedrichshain-Kreuzberg&#8221;][vc_btn title=&#8221;Termine&#8221; size=&#8221;sm&#8221; align=&#8221;center&#8221; i_icon_fontawesome=&#8221;fa fa-solid fa-calendar-days&#8221; css=&#8221;&#8221; button_block=&#8221;true&#8221; add_icon=&#8221;true&#8221; link=&#8221;url:https%3A%2F%2Fwww.fuss-ev.de%2Fberlin%2Fbezirke%2Ffriedrichshain-kreuzberg%2Ftermine%2F|title:Termine%20aus%20Friedrichshain-Kreuzberg&#8221;][\/vc_column_inner][\/vc_row_inner][\/vc_column][vc_column width=&#8221;2\/3&#8243;][vc_column_text css=&#8221;&#8221;]<\/p>\n<p aria-label=\"Breadcrumb\"><span style=\"font-size: 10pt;font-family: arial, helvetica, sans-serif;color: #5c5b5b\"><a style=\"color: #5c5b5b;text-decoration: none\" href=\"https:\/\/www.fuss-ev.de\/berlin\/\">Berlin<\/a>\u00a0 <strong>&gt;<\/strong>\u00a0 <a style=\"color: #5c5b5b;text-decoration: none\" href=\"https:\/\/www.fuss-ev.de\/berlin\/bezirke\/\">Bezirke<\/a>\u00a0 <strong>&gt;<\/strong>\u00a0 <span style=\"color: #000000\"><strong><span aria-current=\"page\">Friedrichshain-Kreuzberg<\/span><\/strong><\/span><\/span><\/p>\n<p>[\/vc_column_text][vc_column_text css=&#8221;&#8221;]<\/p>\n<h1>Zu Fu\u00df in Friedrichshain-Kreuzberg<\/h1>\n<p>Willkommen auf der Seite der Ortsgruppe FUSS e.V. Friedrichshain-Kreuzberg. Sie finden hier Informationen \u00fcber unsere letzten Aktivit\u00e4ten, alles was mit dem Fu\u00dfg\u00e4ngerverkehr in Fhain-Kreuzberg zu tun hat, sowie Infos \u00fcber unser n\u00e4chstes Treffen.[\/vc_column_text][vc_row_inner][vc_column_inner]<section class=\"ziele-area\"><div class=\"container\">\r\n          <div class=\"row\">\r\n            <div class=\"col-12\">\r\n              <div class=\"width-1040\">\r\n\r\n                <div class=\"article-inner\">\r\n                  <div class=\"article-title title\">\r\n                    <h3>Neues von der Ortsgruppe<\/h3>\r\n                  <\/div>\r\n                  <div class=\"article-arrows\">\r\n                    <div class=\"r-left\">\r\n                      <svg width=\"45\" height=\"45\" viewBox=\"0 0 45 45\" fill=\"none\" xmlns=\"http:\/\/www.w3.org\/2000\/svg\">\r\n                        <circle cx=\"22.5\" cy=\"22.5\" r=\"22\" transform=\"rotate(-180 22.5 22.5)\" stroke=\"#858585\" \/>\r\n                        <g clip-path=\"url(#clip0_2_130)\">\r\n                          <path\r\n                            d=\"M16.6233 23.9804L19.3646 26.7499C19.4304 26.8163 19.5088 26.869 19.5951 26.905C19.6814 26.941 19.774 26.9595 19.8675 26.9595C19.961 26.9595 20.0536 26.941 20.1399 26.905C20.2262 26.869 20.3046 26.8163 20.3704 26.7499C20.5023 26.6172 20.5764 26.4377 20.5764 26.2506C20.5764 26.0634 20.5023 25.8839 20.3704 25.7512L17.8487 23.2083L32.2917 23.2083C32.4795 23.2083 32.6597 23.1337 32.7925 23.0008C32.9254 22.868 33 22.6878 33 22.4999V22.4999C33 22.3121 32.9254 22.1319 32.7925 21.9991C32.6597 21.8662 32.4795 21.7916 32.2917 21.7916L17.8062 21.7916L20.3704 19.2345C20.4368 19.1687 20.4895 19.0903 20.5255 19.004C20.5614 18.9177 20.5799 18.8251 20.5799 18.7316C20.5799 18.6381 20.5614 18.5455 20.5255 18.4592C20.4895 18.3729 20.4368 18.2945 20.3704 18.2287C20.3046 18.1623 20.2262 18.1096 20.1399 18.0736C20.0536 18.0377 19.961 18.0192 19.8675 18.0192C19.774 18.0192 19.6814 18.0377 19.5951 18.0736C19.5088 18.1096 19.4304 18.1623 19.3646 18.2287L16.6233 20.977C16.2254 21.3755 16.0019 21.9156 16.0019 22.4787C16.0019 23.0418 16.2254 23.5819 16.6233 23.9804Z\"\r\n                            fill=\"#858585\" \/>\r\n                        <\/g>\r\n                        <defs>\r\n                          <clipPath id=\"clip0_2_130\">\r\n                            <rect width=\"17\" height=\"17\" fill=\"white\" transform=\"translate(33 31) rotate(-180)\" \/>\r\n                          <\/clipPath>\r\n                        <\/defs>\r\n                      <\/svg>\r\n\r\n                    <\/div><!-- \/.r-left -->\r\n                    <div class=\"r-right\">\r\n                      <svg width=\"45\" height=\"45\" viewBox=\"0 0 45 45\" fill=\"none\" xmlns=\"http:\/\/www.w3.org\/2000\/svg\">\r\n                        <circle cx=\"22.5\" cy=\"22.5\" r=\"22\" stroke=\"#858585\" \/>\r\n                        <g clip-path=\"url(#clip0_2_406)\">\r\n                          <path\r\n                            d=\"M28.3767 21.0196L25.6354 18.25C25.5696 18.1836 25.4912 18.1309 25.4049 18.0949C25.3186 18.059 25.226 18.0405 25.1325 18.0405C25.039 18.0405 24.9464 18.059 24.8601 18.0949C24.7738 18.1309 24.6954 18.1836 24.6296 18.25C24.4977 18.3827 24.4236 18.5622 24.4236 18.7494C24.4236 18.9365 24.4977 19.116 24.6296 19.2487L27.1513 21.7917H12.7083C12.5205 21.7917 12.3403 21.8663 12.2075 21.9991C12.0746 22.132 12 22.3121 12 22.5V22.5C12 22.6879 12.0746 22.868 12.2075 23.0009C12.3403 23.1337 12.5205 23.2083 12.7083 23.2083H27.1938L24.6296 25.7654C24.5632 25.8313 24.5105 25.9096 24.4745 25.9959C24.4386 26.0822 24.4201 26.1748 24.4201 26.2683C24.4201 26.3618 24.4386 26.4544 24.4745 26.5407C24.5105 26.627 24.5632 26.7054 24.6296 26.7712C24.6954 26.8376 24.7738 26.8903 24.8601 26.9263C24.9464 26.9622 25.039 26.9808 25.1325 26.9808C25.226 26.9808 25.3186 26.9622 25.4049 26.9263C25.4912 26.8903 25.5696 26.8376 25.6354 26.7712L28.3767 24.0229C28.7746 23.6245 28.9981 23.0844 28.9981 22.5212C28.9981 21.9581 28.7746 21.418 28.3767 21.0196Z\"\r\n                            fill=\"#858585\" \/>\r\n                        <\/g>\r\n                        <defs>\r\n                          <clipPath id=\"clip0_2_406\">\r\n                            <rect width=\"17\" height=\"17\" fill=\"white\" transform=\"translate(12 14)\" \/>\r\n                          <\/clipPath>\r\n                        <\/defs>\r\n                      <\/svg>\r\n\r\n                    <\/div><!-- \/.r-right -->\r\n\r\n                    <\/div>\r\n                  <\/div>\r\n                  <div class=\"ziele-slider\" data-slides=\"3\">\r\n                \r\n<div class=\"article-card\">\r\n  <div class=\"article-inner-card\">\r\n    <div class=\"article-card-img\"><div class=\"single-image-holder\"><img loading=\"lazy\" decoding=\"async\" width=\"1024\" height=\"1242\" src=\"https:\/\/www.fuss-ev.de\/berlin\/wp-content\/uploads\/sites\/6\/2026\/03\/walkAndTalkGreen-e1774111239918.png\" class=\"attachment-full size-full wp-post-image\" alt=\"people walking in a park\" srcset=\"https:\/\/www.fuss-ev.de\/berlin\/wp-content\/uploads\/sites\/6\/2026\/03\/walkAndTalkGreen-e1774111239918.png 1024w, https:\/\/www.fuss-ev.de\/berlin\/wp-content\/uploads\/sites\/6\/2026\/03\/walkAndTalkGreen-e1774111239918-247x300.png 247w, https:\/\/www.fuss-ev.de\/berlin\/wp-content\/uploads\/sites\/6\/2026\/03\/walkAndTalkGreen-e1774111239918-844x1024.png 844w, https:\/\/www.fuss-ev.de\/berlin\/wp-content\/uploads\/sites\/6\/2026\/03\/walkAndTalkGreen-e1774111239918-768x932.png 768w\" sizes=\"auto, (max-width: 1024px) 100vw, 1024px\" \/><\/div><\/div>    <div class=\"article-slider-text\">\r\n      <span>21.03.26<\/span>      <h3>Walk &amp; Talk durch Friedrichshain: Auf den Gr\u00fcnen Hauptwegen unterwegs<\/h3>\r\n      <p><p>Am 25.04.2026 (Samstag, 15 Uhr) laden wir zu einem gemeinsamen Spaziergang auf den Gr\u00fcnen Hauptwegen Berlin ein!Wir starten am Strausberger Platz und folgen dem Hauptweg 19 (Tiergartenring) Richtung Norden bis zum Volkspark Friedrichshain. Dort wechseln [&hellip;]<\/p>\n<\/p>\r\n      <a href=\"https:\/\/www.fuss-ev.de\/berlin\/2026\/03\/21\/5870\/\" target=\"_blank\">Mehr...<\/a>\r\n    <\/div>\r\n  <\/div>\r\n<\/div>\r\n\r\n<div class=\"article-card\">\r\n  <div class=\"article-inner-card\">\r\n    <div class=\"article-card-img\"><div class=\"single-image-holder\"><img loading=\"lazy\" decoding=\"async\" width=\"1048\" height=\"1484\" src=\"https:\/\/www.fuss-ev.de\/berlin\/wp-content\/uploads\/sites\/6\/2026\/01\/Screenshot-2026-01-26-at-16.32.23.png\" class=\"attachment-full size-full wp-post-image\" alt=\"walk and talk a100\" srcset=\"https:\/\/www.fuss-ev.de\/berlin\/wp-content\/uploads\/sites\/6\/2026\/01\/Screenshot-2026-01-26-at-16.32.23.png 1048w, https:\/\/www.fuss-ev.de\/berlin\/wp-content\/uploads\/sites\/6\/2026\/01\/Screenshot-2026-01-26-at-16.32.23-212x300.png 212w, https:\/\/www.fuss-ev.de\/berlin\/wp-content\/uploads\/sites\/6\/2026\/01\/Screenshot-2026-01-26-at-16.32.23-723x1024.png 723w, https:\/\/www.fuss-ev.de\/berlin\/wp-content\/uploads\/sites\/6\/2026\/01\/Screenshot-2026-01-26-at-16.32.23-768x1088.png 768w\" sizes=\"auto, (max-width: 1048px) 100vw, 1048px\" \/><\/div><\/div>    <div class=\"article-slider-text\">\r\n      <span>26.01.26<\/span>      <h3>Walk &amp; Talk zur A100: Autobahn oder lebenswerte Stadt?<\/h3>\r\n      <p><p>Die Verl\u00e4ngerung der A100 ist eines der umstrittensten Verkehrsprojekte Berlins. Besonders der geplante Abschnitt zwischen Treptower Park und Frankfurter Allee wirft viele Fragen auf \u2013 vor allem aus Sicht von Fu\u00dfg\u00e4ngerinnen und Anwohnerinnen. Bei einem [&hellip;]<\/p>\n<\/p>\r\n      <a href=\"https:\/\/www.fuss-ev.de\/berlin\/2026\/01\/26\/walk-talk-zur-a100-autobahn-oder-lebenswerte-stadt\/\" target=\"_blank\">Mehr...<\/a>\r\n    <\/div>\r\n  <\/div>\r\n<\/div>\r\n\r\n<div class=\"article-card\">\r\n  <div class=\"article-inner-card\">\r\n    <div class=\"article-card-img\"><div class=\"single-image-holder\"><img loading=\"lazy\" decoding=\"async\" width=\"2251\" height=\"2560\" src=\"https:\/\/www.fuss-ev.de\/berlin\/wp-content\/uploads\/sites\/6\/2025\/05\/Ortsgruppentreffen-illustration-scaled.png\" class=\"attachment-full size-full wp-post-image\" alt=\"Ortsgruppentreffen Illustration\" srcset=\"https:\/\/www.fuss-ev.de\/berlin\/wp-content\/uploads\/sites\/6\/2025\/05\/Ortsgruppentreffen-illustration-scaled.png 2251w, https:\/\/www.fuss-ev.de\/berlin\/wp-content\/uploads\/sites\/6\/2025\/05\/Ortsgruppentreffen-illustration-264x300.png 264w, https:\/\/www.fuss-ev.de\/berlin\/wp-content\/uploads\/sites\/6\/2025\/05\/Ortsgruppentreffen-illustration-900x1024.png 900w, https:\/\/www.fuss-ev.de\/berlin\/wp-content\/uploads\/sites\/6\/2025\/05\/Ortsgruppentreffen-illustration-768x874.png 768w, https:\/\/www.fuss-ev.de\/berlin\/wp-content\/uploads\/sites\/6\/2025\/05\/Ortsgruppentreffen-illustration-1350x1536.png 1350w, https:\/\/www.fuss-ev.de\/berlin\/wp-content\/uploads\/sites\/6\/2025\/05\/Ortsgruppentreffen-illustration-1800x2048.png 1800w\" sizes=\"auto, (max-width: 2251px) 100vw, 2251px\" \/><\/div><\/div>    <div class=\"article-slider-text\">\r\n      <span>05.01.26<\/span>      <h3>Einladung zu unseren n\u00e4chsten Treffen<\/h3>\r\n      <p><p>Alle, die sich f\u00fcr eine fu\u00dfg\u00e4ngerfreundliche Stadt interessieren, laden wir herzlich zu den n\u00e4chsten Treffen der Bezirksgruppe Friedrichshain-Kreuzberg ein: Mittwoch, 28. Januar, 18.00h Freitag, 27. Februar, 17.00h Die Treffen finden in der Zeughofstra\u00dfe 22, in [&hellip;]<\/p>\n<\/p>\r\n      <a href=\"https:\/\/www.fuss-ev.de\/berlin\/2026\/01\/05\/einladung-zu-unseren-naechsten-treffen\/\" target=\"_blank\">Mehr...<\/a>\r\n    <\/div>\r\n  <\/div>\r\n<\/div>\r\n\r\n<div class=\"article-card\">\r\n  <div class=\"article-inner-card\">\r\n    <div class=\"article-card-img\"><div class=\"single-image-holder\"><img loading=\"lazy\" decoding=\"async\" width=\"1200\" height=\"617\" src=\"https:\/\/www.fuss-ev.de\/berlin\/wp-content\/uploads\/sites\/6\/2025\/11\/walk-and-talk-15-11-1.png\" class=\"attachment-full size-full wp-post-image\" alt=\"\" srcset=\"https:\/\/www.fuss-ev.de\/berlin\/wp-content\/uploads\/sites\/6\/2025\/11\/walk-and-talk-15-11-1.png 1200w, https:\/\/www.fuss-ev.de\/berlin\/wp-content\/uploads\/sites\/6\/2025\/11\/walk-and-talk-15-11-1-300x154.png 300w, https:\/\/www.fuss-ev.de\/berlin\/wp-content\/uploads\/sites\/6\/2025\/11\/walk-and-talk-15-11-1-1024x527.png 1024w\" sizes=\"auto, (max-width: 1200px) 100vw, 1200px\" \/><\/div><\/div>    <div class=\"article-slider-text\">\r\n      <span>08.11.25<\/span>      <h3>Walk &amp; Talk in Friedrichshain 15.11.<\/h3>\r\n      <p><p>Wir laden ein zum n\u00e4chsten Walk &amp; Talk der FUSS e. V.- Gruppe Friedrichshain-Kreuzberg! Gemeinsam spazieren wir auf dem Gr\u00fcnen Hauptweg Nr. 18 \u2013 von der Warschauer Stra\u00dfe bis zur Storkower Stra\u00dfe (S) \u2013 und [&hellip;]<\/p>\n<\/p>\r\n      <a href=\"https:\/\/www.fuss-ev.de\/berlin\/2025\/11\/08\/walk-talk-in-friedrichshain-verkehrsberuhigung-erleben\/\" target=\"_blank\">Mehr...<\/a>\r\n    <\/div>\r\n  <\/div>\r\n<\/div>\r\n\r\n<div class=\"article-card\">\r\n  <div class=\"article-inner-card\">\r\n    <div class=\"article-card-img\"><div class=\"single-image-holder\"><img loading=\"lazy\" decoding=\"async\" width=\"1810\" height=\"1260\" src=\"https:\/\/www.fuss-ev.de\/berlin\/wp-content\/uploads\/sites\/6\/2025\/09\/IMG_1530-scaled-e1757865555362.jpg\" class=\"attachment-full size-full wp-post-image\" alt=\"Mittenwalder Stra\u00dfenfest\" srcset=\"https:\/\/www.fuss-ev.de\/berlin\/wp-content\/uploads\/sites\/6\/2025\/09\/IMG_1530-scaled-e1757865555362.jpg 1810w, https:\/\/www.fuss-ev.de\/berlin\/wp-content\/uploads\/sites\/6\/2025\/09\/IMG_1530-scaled-e1757865555362-300x209.jpg 300w, https:\/\/www.fuss-ev.de\/berlin\/wp-content\/uploads\/sites\/6\/2025\/09\/IMG_1530-scaled-e1757865555362-1024x713.jpg 1024w, https:\/\/www.fuss-ev.de\/berlin\/wp-content\/uploads\/sites\/6\/2025\/09\/IMG_1530-scaled-e1757865555362-768x535.jpg 768w, https:\/\/www.fuss-ev.de\/berlin\/wp-content\/uploads\/sites\/6\/2025\/09\/IMG_1530-scaled-e1757865555362-1536x1069.jpg 1536w\" sizes=\"auto, (max-width: 1810px) 100vw, 1810px\" \/><\/div><\/div>    <div class=\"article-slider-text\">\r\n      <span>14.09.25<\/span>      <h3>FUSS e.V. beim Mittenwalder Stra\u00dfenfest<\/h3>\r\n      <p><p>Am Samstag den 06.09. fand in der Mittenwalder Stra\u00dfe in Kreuzberg ein Fest unter dem Motto \u201eNachhaltig und unendlich bunt\u201c statt. Wir vom Fu\u00df ev. Friedrichshain-Kreuzberg waren mit einem Informationsstand anwesend und nutzten die M\u00f6glichkeit [&hellip;]<\/p>\n<\/p>\r\n      <a href=\"https:\/\/www.fuss-ev.de\/berlin\/2025\/09\/14\/fuss-e-v-beim-mittenwalder-strassenfest\/\" target=\"_blank\">Mehr...<\/a>\r\n    <\/div>\r\n  <\/div>\r\n<\/div>\r\n\r\n<div class=\"article-card\">\r\n  <div class=\"article-inner-card\">\r\n    <div class=\"article-card-img\"><div class=\"single-image-holder\"><img loading=\"lazy\" decoding=\"async\" width=\"1404\" height=\"648\" src=\"https:\/\/www.fuss-ev.de\/berlin\/wp-content\/uploads\/sites\/6\/2025\/08\/Screenshot-2025-08-06-at-15.49.08.png\" class=\"attachment-full size-full wp-post-image\" alt=\"\" srcset=\"https:\/\/www.fuss-ev.de\/berlin\/wp-content\/uploads\/sites\/6\/2025\/08\/Screenshot-2025-08-06-at-15.49.08.png 1404w, https:\/\/www.fuss-ev.de\/berlin\/wp-content\/uploads\/sites\/6\/2025\/08\/Screenshot-2025-08-06-at-15.49.08-300x138.png 300w, https:\/\/www.fuss-ev.de\/berlin\/wp-content\/uploads\/sites\/6\/2025\/08\/Screenshot-2025-08-06-at-15.49.08-1024x473.png 1024w, https:\/\/www.fuss-ev.de\/berlin\/wp-content\/uploads\/sites\/6\/2025\/08\/Screenshot-2025-08-06-at-15.49.08-768x354.png 768w\" sizes=\"auto, (max-width: 1404px) 100vw, 1404px\" \/><\/div><\/div>    <div class=\"article-slider-text\">\r\n      <span>06.08.25<\/span>      <h3>Walk &amp; Talk zur Brommybr\u00fccke &#8211; 15. August 2025<\/h3>\r\n      <p><p>Wie k\u00f6nnte eine neue Brommybr\u00fccke die beiden Kieze Friedrichshain und Kreuzberg verbinden \u2013 und welche Sorgen gibt es dazu im Kiez? Diesen Fragen widmen wir uns bei unserem n\u00e4chsten Walk &amp; Talk zur Brommybr\u00fccke! \ud83d\udcc5 [&hellip;]<\/p>\n<\/p>\r\n      <a href=\"https:\/\/www.fuss-ev.de\/berlin\/2025\/08\/06\/walk-talk-zur-brommybruecke\/\" target=\"_blank\">Mehr...<\/a>\r\n    <\/div>\r\n  <\/div>\r\n<\/div>\r\n\r\n                  <\/div>\r\n                  <\/div>\r\n                  <\/div>\r\n                  <\/div>\r\n                  <\/div>\r\n                  <\/section>[\/vc_column_inner][\/vc_row_inner][\/vc_column][vc_column width=&#8221;1\/6&#8243;][vc_row_inner css=&#8221;.vc_custom_1749051227474{background-color: #FFFFFF00 !important;}&#8221;][vc_column_inner][vc_column_text css=&#8221;&#8221;]<\/p>\n<h3><span style=\"font-size: 12pt\">N\u00e4chste Treffen<\/span><\/h3>\n<p><span style=\"font-size: 10pt\"><strong>17.04.2026<\/strong>, <strong>16:00<\/strong><\/span><br \/>\n<span style=\"font-size: 10pt\">Zeughofstra\u00dfe 22<\/span>[\/vc_column_text][\/vc_column_inner][\/vc_row_inner][vc_row_inner][vc_column_inner][vc_column_text css=&#8221;&#8221;]<\/p>\n<h3><span style=\"font-size: 12pt\">Kontakt<\/span><\/h3>\n<p><a href=\"mailto:fhxb-berlin@fuss-ev.de\" target=\"_blank\" rel=\"noopener\">fhxb-berlin@fuss-ev.de<\/a>[\/vc_column_text][\/vc_column_inner][\/vc_row_inner][\/vc_column][\/vc_row]<\/p>\n<\/div>","protected":false},"excerpt":{"rendered":"<p>[vc_row][vc_column width=&#8221;1\/6&#8243;][vc_row_inner][vc_column_inner][vc_btn title=&#8221;Startseite&#8221; shape=&#8221;square&#8221; size=&#8221;sm&#8221; align=&#8221;center&#8221; i_icon_fontawesome=&#8221;fa fa-solid fa-house&#8221; css=&#8221;&#8221; button_block=&#8221;true&#8221; add_icon=&#8221;true&#8221; link=&#8221;url:https%3A%2F%2Fwww.fuss-ev.de%2Fberlin%2Fbezirke%2Ffriedrichshain-kreuzberg%2F|title:Friedrichshain-Kreuzberg&#8221;][vc_btn title=&#8221;Aktuelles&#8221; size=&#8221;sm&#8221; align=&#8221;center&#8221; i_icon_fontawesome=&#8221;fa fa-solid fa-newspaper&#8221; css=&#8221;&#8221; button_block=&#8221;true&#8221; add_icon=&#8221;true&#8221; link=&#8221;url:https%3A%2F%2Fwww.fuss-ev.de%2Fberlin%2Fbezirke%2Ffriedrichshain-kreuzberg%2Faktuelles%2F|title:Aktuelles%20aus%20Friedrichshain-Kreuzberg&#8221;][vc_btn title=&#8221;Termine&#8221; size=&#8221;sm&#8221; align=&#8221;center&#8221; i_icon_fontawesome=&#8221;fa fa-solid fa-calendar-days&#8221; css=&#8221;&#8221; button_block=&#8221;true&#8221; add_icon=&#8221;true&#8221; link=&#8221;url:https%3A%2F%2Fwww.fuss-ev.de%2Fberlin%2Fbezirke%2Ffriedrichshain-kreuzberg%2Ftermine%2F|title:Termine%20aus%20Friedrichshain-Kreuzberg&#8221;][\/vc_column_inner][\/vc_row_inner][\/vc_column][vc_column width=&#8221;2\/3&#8243;][vc_column_text css=&#8221;&#8221;] [&hellip;]<\/p>\n","protected":false},"author":32,"featured_media":4725,"parent":4666,"menu_order":1,"comment_status":"closed","ping_status":"closed","template":"","meta":{"_acf_changed":false,"_relevanssi_hide_post":"","_relevanssi_hide_content":"","_relevanssi_pin_for_all":"","_relevanssi_pin_keywords":"","_relevanssi_unpin_keywords":"","_relevanssi_related_keywords":"","_relevanssi_related_include_ids":"","_relevanssi_related_exclude_ids":"","_relevanssi_related_no_append":"","_relevanssi_related_not_related":"","_relevanssi_related_posts":"","_relevanssi_noindex_reason":"","footnotes":""},"class_list":["post-4677","page","type-page","status-publish","has-post-thumbnail","hentry"],"acf":[],"yoast_head":"<!-- This site is optimized with the Yoast SEO plugin v27.4 - https:\/\/yoast.com\/product\/yoast-seo-wordpress\/ -->\n<title>Friedrichshain-Kreuzberg - Berlin - FUSS e.V.<\/title>\n<meta name=\"description\" content=\"Infos zur Ortsgruppe FUSS e.V. Friedrichshain-Kreuzberg: Aktuelle Aktivit\u00e4ten, Themen rund um den Fu\u00dfverkehr im Bezirk und Hinweise zu unseren n\u00e4chsten Treffen.\" \/>\n<meta name=\"robots\" content=\"index, follow, max-snippet:-1, max-image-preview:large, max-video-preview:-1\" \/>\n<link rel=\"canonical\" href=\"https:\/\/www.fuss-ev.de\/berlin\/bezirke\/friedrichshain-kreuzberg\/\" \/>\n<meta property=\"og:locale\" content=\"de_DE\" \/>\n<meta property=\"og:type\" content=\"article\" \/>\n<meta property=\"og:title\" content=\"Friedrichshain-Kreuzberg - Berlin - FUSS e.V.\" \/>\n<meta property=\"og:description\" content=\"Infos zur Ortsgruppe FUSS e.V. Friedrichshain-Kreuzberg: Aktuelle Aktivit\u00e4ten, Themen rund um den Fu\u00dfverkehr im Bezirk und Hinweise zu unseren n\u00e4chsten Treffen.\" \/>\n<meta property=\"og:url\" content=\"https:\/\/www.fuss-ev.de\/berlin\/bezirke\/friedrichshain-kreuzberg\/\" \/>\n<meta property=\"og:site_name\" content=\"Berlin - FUSS e.V.\" \/>\n<meta property=\"article:modified_time\" content=\"2026-04-06T13:40:43+00:00\" \/>\n<meta property=\"og:image\" content=\"https:\/\/www.fuss-ev.de\/berlin\/wp-content\/uploads\/sites\/6\/2025\/04\/dan-braga-WqNhZWeeOzM-unsplash-scaled-e1745936571281.jpg\" \/>\n\t<meta property=\"og:image:width\" content=\"2560\" \/>\n\t<meta property=\"og:image:height\" content=\"853\" \/>\n\t<meta property=\"og:image:type\" content=\"image\/jpeg\" \/>\n<meta name=\"twitter:card\" content=\"summary_large_image\" \/>\n<meta name=\"twitter:label1\" content=\"Gesch\u00e4tzte Lesezeit\" \/>\n\t<meta name=\"twitter:data1\" content=\"1\u00a0Minute\" \/>\n<script type=\"application\/ld+json\" class=\"yoast-schema-graph\">{\"@context\":\"https:\\\/\\\/schema.org\",\"@graph\":[{\"@type\":\"WebPage\",\"@id\":\"https:\\\/\\\/www.fuss-ev.de\\\/berlin\\\/bezirke\\\/friedrichshain-kreuzberg\\\/\",\"url\":\"https:\\\/\\\/www.fuss-ev.de\\\/berlin\\\/bezirke\\\/friedrichshain-kreuzberg\\\/\",\"name\":\"Friedrichshain-Kreuzberg - Berlin - FUSS e.V.\",\"isPartOf\":{\"@id\":\"https:\\\/\\\/www.fuss-ev.de\\\/berlin\\\/#website\"},\"primaryImageOfPage\":{\"@id\":\"https:\\\/\\\/www.fuss-ev.de\\\/berlin\\\/bezirke\\\/friedrichshain-kreuzberg\\\/#primaryimage\"},\"image\":{\"@id\":\"https:\\\/\\\/www.fuss-ev.de\\\/berlin\\\/bezirke\\\/friedrichshain-kreuzberg\\\/#primaryimage\"},\"thumbnailUrl\":\"https:\\\/\\\/www.fuss-ev.de\\\/berlin\\\/wp-content\\\/uploads\\\/sites\\\/6\\\/2025\\\/04\\\/dan-braga-WqNhZWeeOzM-unsplash-scaled-e1745936571281.jpg\",\"datePublished\":\"2025-04-22T10:37:13+00:00\",\"dateModified\":\"2026-04-06T13:40:43+00:00\",\"description\":\"Infos zur Ortsgruppe FUSS e.V. Friedrichshain-Kreuzberg: Aktuelle Aktivit\u00e4ten, Themen rund um den Fu\u00dfverkehr im Bezirk und Hinweise zu unseren n\u00e4chsten Treffen.\",\"breadcrumb\":{\"@id\":\"https:\\\/\\\/www.fuss-ev.de\\\/berlin\\\/bezirke\\\/friedrichshain-kreuzberg\\\/#breadcrumb\"},\"inLanguage\":\"de\",\"potentialAction\":[{\"@type\":\"ReadAction\",\"target\":[\"https:\\\/\\\/www.fuss-ev.de\\\/berlin\\\/bezirke\\\/friedrichshain-kreuzberg\\\/\"]}]},{\"@type\":\"ImageObject\",\"inLanguage\":\"de\",\"@id\":\"https:\\\/\\\/www.fuss-ev.de\\\/berlin\\\/bezirke\\\/friedrichshain-kreuzberg\\\/#primaryimage\",\"url\":\"https:\\\/\\\/www.fuss-ev.de\\\/berlin\\\/wp-content\\\/uploads\\\/sites\\\/6\\\/2025\\\/04\\\/dan-braga-WqNhZWeeOzM-unsplash-scaled-e1745936571281.jpg\",\"contentUrl\":\"https:\\\/\\\/www.fuss-ev.de\\\/berlin\\\/wp-content\\\/uploads\\\/sites\\\/6\\\/2025\\\/04\\\/dan-braga-WqNhZWeeOzM-unsplash-scaled-e1745936571281.jpg\",\"width\":2560,\"height\":853,\"caption\":\"Oberbaumbruecke\"},{\"@type\":\"BreadcrumbList\",\"@id\":\"https:\\\/\\\/www.fuss-ev.de\\\/berlin\\\/bezirke\\\/friedrichshain-kreuzberg\\\/#breadcrumb\",\"itemListElement\":[{\"@type\":\"ListItem\",\"position\":1,\"name\":\"Startseite\",\"item\":\"https:\\\/\\\/www.fuss-ev.de\\\/berlin\\\/\"},{\"@type\":\"ListItem\",\"position\":2,\"name\":\"Bezirksgruppen\",\"item\":\"https:\\\/\\\/www.fuss-ev.de\\\/berlin\\\/bezirke\\\/\"},{\"@type\":\"ListItem\",\"position\":3,\"name\":\"Friedrichshain-Kreuzberg\"}]},{\"@type\":\"WebSite\",\"@id\":\"https:\\\/\\\/www.fuss-ev.de\\\/berlin\\\/#website\",\"url\":\"https:\\\/\\\/www.fuss-ev.de\\\/berlin\\\/\",\"name\":\"Berlin - FUSS e.V.\",\"description\":\"\",\"publisher\":{\"@id\":\"https:\\\/\\\/www.fuss-ev.de\\\/berlin\\\/#organization\"},\"potentialAction\":[{\"@type\":\"SearchAction\",\"target\":{\"@type\":\"EntryPoint\",\"urlTemplate\":\"https:\\\/\\\/www.fuss-ev.de\\\/berlin\\\/?s={search_term_string}\"},\"query-input\":{\"@type\":\"PropertyValueSpecification\",\"valueRequired\":true,\"valueName\":\"search_term_string\"}}],\"inLanguage\":\"de\"},{\"@type\":\"Organization\",\"@id\":\"https:\\\/\\\/www.fuss-ev.de\\\/berlin\\\/#organization\",\"name\":\"Berlin - FUSS e.V.\",\"url\":\"https:\\\/\\\/www.fuss-ev.de\\\/berlin\\\/\",\"logo\":{\"@type\":\"ImageObject\",\"inLanguage\":\"de\",\"@id\":\"https:\\\/\\\/www.fuss-ev.de\\\/berlin\\\/#\\\/schema\\\/logo\\\/image\\\/\",\"url\":\"https:\\\/\\\/www.fuss-ev.de\\\/berlin\\\/wp-content\\\/uploads\\\/sites\\\/6\\\/2025\\\/01\\\/FUSS_Logo.jpg\",\"contentUrl\":\"https:\\\/\\\/www.fuss-ev.de\\\/berlin\\\/wp-content\\\/uploads\\\/sites\\\/6\\\/2025\\\/01\\\/FUSS_Logo.jpg\",\"width\":2082,\"height\":979,\"caption\":\"Berlin - FUSS e.V.\"},\"image\":{\"@id\":\"https:\\\/\\\/www.fuss-ev.de\\\/berlin\\\/#\\\/schema\\\/logo\\\/image\\\/\"},\"sameAs\":[\"https:\\\/\\\/www.instagram.com\\\/fuss.berlin\\\/\"]}]}<\/script>\n<!-- \/ Yoast SEO plugin. -->","yoast_head_json":{"title":"Friedrichshain-Kreuzberg - Berlin - FUSS e.V.","description":"Infos zur Ortsgruppe FUSS e.V. Friedrichshain-Kreuzberg: Aktuelle Aktivit\u00e4ten, Themen rund um den Fu\u00dfverkehr im Bezirk und Hinweise zu unseren n\u00e4chsten Treffen.","robots":{"index":"index","follow":"follow","max-snippet":"max-snippet:-1","max-image-preview":"max-image-preview:large","max-video-preview":"max-video-preview:-1"},"canonical":"https:\/\/www.fuss-ev.de\/berlin\/bezirke\/friedrichshain-kreuzberg\/","og_locale":"de_DE","og_type":"article","og_title":"Friedrichshain-Kreuzberg - Berlin - FUSS e.V.","og_description":"Infos zur Ortsgruppe FUSS e.V. Friedrichshain-Kreuzberg: Aktuelle Aktivit\u00e4ten, Themen rund um den Fu\u00dfverkehr im Bezirk und Hinweise zu unseren n\u00e4chsten Treffen.","og_url":"https:\/\/www.fuss-ev.de\/berlin\/bezirke\/friedrichshain-kreuzberg\/","og_site_name":"Berlin - FUSS e.V.","article_modified_time":"2026-04-06T13:40:43+00:00","og_image":[{"width":2560,"height":853,"url":"https:\/\/www.fuss-ev.de\/berlin\/wp-content\/uploads\/sites\/6\/2025\/04\/dan-braga-WqNhZWeeOzM-unsplash-scaled-e1745936571281.jpg","type":"image\/jpeg"}],"twitter_card":"summary_large_image","twitter_misc":{"Gesch\u00e4tzte Lesezeit":"1\u00a0Minute"},"schema":{"@context":"https:\/\/schema.org","@graph":[{"@type":"WebPage","@id":"https:\/\/www.fuss-ev.de\/berlin\/bezirke\/friedrichshain-kreuzberg\/","url":"https:\/\/www.fuss-ev.de\/berlin\/bezirke\/friedrichshain-kreuzberg\/","name":"Friedrichshain-Kreuzberg - Berlin - FUSS e.V.","isPartOf":{"@id":"https:\/\/www.fuss-ev.de\/berlin\/#website"},"primaryImageOfPage":{"@id":"https:\/\/www.fuss-ev.de\/berlin\/bezirke\/friedrichshain-kreuzberg\/#primaryimage"},"image":{"@id":"https:\/\/www.fuss-ev.de\/berlin\/bezirke\/friedrichshain-kreuzberg\/#primaryimage"},"thumbnailUrl":"https:\/\/www.fuss-ev.de\/berlin\/wp-content\/uploads\/sites\/6\/2025\/04\/dan-braga-WqNhZWeeOzM-unsplash-scaled-e1745936571281.jpg","datePublished":"2025-04-22T10:37:13+00:00","dateModified":"2026-04-06T13:40:43+00:00","description":"Infos zur Ortsgruppe FUSS e.V. Friedrichshain-Kreuzberg: Aktuelle Aktivit\u00e4ten, Themen rund um den Fu\u00dfverkehr im Bezirk und Hinweise zu unseren n\u00e4chsten Treffen.","breadcrumb":{"@id":"https:\/\/www.fuss-ev.de\/berlin\/bezirke\/friedrichshain-kreuzberg\/#breadcrumb"},"inLanguage":"de","potentialAction":[{"@type":"ReadAction","target":["https:\/\/www.fuss-ev.de\/berlin\/bezirke\/friedrichshain-kreuzberg\/"]}]},{"@type":"ImageObject","inLanguage":"de","@id":"https:\/\/www.fuss-ev.de\/berlin\/bezirke\/friedrichshain-kreuzberg\/#primaryimage","url":"https:\/\/www.fuss-ev.de\/berlin\/wp-content\/uploads\/sites\/6\/2025\/04\/dan-braga-WqNhZWeeOzM-unsplash-scaled-e1745936571281.jpg","contentUrl":"https:\/\/www.fuss-ev.de\/berlin\/wp-content\/uploads\/sites\/6\/2025\/04\/dan-braga-WqNhZWeeOzM-unsplash-scaled-e1745936571281.jpg","width":2560,"height":853,"caption":"Oberbaumbruecke"},{"@type":"BreadcrumbList","@id":"https:\/\/www.fuss-ev.de\/berlin\/bezirke\/friedrichshain-kreuzberg\/#breadcrumb","itemListElement":[{"@type":"ListItem","position":1,"name":"Startseite","item":"https:\/\/www.fuss-ev.de\/berlin\/"},{"@type":"ListItem","position":2,"name":"Bezirksgruppen","item":"https:\/\/www.fuss-ev.de\/berlin\/bezirke\/"},{"@type":"ListItem","position":3,"name":"Friedrichshain-Kreuzberg"}]},{"@type":"WebSite","@id":"https:\/\/www.fuss-ev.de\/berlin\/#website","url":"https:\/\/www.fuss-ev.de\/berlin\/","name":"Berlin - FUSS e.V.","description":"","publisher":{"@id":"https:\/\/www.fuss-ev.de\/berlin\/#organization"},"potentialAction":[{"@type":"SearchAction","target":{"@type":"EntryPoint","urlTemplate":"https:\/\/www.fuss-ev.de\/berlin\/?s={search_term_string}"},"query-input":{"@type":"PropertyValueSpecification","valueRequired":true,"valueName":"search_term_string"}}],"inLanguage":"de"},{"@type":"Organization","@id":"https:\/\/www.fuss-ev.de\/berlin\/#organization","name":"Berlin - FUSS e.V.","url":"https:\/\/www.fuss-ev.de\/berlin\/","logo":{"@type":"ImageObject","inLanguage":"de","@id":"https:\/\/www.fuss-ev.de\/berlin\/#\/schema\/logo\/image\/","url":"https:\/\/www.fuss-ev.de\/berlin\/wp-content\/uploads\/sites\/6\/2025\/01\/FUSS_Logo.jpg","contentUrl":"https:\/\/www.fuss-ev.de\/berlin\/wp-content\/uploads\/sites\/6\/2025\/01\/FUSS_Logo.jpg","width":2082,"height":979,"caption":"Berlin - FUSS e.V."},"image":{"@id":"https:\/\/www.fuss-ev.de\/berlin\/#\/schema\/logo\/image\/"},"sameAs":["https:\/\/www.instagram.com\/fuss.berlin\/"]}]}},"publishpress_future_action":{"enabled":false,"date":"2026-05-07 16:38:47","action":"change-status","newStatus":"draft","terms":[],"taxonomy":"","extraData":[]},"publishpress_future_workflow_manual_trigger":{"enabledWorkflows":[]},"_links":{"self":[{"href":"https:\/\/www.fuss-ev.de\/berlin\/wp-json\/wp\/v2\/pages\/4677","targetHints":{"allow":["GET"]}}],"collection":[{"href":"https:\/\/www.fuss-ev.de\/berlin\/wp-json\/wp\/v2\/pages"}],"about":[{"href":"https:\/\/www.fuss-ev.de\/berlin\/wp-json\/wp\/v2\/types\/page"}],"author":[{"embeddable":true,"href":"https:\/\/www.fuss-ev.de\/berlin\/wp-json\/wp\/v2\/users\/32"}],"replies":[{"embeddable":true,"href":"https:\/\/www.fuss-ev.de\/berlin\/wp-json\/wp\/v2\/comments?post=4677"}],"version-history":[{"count":41,"href":"https:\/\/www.fuss-ev.de\/berlin\/wp-json\/wp\/v2\/pages\/4677\/revisions"}],"predecessor-version":[{"id":5907,"href":"https:\/\/www.fuss-ev.de\/berlin\/wp-json\/wp\/v2\/pages\/4677\/revisions\/5907"}],"up":[{"embeddable":true,"href":"https:\/\/www.fuss-ev.de\/berlin\/wp-json\/wp\/v2\/pages\/4666"}],"wp:featuredmedia":[{"embeddable":true,"href":"https:\/\/www.fuss-ev.de\/berlin\/wp-json\/wp\/v2\/media\/4725"}],"wp:attachment":[{"href":"https:\/\/www.fuss-ev.de\/berlin\/wp-json\/wp\/v2\/media?parent=4677"}],"curies":[{"name":"wp","href":"https:\/\/api.w.org\/{rel}","templated":true}]}}